{"id":969,"date":"2020-04-21T10:53:39","date_gmt":"2020-04-21T08:53:39","guid":{"rendered":"http:\/\/evajor.com\/?page_id=969"},"modified":"2020-04-21T10:53:39","modified_gmt":"2020-04-21T08:53:39","slug":"nous-valors-cadastrals-2","status":"publish","type":"page","link":"https:\/\/evajor.com\/ca\/nous-valors-cadastrals-2\/","title":{"rendered":"Nous valors cadastrals"},"content":{"rendered":"<p>[vc_row full_width=&#8221;stretch_row&#8221; content_placement=&#8221;middle&#8221; parallax=&#8221;content-moving&#8221; parallax_image=&#8221;248&#8243; css=&#8221;.vc_custom_1510336535917{padding-top: 60px !important;padding-bottom: 60px !important;}&#8221;][vc_column][vc_column_text]<\/p>\n<h1><span style=\"color: #ffffff;\">Nous valors cadastrals per 2018<\/span><\/h1>\n<p>[\/vc_column_text][vc_column_text]<span style=\"color: #ffffff;\">La Ger\u00e8ncia del Cadastre de Barcelona est\u00e0 notificant a tots els propietaris amb immobles en el municipi de Barcelona el nou valor cadastral que produir\u00e0 efectes a partir de l\u2019exercici 2018.<\/span>[\/vc_column_text][\/vc_column][\/vc_row][vc_row][vc_column][vc_column_text]<\/p>\n<p>[\/vc_column_text][vc_single_image image=&#8221;226&#8243; img_size=&#8221;1200&#215;190&#8243; el_class=&#8221;img-full&#8221;][\/vc_column][\/vc_row][vc_row][vc_column][vc_column_text]Han de saber que el valor cadastral d&#8217;un immoble t\u00e9 gran transcend\u00e8ncia en la nostra economia, ja que l&#8217;Administraci\u00f3 utilitza aquest valor per a calcular i aplicar l&#8217;Impost de B\u00e9ns Immobles (IBI), l&#8217;Impost sobre l&#8217;Increment de Valor de Terrenys de Naturalesa Urbana (Plusv\u00e0lua), Impost sobre Transmissions Patrimonials i Actes Jur\u00eddics Documentats (ITPAJD), Impost de Successions i Donacions (ISD), Impost d&#8217;Activitats Econ\u00f2miques (IAE), Impost sobre la Renda de les Persones F\u00edsiques (IRPF), Impost sobre el Patrimoni (IP) , &#8230;[\/vc_column_text][\/vc_column][\/vc_row][vc_row css=&#8221;.vc_custom_1510094773353{padding-right: 20px !important;padding-left: 20px !important;background-color: #e5e5e5 !important;border-radius: 15px !important;}&#8221;][vc_column][vc_column_text]La nova valoraci\u00f3 cadastral pot emmalaltir d&#8217;errors t\u00e8cnics o jur\u00eddics, que poden corregir-se mitjan\u00e7ant la corresponent reclamaci\u00f3 que s&#8217;ha d&#8217;efectuar en el termini d&#8217;un mes des de la recepci\u00f3 de la notificaci\u00f3.<\/p>\n<p>\u00c9s important que no accedeixi amb el codi de verificaci\u00f3 de la notificaci\u00f3, fins a no tenir un estudi previ de la possible exist\u00e8ncia d&#8217;aquests errors.[\/vc_column_text][\/vc_column][\/vc_row][vc_row][vc_column][vc_column_text]<\/p>\n<h2 style=\"text-align: center;\">Creu que hi ha un error en el nou valor cadastral assignat?<\/h2>\n<p>[\/vc_column_text][vc_column_text]Faci\u2019ns arribar la\u00a0notificaci\u00f3 que ha rebut, l&#8217;escriptura de propietat, l&#8217;escriptura de divisi\u00f3 horitzontal\u00a0(en cas de reclamaci\u00f3 conjunta, per diversos membres d&#8217;una comunitat de propietaris, i \/ o si disposa d&#8217;ella) i l&#8217;\u00faltim rebut de l&#8217;Impost de B\u00e9ns immobles (IBI) a <span style=\"color: #008000;\">abogados@evajor.com<\/span> o sol\u00b7liciti cita pr\u00e8via al <span style=\"color: #008000;\">933 512 728<\/span>.<\/p>\n<p>Revisarem l&#8217;exist\u00e8ncia d&#8217;aquests errors i, en el cas de trobar-los, li farem un pressupost personalitzat per a la seva reclamaci\u00f3.[\/vc_column_text][\/vc_column][\/vc_row]<\/p>\n","protected":false},"excerpt":{"rendered":"<p>[vc_row full_width=&#8221;stretch_row&#8221; content_placement=&#8221;middle&#8221; parallax=&#8221;content-moving&#8221; parallax_image=&#8221;248&#8243; css=&#8221;.vc_custom_1510336535917{padding-top: 60px !important;padding-bottom: 60px !important;}&#8221;][vc_column][vc_column_text] Nous valors cadastrals per 2018 [\/vc_column_text][vc_column_text]La Ger\u00e8ncia del Cadastre de Barcelona est\u00e0 notificant a tots els propietaris amb immobles en el municipi de Barcelona el nou valor cadastral que produir\u00e0 efectes a partir de l\u2019exercici 2018.[\/vc_column_text][\/vc_column][\/vc_row][vc_row][vc_column][vc_column_text] [\/vc_column_text][vc_single_image image=&#8221;226&#8243; img_size=&#8221;1200&#215;190&#8243; el_class=&#8221;img-full&#8221;][\/vc_column][\/vc_row][vc_row][vc_column][vc_column_text]Han de saber que el valor cadastral d&#8217;un immoble t\u00e9 gran transcend\u00e8ncia en la nostra &#8230;<\/p>\n","protected":false},"author":6,"featured_media":0,"parent":0,"menu_order":0,"comment_status":"closed","ping_status":"closed","template":"","meta":{"_joinchat":[],"footnotes":""},"class_list":["post-969","page","type-page","status-publish","hentry"],"yoast_head":"<!-- This site is optimized with the Yoast SEO plugin v17.9 - https:\/\/yoast.com\/wordpress\/plugins\/seo\/ -->\n<meta name=\"robots\" content=\"index, follow, max-snippet:-1, max-image-preview:large, max-video-preview:-1\" \/>\n<link rel=\"canonical\" href=\"https:\/\/evajor.com\/ca\/nous-valors-cadastrals-2\/\" \/>\n<meta property=\"og:locale\" content=\"ca_ES\" \/>\n<meta property=\"og:type\" content=\"article\" \/>\n<meta property=\"og:title\" content=\"Nous valors cadastrals - Evajor - Abogados &amp; Administradores de Fincas en Barcelona\" \/>\n<meta property=\"og:description\" content=\"[vc_row full_width=&#8221;stretch_row&#8221; content_placement=&#8221;middle&#8221; parallax=&#8221;content-moving&#8221; parallax_image=&#8221;248&#8243; css=&#8221;.vc_custom_1510336535917{padding-top: 60px !important;padding-bottom: 60px !important;}&#8221;][vc_column][vc_column_text] Nous valors cadastrals per 2018 [\/vc_column_text][vc_column_text]La Ger\u00e8ncia del Cadastre de Barcelona est\u00e0 notificant a tots els propietaris amb immobles en el municipi de Barcelona el nou valor cadastral que produir\u00e0 efectes a partir de l\u2019exercici 2018.[\/vc_column_text][\/vc_column][\/vc_row][vc_row][vc_column][vc_column_text] [\/vc_column_text][vc_single_image image=&#8221;226&#8243; img_size=&#8221;1200&#215;190&#8243; el_class=&#8221;img-full&#8221;][\/vc_column][\/vc_row][vc_row][vc_column][vc_column_text]Han de saber que el valor cadastral d&#8217;un immoble t\u00e9 gran transcend\u00e8ncia en la nostra ...\" \/>\n<meta property=\"og:url\" content=\"https:\/\/evajor.com\/ca\/nous-valors-cadastrals-2\/\" \/>\n<meta property=\"og:site_name\" content=\"Evajor - Abogados &amp; Administradores de Fincas en Barcelona\" \/>\n<meta name=\"twitter:card\" content=\"summary_large_image\" \/>\n<meta name=\"twitter:label1\" content=\"Temps estimat de lectura\" \/>\n\t<meta name=\"twitter:data1\" content=\"2 minuts\" \/>\n<script type=\"application\/ld+json\" class=\"yoast-schema-graph\">{\"@context\":\"https:\/\/schema.org\",\"@graph\":[{\"@type\":\"WebSite\",\"@id\":\"https:\/\/evajor.com\/#website\",\"url\":\"https:\/\/evajor.com\/\",\"name\":\"Evajor - Abogados &amp; Administradores de Fincas en Barcelona\",\"description\":\"En Evajor nacimos con la vocaci\\u00f3n de servicio al cliente y, hoy en d\\u00eda, encontrar soluciones a medida es nuestra mejor carta de presentaci\\u00f3n.\",\"potentialAction\":[{\"@type\":\"SearchAction\",\"target\":{\"@type\":\"EntryPoint\",\"urlTemplate\":\"https:\/\/evajor.com\/?s={search_term_string}\"},\"query-input\":\"required name=search_term_string\"}],\"inLanguage\":\"ca\"},{\"@type\":\"WebPage\",\"@id\":\"https:\/\/evajor.com\/ca\/nous-valors-cadastrals-2\/#webpage\",\"url\":\"https:\/\/evajor.com\/ca\/nous-valors-cadastrals-2\/\",\"name\":\"Nous valors cadastrals - Evajor - Abogados &amp; Administradores de Fincas en Barcelona\",\"isPartOf\":{\"@id\":\"https:\/\/evajor.com\/#website\"},\"datePublished\":\"2020-04-21T08:53:39+00:00\",\"dateModified\":\"2020-04-21T08:53:39+00:00\",\"breadcrumb\":{\"@id\":\"https:\/\/evajor.com\/ca\/nous-valors-cadastrals-2\/#breadcrumb\"},\"inLanguage\":\"ca\",\"potentialAction\":[{\"@type\":\"ReadAction\",\"target\":[\"https:\/\/evajor.com\/ca\/nous-valors-cadastrals-2\/\"]}]},{\"@type\":\"BreadcrumbList\",\"@id\":\"https:\/\/evajor.com\/ca\/nous-valors-cadastrals-2\/#breadcrumb\",\"itemListElement\":[{\"@type\":\"ListItem\",\"position\":1,\"name\":\"Portada\",\"item\":\"https:\/\/evajor.com\/ca\/\"},{\"@type\":\"ListItem\",\"position\":2,\"name\":\"Nous valors cadastrals\"}]}]}<\/script>\n<!-- \/ Yoast SEO plugin. -->","yoast_head_json":{"robots":{"index":"index","follow":"follow","max-snippet":"max-snippet:-1","max-image-preview":"max-image-preview:large","max-video-preview":"max-video-preview:-1"},"canonical":"https:\/\/evajor.com\/ca\/nous-valors-cadastrals-2\/","og_locale":"ca_ES","og_type":"article","og_title":"Nous valors cadastrals - Evajor - Abogados &amp; Administradores de Fincas en Barcelona","og_description":"[vc_row full_width=&#8221;stretch_row&#8221; content_placement=&#8221;middle&#8221; parallax=&#8221;content-moving&#8221; parallax_image=&#8221;248&#8243; css=&#8221;.vc_custom_1510336535917{padding-top: 60px !important;padding-bottom: 60px !important;}&#8221;][vc_column][vc_column_text] Nous valors cadastrals per 2018 [\/vc_column_text][vc_column_text]La Ger\u00e8ncia del Cadastre de Barcelona est\u00e0 notificant a tots els propietaris amb immobles en el municipi de Barcelona el nou valor cadastral que produir\u00e0 efectes a partir de l\u2019exercici 2018.[\/vc_column_text][\/vc_column][\/vc_row][vc_row][vc_column][vc_column_text] [\/vc_column_text][vc_single_image image=&#8221;226&#8243; img_size=&#8221;1200&#215;190&#8243; el_class=&#8221;img-full&#8221;][\/vc_column][\/vc_row][vc_row][vc_column][vc_column_text]Han de saber que el valor cadastral d&#8217;un immoble t\u00e9 gran transcend\u00e8ncia en la nostra ...","og_url":"https:\/\/evajor.com\/ca\/nous-valors-cadastrals-2\/","og_site_name":"Evajor - Abogados &amp; Administradores de Fincas en Barcelona","twitter_card":"summary_large_image","twitter_misc":{"Temps estimat de lectura":"2 minuts"},"schema":{"@context":"https:\/\/schema.org","@graph":[{"@type":"WebSite","@id":"https:\/\/evajor.com\/#website","url":"https:\/\/evajor.com\/","name":"Evajor - Abogados &amp; Administradores de Fincas en Barcelona","description":"En Evajor nacimos con la vocaci\u00f3n de servicio al cliente y, hoy en d\u00eda, encontrar soluciones a medida es nuestra mejor carta de presentaci\u00f3n.","potentialAction":[{"@type":"SearchAction","target":{"@type":"EntryPoint","urlTemplate":"https:\/\/evajor.com\/?s={search_term_string}"},"query-input":"required name=search_term_string"}],"inLanguage":"ca"},{"@type":"WebPage","@id":"https:\/\/evajor.com\/ca\/nous-valors-cadastrals-2\/#webpage","url":"https:\/\/evajor.com\/ca\/nous-valors-cadastrals-2\/","name":"Nous valors cadastrals - Evajor - Abogados &amp; Administradores de Fincas en Barcelona","isPartOf":{"@id":"https:\/\/evajor.com\/#website"},"datePublished":"2020-04-21T08:53:39+00:00","dateModified":"2020-04-21T08:53:39+00:00","breadcrumb":{"@id":"https:\/\/evajor.com\/ca\/nous-valors-cadastrals-2\/#breadcrumb"},"inLanguage":"ca","potentialAction":[{"@type":"ReadAction","target":["https:\/\/evajor.com\/ca\/nous-valors-cadastrals-2\/"]}]},{"@type":"BreadcrumbList","@id":"https:\/\/evajor.com\/ca\/nous-valors-cadastrals-2\/#breadcrumb","itemListElement":[{"@type":"ListItem","position":1,"name":"Portada","item":"https:\/\/evajor.com\/ca\/"},{"@type":"ListItem","position":2,"name":"Nous valors cadastrals"}]}]}},"_links":{"self":[{"href":"https:\/\/evajor.com\/ca\/wp-json\/wp\/v2\/pages\/969\/"}],"collection":[{"href":"https:\/\/evajor.com\/ca\/wp-json\/wp\/v2\/pages\/"}],"about":[{"href":"https:\/\/evajor.com\/ca\/wp-json\/wp\/v2\/types\/page\/"}],"author":[{"embeddable":true,"href":"https:\/\/evajor.com\/ca\/wp-json\/wp\/v2\/users\/6\/"}],"replies":[{"embeddable":true,"href":"https:\/\/evajor.com\/ca\/wp-json\/wp\/v2\/comments\/?post=969"}],"version-history":[{"count":1,"href":"https:\/\/evajor.com\/ca\/wp-json\/wp\/v2\/pages\/969\/revisions\/"}],"predecessor-version":[{"id":2365,"href":"https:\/\/evajor.com\/ca\/wp-json\/wp\/v2\/pages\/969\/revisions\/2365\/"}],"wp:attachment":[{"href":"https:\/\/evajor.com\/ca\/wp-json\/wp\/v2\/media\/?parent=969"}],"curies":[{"name":"wp","href":"https:\/\/api.w.org\/{rel}","templated":true}]}}