{"id":878,"date":"2018-03-27T08:31:54","date_gmt":"2018-03-27T08:31:54","guid":{"rendered":"http:\/\/evajor.com\/?page_id=878"},"modified":"2020-04-20T11:48:35","modified_gmt":"2020-04-20T09:48:35","slug":"administracio-dimmobles","status":"publish","type":"page","link":"https:\/\/evajor.com\/ca\/administracio-dimmobles\/","title":{"rendered":"Administraci\u00f3 d\u2019immobles"},"content":{"rendered":"<p>[vc_row full_width=&#8221;stretch_row&#8221; parallax=&#8221;content-moving&#8221; parallax_image=&#8221;314&#8243; css=&#8221;.vc_custom_1512371573759{padding-top: 60px !important;padding-bottom: 60px !important;}&#8221;][vc_column][vc_custom_heading text=&#8221;Administraci\u00f3 d\u2019immobles&#8221; font_container=&#8221;tag:h2|text_align:center|color:%23ffffff&#8221; use_theme_fonts=&#8221;yes&#8221; css_animation=&#8221;fadeInDown&#8221;][vc_separator color=&#8221;green&#8221; el_width=&#8221;20&#8243; css_animation=&#8221;fadeInUp&#8221;][vc_column_text]<\/p>\n<p style=\"text-align: center;\"><span style=\"color: #ffffff;\">EVAJOR es dedica, entre d\u2019altres serveis, a la comercialitzaci\u00f3 d\u2019actius, la gesti\u00f3 de patrimonis i l\u2019assessoria jur\u00eddica, la qual cosa ens permet oferir una gesti\u00f3 i assessorament global en l\u2019administraci\u00f3 de comunitat de propietaris que ens ofereixen la seva confian\u00e7a..<\/span><\/p>\n<p>[\/vc_column_text][\/vc_column][\/vc_row][vc_row full_width=&#8221;stretch_row_content&#8221; equal_height=&#8221;yes&#8221; content_placement=&#8221;middle&#8221;][vc_column parallax=&#8221;content-moving&#8221; parallax_image=&#8221;2317&#8243; parallax_speed_bg=&#8221;1&#8243; width=&#8221;1\/2&#8243;][vc_empty_space height=&#8221;&#8221; el_class=&#8221;min-height-img&#8221;][\/vc_column][vc_column width=&#8221;1\/2&#8243; css=&#8221;.vc_custom_1507135591067{padding-top: 60px !important;padding-right: 5% !important;padding-bottom: 60px !important;padding-left: 5% !important;background-color: #f4f7f8 !important;}&#8221;][vc_column_text]La nostra gesti\u00f3 es porta a terme sota la supervisi\u00f3 de l&#8217;\u00d2rgan de Govern de la Comunitat i qualsevol canvi que s&#8217;efectu\u00ef, es realitzar\u00e0 amb la seva aprovaci\u00f3.<\/p>\n<p>A manera de resum els destaquem alguns dels serveis m\u00e9s rellevants de la nostra gesti\u00f3, d&#8217;acord amb els par\u00e0metres de la legislaci\u00f3 vigent, i basada en un comprom\u00eds de qualitat, professionalitat, comunicaci\u00f3 i sinceritat amb el client i una atenci\u00f3 especial al manteniment del valor de l&#8217;immoble.<br \/>\n[\/vc_column_text][\/vc_column][\/vc_row][vc_row full_width=&#8221;stretch_row_content&#8221; equal_height=&#8221;yes&#8221; content_placement=&#8221;middle&#8221; el_class=&#8221;inverted&#8221;][vc_column width=&#8221;1\/2&#8243; css=&#8221;.vc_custom_1507135591067{padding-top: 60px !important;padding-right: 5% !important;padding-bottom: 60px !important;padding-left: 5% !important;background-color: #f4f7f8 !important;}&#8221;][vc_column_text]Atenci\u00f3 telef\u00f2nica, per correu electr\u00f2nic o presencial de consultes relacionades amb la Comunitat de Propietaris.[\/vc_column_text]<div class=\" vc_custom_1522139728498 ult_buttons ubtn-ctn-left \"><a class=\"ubtn-link ult-adjust-bottom-margin ubtn-left ubtn-normal \"  rel='' href = \"#contact\" ><button type=\"button\" id=\"ubtn-8174\" class=\"ubtn ult-adjust-bottom-margin ult-responsive ubtn-normal ubtn-no-hover-bg  none  ubtn-left   tooltip-6a991f1f6f1ff\"  data-hover=\"\" data-border-color=\"\" data-bg=\"#23413a\" data-hover-bg=\"#2d5e47\" data-border-hover=\"\" data-shadow-hover=\"\" data-shadow-click=\"none\" data-shadow=\"\" data-shd-shadow=\"\"  data-ultimate-target='#ubtn-8174'  data-responsive-json-new='{\"font-size\":\"\",\"line-height\":\"\"}'  style=\"font-weight:normal;border:none;background: #23413a;color: #ffffff;\"><span class=\"ubtn-hover\" style=\"background-color:#2d5e47\"><\/span><span class=\"ubtn-data ubtn-text \" >CONTACTE<\/span><\/button><\/a><\/div>[\/vc_column][vc_column parallax=&#8221;content-moving&#8221; parallax_image=&#8221;2319&#8243; parallax_speed_bg=&#8221;1&#8243; width=&#8221;1\/2&#8243;][vc_empty_space height=&#8221;450px&#8221;][\/vc_column][\/vc_row][vc_row full_width=&#8221;stretch_row_content&#8221; equal_height=&#8221;yes&#8221; content_placement=&#8221;middle&#8221;][vc_column parallax=&#8221;content-moving&#8221; parallax_image=&#8221;267&#8243; parallax_speed_bg=&#8221;1&#8243; width=&#8221;1\/2&#8243;][vc_empty_space height=&#8221;450px&#8221;][\/vc_column][vc_column width=&#8221;1\/2&#8243; css=&#8221;.vc_custom_1507135591067{padding-top: 60px !important;padding-right: 5% !important;padding-bottom: 60px !important;padding-left: 5% !important;background-color: #f4f7f8 !important;}&#8221;][vc_column_text]Es realitzaran totes les funcions encomanades pels articles\u00a0<strong>553-17 i 553-18 del Llibre V del Codi Civil de Catalunya.<\/strong><\/p>\n<p><strong>\u00a0<\/strong>[\/vc_column_text]<div class=\" vc_custom_1522139742124 ult_buttons ubtn-ctn-left \"><a class=\"ubtn-link ult-adjust-bottom-margin ubtn-left ubtn-normal \"  rel='' href = \"#contact\" ><button type=\"button\" id=\"ubtn-4647\" class=\"ubtn ult-adjust-bottom-margin ult-responsive ubtn-normal ubtn-no-hover-bg  none  ubtn-left   tooltip-6a991f1f6f2f7\"  data-hover=\"\" data-border-color=\"\" data-bg=\"#23413a\" data-hover-bg=\"#2d5e47\" data-border-hover=\"\" data-shadow-hover=\"\" data-shadow-click=\"none\" data-shadow=\"\" data-shd-shadow=\"\"  data-ultimate-target='#ubtn-4647'  data-responsive-json-new='{\"font-size\":\"\",\"line-height\":\"\"}'  style=\"font-weight:normal;border:none;background: #23413a;color: #ffffff;\"><span class=\"ubtn-hover\" style=\"background-color:#2d5e47\"><\/span><span class=\"ubtn-data ubtn-text \" >CONTACTE<\/span><\/button><\/a><\/div>[\/vc_column][\/vc_row][vc_row full_width=&#8221;stretch_row_content&#8221; equal_height=&#8221;yes&#8221; content_placement=&#8221;middle&#8221; el_class=&#8221;inverted&#8221;][vc_column width=&#8221;1\/2&#8243; css=&#8221;.vc_custom_1507135591067{padding-top: 60px !important;padding-right: 5% !important;padding-bottom: 60px !important;padding-left: 5% !important;background-color: #f4f7f8 !important;}&#8221;][vc_column_text]Elaboraci\u00f3 de\u00a0<strong>pressupost de despeses i ingressos<\/strong>\u00a0de la Comunitat l&#8217;inici de cada exercici.[\/vc_column_text]<div class=\" vc_custom_1522139742124 ult_buttons ubtn-ctn-left \"><a class=\"ubtn-link ult-adjust-bottom-margin ubtn-left ubtn-normal \"  rel='' href = \"#contact\" ><button type=\"button\" id=\"ubtn-9620\" class=\"ubtn ult-adjust-bottom-margin ult-responsive ubtn-normal ubtn-no-hover-bg  none  ubtn-left   tooltip-6a991f1f6f366\"  data-hover=\"\" data-border-color=\"\" data-bg=\"#23413a\" data-hover-bg=\"#2d5e47\" data-border-hover=\"\" data-shadow-hover=\"\" data-shadow-click=\"none\" data-shadow=\"\" data-shd-shadow=\"\"  data-ultimate-target='#ubtn-9620'  data-responsive-json-new='{\"font-size\":\"\",\"line-height\":\"\"}'  style=\"font-weight:normal;border:none;background: #23413a;color: #ffffff;\"><span class=\"ubtn-hover\" style=\"background-color:#2d5e47\"><\/span><span class=\"ubtn-data ubtn-text \" >CONTACTE<\/span><\/button><\/a><\/div>[\/vc_column][vc_column parallax=&#8221;content-moving&#8221; parallax_image=&#8221;308&#8243; parallax_speed_bg=&#8221;1&#8243; width=&#8221;1\/2&#8243;][vc_empty_space height=&#8221;450px&#8221;][\/vc_column][\/vc_row][vc_row full_width=&#8221;stretch_row_content&#8221; equal_height=&#8221;yes&#8221; content_placement=&#8221;middle&#8221;][vc_column parallax=&#8221;content-moving&#8221; parallax_image=&#8221;417&#8243; width=&#8221;1\/2&#8243;][vc_empty_space height=&#8221;450px&#8221;][\/vc_column][vc_column width=&#8221;1\/2&#8243; css=&#8221;.vc_custom_1507135591067{padding-top: 60px !important;padding-right: 5% !important;padding-bottom: 60px !important;padding-left: 5% !important;background-color: #f4f7f8 !important;}&#8221;][vc_column_text]Convocat\u00f2ria de\u00a0<strong>reunions ordin\u00e0ries<\/strong>\u00a0i, si escau, extraordin\u00e0ries, assist\u00e8ncia a les mateixes, aixecament d&#8217;actes, notificacions als propietaris, arxiu i actualitzaci\u00f3 de la documentaci\u00f3 d&#8217;acord amb la normativa vigent, actuant com a secretari de la Comunitat.\u00a0Execuci\u00f3 i seguiment dels acords.[\/vc_column_text]<div class=\" vc_custom_1522139742124 ult_buttons ubtn-ctn-left \"><a class=\"ubtn-link ult-adjust-bottom-margin ubtn-left ubtn-normal \"  rel='' href = \"#contact\" ><button type=\"button\" id=\"ubtn-3556\" class=\"ubtn ult-adjust-bottom-margin ult-responsive ubtn-normal ubtn-no-hover-bg  none  ubtn-left   tooltip-6a991f1f6f3c7\"  data-hover=\"\" data-border-color=\"\" data-bg=\"#23413a\" data-hover-bg=\"#2d5e47\" data-border-hover=\"\" data-shadow-hover=\"\" data-shadow-click=\"none\" data-shadow=\"\" data-shd-shadow=\"\"  data-ultimate-target='#ubtn-3556'  data-responsive-json-new='{\"font-size\":\"\",\"line-height\":\"\"}'  style=\"font-weight:normal;border:none;background: #23413a;color: #ffffff;\"><span class=\"ubtn-hover\" style=\"background-color:#2d5e47\"><\/span><span class=\"ubtn-data ubtn-text \" >CONTACTE<\/span><\/button><\/a><\/div>[\/vc_column][\/vc_row][vc_row full_width=&#8221;stretch_row_content&#8221; equal_height=&#8221;yes&#8221; content_placement=&#8221;middle&#8221; el_class=&#8221;inverted&#8221;][vc_column width=&#8221;1\/2&#8243; css=&#8221;.vc_custom_1507135591067{padding-top: 60px !important;padding-right: 5% !important;padding-bottom: 60px !important;padding-left: 5% !important;background-color: #f4f7f8 !important;}&#8221;][vc_column_text]Manteniment de la finca, revisant els contractes que estiguin vigents i assessorant sobre possibles canvis (enllumenat, neteja, asseguran\u00e7a, ascensor, manteniment d&#8217;antena &#8230;).[\/vc_column_text]<div class=\" vc_custom_1522139742124 ult_buttons ubtn-ctn-left \"><a class=\"ubtn-link ult-adjust-bottom-margin ubtn-left ubtn-normal \"  rel='' href = \"#contact\" ><button type=\"button\" id=\"ubtn-8475\" class=\"ubtn ult-adjust-bottom-margin ult-responsive ubtn-normal ubtn-no-hover-bg  none  ubtn-left   tooltip-6a991f1f6f427\"  data-hover=\"\" data-border-color=\"\" data-bg=\"#23413a\" data-hover-bg=\"#2d5e47\" data-border-hover=\"\" data-shadow-hover=\"\" data-shadow-click=\"none\" data-shadow=\"\" data-shd-shadow=\"\"  data-ultimate-target='#ubtn-8475'  data-responsive-json-new='{\"font-size\":\"\",\"line-height\":\"\"}'  style=\"font-weight:normal;border:none;background: #23413a;color: #ffffff;\"><span class=\"ubtn-hover\" style=\"background-color:#2d5e47\"><\/span><span class=\"ubtn-data ubtn-text \" >CONTACTE<\/span><\/button><\/a><\/div>[\/vc_column][vc_column parallax=&#8221;content-moving&#8221; parallax_image=&#8221;420&#8243; parallax_speed_bg=&#8221;1&#8243; width=&#8221;1\/2&#8243;][vc_empty_space height=&#8221;450px&#8221;][\/vc_column][\/vc_row][vc_row full_width=&#8221;stretch_row_content&#8221; equal_height=&#8221;yes&#8221; content_placement=&#8221;middle&#8221;][vc_column parallax=&#8221;content-moving&#8221; parallax_image=&#8221;418&#8243; width=&#8221;1\/2&#8243;][vc_empty_space height=&#8221;450px&#8221;][\/vc_column][vc_column width=&#8221;1\/2&#8243; css=&#8221;.vc_custom_1507135591067{padding-top: 60px !important;padding-right: 5% !important;padding-bottom: 60px !important;padding-left: 5% !important;background-color: #f4f7f8 !important;}&#8221;][vc_column_text]Negociaci\u00f3 i contractaci\u00f3 de les diferents empreses de servei per a dur a terme les\u00a0<strong>obres necess\u00e0ries<\/strong>\u00a0per al manteniment de la finca, a m\u00e9s de l&#8217;assessorament i tramitaci\u00f3 de les ajudes que es puguin sol\u00b7licitar.[\/vc_column_text]<div class=\" vc_custom_1522139742124 ult_buttons ubtn-ctn-left \"><a class=\"ubtn-link ult-adjust-bottom-margin ubtn-left ubtn-normal \"  rel='' href = \"#contact\" ><button type=\"button\" id=\"ubtn-3963\" class=\"ubtn ult-adjust-bottom-margin ult-responsive ubtn-normal ubtn-no-hover-bg  none  ubtn-left   tooltip-6a991f1f6f481\"  data-hover=\"\" data-border-color=\"\" data-bg=\"#23413a\" data-hover-bg=\"#2d5e47\" data-border-hover=\"\" data-shadow-hover=\"\" data-shadow-click=\"none\" data-shadow=\"\" data-shd-shadow=\"\"  data-ultimate-target='#ubtn-3963'  data-responsive-json-new='{\"font-size\":\"\",\"line-height\":\"\"}'  style=\"font-weight:normal;border:none;background: #23413a;color: #ffffff;\"><span class=\"ubtn-hover\" style=\"background-color:#2d5e47\"><\/span><span class=\"ubtn-data ubtn-text \" >CONTACTE<\/span><\/button><\/a><\/div>[\/vc_column][\/vc_row][vc_row full_width=&#8221;stretch_row_content&#8221; equal_height=&#8221;yes&#8221; content_placement=&#8221;middle&#8221; el_class=&#8221;inverted&#8221;][vc_column width=&#8221;1\/2&#8243; css=&#8221;.vc_custom_1507135591067{padding-top: 60px !important;padding-right: 5% !important;padding-bottom: 60px !important;padding-left: 5% !important;background-color: #f4f7f8 !important;}&#8221;][vc_column_text]Seguiment i reclamaci\u00f3 dels rebuts\u00a0<strong>impagats.<\/strong>[\/vc_column_text]<div class=\" vc_custom_1522139742124 ult_buttons ubtn-ctn-left \"><a class=\"ubtn-link ult-adjust-bottom-margin ubtn-left ubtn-normal \"  rel='' href = \"#contact\" ><button type=\"button\" id=\"ubtn-5909\" class=\"ubtn ult-adjust-bottom-margin ult-responsive ubtn-normal ubtn-no-hover-bg  none  ubtn-left   tooltip-6a991f1f6f4f3\"  data-hover=\"\" data-border-color=\"\" data-bg=\"#23413a\" data-hover-bg=\"#2d5e47\" data-border-hover=\"\" data-shadow-hover=\"\" data-shadow-click=\"none\" data-shadow=\"\" data-shd-shadow=\"\"  data-ultimate-target='#ubtn-5909'  data-responsive-json-new='{\"font-size\":\"\",\"line-height\":\"\"}'  style=\"font-weight:normal;border:none;background: #23413a;color: #ffffff;\"><span class=\"ubtn-hover\" style=\"background-color:#2d5e47\"><\/span><span class=\"ubtn-data ubtn-text \" >CONTACTE<\/span><\/button><\/a><\/div>[\/vc_column][vc_column parallax=&#8221;content-moving&#8221; parallax_image=&#8221;308&#8243; parallax_speed_bg=&#8221;1&#8243; width=&#8221;1\/2&#8243;][vc_empty_space height=&#8221;450px&#8221;][\/vc_column][\/vc_row][vc_row full_width=&#8221;stretch_row_content&#8221; equal_height=&#8221;yes&#8221; content_placement=&#8221;middle&#8221;][vc_column parallax=&#8221;content-moving&#8221; parallax_image=&#8221;280&#8243; width=&#8221;1\/2&#8243;][vc_empty_space height=&#8221;450px&#8221;][\/vc_column][vc_column width=&#8221;1\/2&#8243; css=&#8221;.vc_custom_1507135591067{padding-top: 60px !important;padding-right: 5% !important;padding-bottom: 60px !important;padding-left: 5% !important;background-color: #f4f7f8 !important;}&#8221;][vc_column_text]<strong>Gesti\u00f3 d&#8217;incid\u00e8ncies<\/strong>\u00a0mitjan\u00e7ant seguiment inform\u00e0tic, que ens permet agilitzar i informar r\u00e0pidament.[\/vc_column_text]<div class=\" vc_custom_1522139742124 ult_buttons ubtn-ctn-left \"><a class=\"ubtn-link ult-adjust-bottom-margin ubtn-left ubtn-normal \"  rel='' href = \"#contact\" ><button type=\"button\" id=\"ubtn-3144\" class=\"ubtn ult-adjust-bottom-margin ult-responsive ubtn-normal ubtn-no-hover-bg  none  ubtn-left   tooltip-6a991f1f6f54d\"  data-hover=\"\" data-border-color=\"\" data-bg=\"#23413a\" data-hover-bg=\"#2d5e47\" data-border-hover=\"\" data-shadow-hover=\"\" data-shadow-click=\"none\" data-shadow=\"\" data-shd-shadow=\"\"  data-ultimate-target='#ubtn-3144'  data-responsive-json-new='{\"font-size\":\"\",\"line-height\":\"\"}'  style=\"font-weight:normal;border:none;background: #23413a;color: #ffffff;\"><span class=\"ubtn-hover\" style=\"background-color:#2d5e47\"><\/span><span class=\"ubtn-data ubtn-text \" >CONTACTE<\/span><\/button><\/a><\/div>[\/vc_column][\/vc_row][vc_row full_width=&#8221;stretch_row_content&#8221; equal_height=&#8221;yes&#8221; content_placement=&#8221;middle&#8221; el_class=&#8221;inverted&#8221;][vc_column width=&#8221;1\/2&#8243; css=&#8221;.vc_custom_1507135591067{padding-top: 60px !important;padding-right: 5% !important;padding-bottom: 60px !important;padding-left: 5% !important;background-color: #f4f7f8 !important;}&#8221;][vc_column_text]<strong>Enviament de l&#8217;estat de comptes complet,<\/strong>\u00a0indicant els saldos individuals, rebuts pendents, saldo de la finca, factures pendents de pagament, etc.[\/vc_column_text]<div class=\" vc_custom_1522139742124 ult_buttons ubtn-ctn-left \"><a class=\"ubtn-link ult-adjust-bottom-margin ubtn-left ubtn-normal \"  rel='' href = \"#contact\" ><button type=\"button\" id=\"ubtn-5370\" class=\"ubtn ult-adjust-bottom-margin ult-responsive ubtn-normal ubtn-no-hover-bg  none  ubtn-left   tooltip-6a991f1f6f5a4\"  data-hover=\"\" data-border-color=\"\" data-bg=\"#23413a\" data-hover-bg=\"#2d5e47\" data-border-hover=\"\" data-shadow-hover=\"\" data-shadow-click=\"none\" data-shadow=\"\" data-shd-shadow=\"\"  data-ultimate-target='#ubtn-5370'  data-responsive-json-new='{\"font-size\":\"\",\"line-height\":\"\"}'  style=\"font-weight:normal;border:none;background: #23413a;color: #ffffff;\"><span class=\"ubtn-hover\" style=\"background-color:#2d5e47\"><\/span><span class=\"ubtn-data ubtn-text \" >CONTACTE<\/span><\/button><\/a><\/div>[\/vc_column][vc_column parallax=&#8221;content-moving&#8221; parallax_image=&#8221;423&#8243; parallax_speed_bg=&#8221;1&#8243; width=&#8221;1\/2&#8243;][vc_empty_space height=&#8221;450px&#8221;][\/vc_column][\/vc_row][vc_row full_width=&#8221;stretch_row_content&#8221; equal_height=&#8221;yes&#8221; content_placement=&#8221;middle&#8221;][vc_column parallax=&#8221;content-moving&#8221; parallax_image=&#8221;422&#8243; parallax_speed_bg=&#8221;1&#8243; width=&#8221;1\/2&#8243;][vc_empty_space height=&#8221;450px&#8221;][\/vc_column][vc_column width=&#8221;1\/2&#8243; css=&#8221;.vc_custom_1507135591067{padding-top: 60px !important;padding-right: 5% !important;padding-bottom: 60px !important;padding-left: 5% !important;background-color: #f4f7f8 !important;}&#8221;][vc_column_text]Les\u00a0<strong>notificacions es realitzaran en castell\u00e0 o catal\u00e0 a l&#8217;adre\u00e7a postal o electr\u00f2nica<\/strong>\u00a0que cada copropietari indiqui.[\/vc_column_text]<div class=\" vc_custom_1522139742124 ult_buttons ubtn-ctn-left \"><a class=\"ubtn-link ult-adjust-bottom-margin ubtn-left ubtn-normal \"  rel='' href = \"#contact\" ><button type=\"button\" id=\"ubtn-7005\" class=\"ubtn ult-adjust-bottom-margin ult-responsive ubtn-normal ubtn-no-hover-bg  none  ubtn-left   tooltip-6a991f1f6f5f8\"  data-hover=\"\" data-border-color=\"\" data-bg=\"#23413a\" data-hover-bg=\"#2d5e47\" data-border-hover=\"\" data-shadow-hover=\"\" data-shadow-click=\"none\" data-shadow=\"\" data-shd-shadow=\"\"  data-ultimate-target='#ubtn-7005'  data-responsive-json-new='{\"font-size\":\"\",\"line-height\":\"\"}'  style=\"font-weight:normal;border:none;background: #23413a;color: #ffffff;\"><span class=\"ubtn-hover\" style=\"background-color:#2d5e47\"><\/span><span class=\"ubtn-data ubtn-text \" >CONTACTE<\/span><\/button><\/a><\/div>[\/vc_column][\/vc_row][vc_row full_width=&#8221;stretch_row_content&#8221; equal_height=&#8221;yes&#8221; content_placement=&#8221;middle&#8221; el_class=&#8221;inverted&#8221;][vc_column width=&#8221;1\/2&#8243; css=&#8221;.vc_custom_1507135591067{padding-top: 60px !important;padding-right: 5% !important;padding-bottom: 60px !important;padding-left: 5% !important;background-color: #f4f7f8 !important;}&#8221;][vc_column_text]Qualsevol altra tasca encomanada per la\u00a0<strong>Junta de Propietaris,<\/strong>\u00a0dins de les actuacions ressenyades en el Codi Civil de Catalunya.[\/vc_column_text]<div class=\" vc_custom_1522139742124 ult_buttons ubtn-ctn-left \"><a class=\"ubtn-link ult-adjust-bottom-margin ubtn-left ubtn-normal \"  rel='' href = \"#contact\" ><button type=\"button\" id=\"ubtn-3183\" class=\"ubtn ult-adjust-bottom-margin ult-responsive ubtn-normal ubtn-no-hover-bg  none  ubtn-left   tooltip-6a991f1f6f65a\"  data-hover=\"\" data-border-color=\"\" data-bg=\"#23413a\" data-hover-bg=\"#2d5e47\" data-border-hover=\"\" data-shadow-hover=\"\" data-shadow-click=\"none\" data-shadow=\"\" data-shd-shadow=\"\"  data-ultimate-target='#ubtn-3183'  data-responsive-json-new='{\"font-size\":\"\",\"line-height\":\"\"}'  style=\"font-weight:normal;border:none;background: #23413a;color: #ffffff;\"><span class=\"ubtn-hover\" style=\"background-color:#2d5e47\"><\/span><span class=\"ubtn-data ubtn-text \" >CONTACTE<\/span><\/button><\/a><\/div>[\/vc_column][vc_column parallax=&#8221;content-moving&#8221; parallax_image=&#8221;309&#8243; parallax_speed_bg=&#8221;1&#8243; width=&#8221;1\/2&#8243;][vc_empty_space height=&#8221;450px&#8221;][\/vc_column][\/vc_row][vc_row full_width=&#8221;stretch_row_content&#8221; equal_height=&#8221;yes&#8221; content_placement=&#8221;middle&#8221;][vc_column parallax=&#8221;content-moving&#8221; parallax_image=&#8221;424&#8243; parallax_speed_bg=&#8221;1&#8243; width=&#8221;1\/2&#8243;][vc_empty_space height=&#8221;450px&#8221;][\/vc_column][vc_column width=&#8221;1\/2&#8243; css=&#8221;.vc_custom_1507135591067{padding-top: 60px !important;padding-right: 5% !important;padding-bottom: 60px !important;padding-left: 5% !important;background-color: #f4f7f8 !important;}&#8221;][vc_column_text]<strong>Assessoria jur\u00eddica,<\/strong>\u00a0tant telef\u00f2nica com mitjan\u00e7ant visita concertada al despatx professional,\u00a0<strong>respecte a consultes de la Comunitat.<\/strong>[\/vc_column_text]<div class=\" vc_custom_1522139742124 ult_buttons ubtn-ctn-left \"><a class=\"ubtn-link ult-adjust-bottom-margin ubtn-left ubtn-normal \"  rel='' href = \"#contact\" ><button type=\"button\" id=\"ubtn-2726\" class=\"ubtn ult-adjust-bottom-margin ult-responsive ubtn-normal ubtn-no-hover-bg  none  ubtn-left   tooltip-6a991f1f6f6b0\"  data-hover=\"\" data-border-color=\"\" data-bg=\"#23413a\" data-hover-bg=\"#2d5e47\" data-border-hover=\"\" data-shadow-hover=\"\" data-shadow-click=\"none\" data-shadow=\"\" data-shd-shadow=\"\"  data-ultimate-target='#ubtn-2726'  data-responsive-json-new='{\"font-size\":\"\",\"line-height\":\"\"}'  style=\"font-weight:normal;border:none;background: #23413a;color: #ffffff;\"><span class=\"ubtn-hover\" style=\"background-color:#2d5e47\"><\/span><span class=\"ubtn-data ubtn-text \" >CONTACTE<\/span><\/button><\/a><\/div>[\/vc_column][\/vc_row][vc_row full_width=&#8221;stretch_row_content&#8221; equal_height=&#8221;yes&#8221; content_placement=&#8221;middle&#8221; el_class=&#8221;inverted&#8221;][vc_column width=&#8221;1\/2&#8243; css=&#8221;.vc_custom_1507135591067{padding-top: 60px !important;padding-right: 5% !important;padding-bottom: 60px !important;padding-left: 5% !important;background-color: #f4f7f8 !important;}&#8221;][vc_column_text]<strong>Compte bancari individual d\u2019el qual el titular ser\u00e0 la pr\u00f2pia Comunitat de Propietaris<\/strong>, tindran acc\u00e9s a mode consulta el president i vicepresident de la finca, pel control d&#8217;una bona gesti\u00f3 econ\u00f2mica.\u00a0Des de la mateixa, a total disposici\u00f3 de la Junta, es realitzar\u00e0:<\/p>\n<ul>\n<li>Cobrament de les\u00a0<strong>quotes de provisi\u00f3 de fons<\/strong><\/li>\n<li>Pagament de subministraments<\/li>\n<li>Pagament de manteniments<\/li>\n<li>Pagament de factures de despeses imprevistes, reparacions i obres,<strong>pr\u00e8viament conformades pel president de la Comunitat<\/strong>.<\/li>\n<\/ul>\n<p>[\/vc_column_text]<div class=\" vc_custom_1522139742124 ult_buttons ubtn-ctn-left \"><a class=\"ubtn-link ult-adjust-bottom-margin ubtn-left ubtn-normal \"  rel='' href = \"#contact\" ><button type=\"button\" id=\"ubtn-4264\" class=\"ubtn ult-adjust-bottom-margin ult-responsive ubtn-normal ubtn-no-hover-bg  none  ubtn-left   tooltip-6a991f1f6f704\"  data-hover=\"\" data-border-color=\"\" data-bg=\"#23413a\" data-hover-bg=\"#2d5e47\" data-border-hover=\"\" data-shadow-hover=\"\" data-shadow-click=\"none\" data-shadow=\"\" data-shd-shadow=\"\"  data-ultimate-target='#ubtn-4264'  data-responsive-json-new='{\"font-size\":\"\",\"line-height\":\"\"}'  style=\"font-weight:normal;border:none;background: #23413a;color: #ffffff;\"><span class=\"ubtn-hover\" style=\"background-color:#2d5e47\"><\/span><span class=\"ubtn-data ubtn-text \" >CONTACTE<\/span><\/button><\/a><\/div>[\/vc_column][vc_column parallax=&#8221;content-moving&#8221; parallax_image=&#8221;268&#8243; parallax_speed_bg=&#8221;1&#8243; width=&#8221;1\/2&#8243;][vc_empty_space height=&#8221;450px&#8221;][\/vc_column][\/vc_row][vc_row full_width=&#8221;stretch_row_content&#8221; equal_height=&#8221;yes&#8221; content_placement=&#8221;middle&#8221;][vc_column width=&#8221;1\/2&#8243; css=&#8221;.vc_custom_1512942185930{margin-right: 0px !important;margin-left: 0px !important;padding-right: 0px !important;padding-left: 0px !important;}&#8221;][vc_images_carousel images=&#8221;307,308,309,310&#8243; img_size=&#8221;full&#8221; autoplay=&#8221;yes&#8221; wrap=&#8221;yes&#8221; css=&#8221;.vc_custom_1512668188445{margin-top: 0px !important;margin-right: 0px !important;margin-bottom: 0px !important;margin-left: 0px !important;padding-top: 0px !important;padding-right: 0px !important;padding-bottom: 0px !important;padding-left: 0px !important;}&#8221;][\/vc_column][vc_column width=&#8221;1\/2&#8243; css=&#8221;.vc_custom_1507135591067{padding-top: 60px !important;padding-right: 5% !important;padding-bottom: 60px !important;padding-left: 5% !important;background-color: #f4f7f8 !important;}&#8221;][vc_column_text]EVAJOR disposa d&#8217;una\u00a0<strong>sala de reunions<\/strong>\u00a0habilitada espec\u00edficament per a realitzar les juntes de propietaris.[\/vc_column_text]<div class=\" vc_custom_1522139742124 ult_buttons ubtn-ctn-left \"><a class=\"ubtn-link ult-adjust-bottom-margin ubtn-left ubtn-normal \"  rel='' href = \"#contact\" ><button type=\"button\" id=\"ubtn-5441\" class=\"ubtn ult-adjust-bottom-margin ult-responsive ubtn-normal ubtn-no-hover-bg  none  ubtn-left   tooltip-6a991f1f6f756\"  data-hover=\"\" data-border-color=\"\" data-bg=\"#23413a\" data-hover-bg=\"#2d5e47\" data-border-hover=\"\" data-shadow-hover=\"\" data-shadow-click=\"none\" data-shadow=\"\" data-shd-shadow=\"\"  data-ultimate-target='#ubtn-5441'  data-responsive-json-new='{\"font-size\":\"\",\"line-height\":\"\"}'  style=\"font-weight:normal;border:none;background: #23413a;color: #ffffff;\"><span class=\"ubtn-hover\" style=\"background-color:#2d5e47\"><\/span><span class=\"ubtn-data ubtn-text \" >CONTACTE<\/span><\/button><\/a><\/div>[\/vc_column][\/vc_row][vc_row full_width=&#8221;stretch_row&#8221; css=&#8221;.vc_custom_1512942081704{background-color: #23413a !important;}&#8221; el_id=&#8221;contact&#8221;][vc_column][vc_column_text css=&#8221;.vc_custom_1522139562430{margin-top: 2em !important;}&#8221;]<\/p>\n<h2 style=\"text-align: center;\"><span style=\"color: #ffffff;\">Necessita que administrem el seu immoble?<\/span><\/h2>\n<p style=\"text-align: center;\"><span style=\"font-size: 14pt; color: #ffffff;\">Contacti amb els nostres experts<\/span><\/p>\n<p>[\/vc_column_text][\/vc_column][\/vc_row][vc_row full_width=&#8221;stretch_row&#8221; css=&#8221;.vc_custom_1512942100143{margin-bottom: -60px !important;background-color: #23413a !important;}&#8221;][vc_column][vc_column_text]<\/p>\n<div class=\"form-w\">\n<div class=\"wpcf7 no-js\" id=\"wpcf7-f696-o1\" lang=\"es-ES\" dir=\"ltr\" data-wpcf7-id=\"696\">\n<div class=\"screen-reader-response\"><p role=\"status\" aria-live=\"polite\" aria-atomic=\"true\"><\/p> <ul><\/ul><\/div>\n<form action=\"\/ca\/wp-json\/wp\/v2\/pages\/878\/#wpcf7-f696-o1\" method=\"post\" class=\"wpcf7-form init wpcf7-acceptance-as-validation\" aria-label=\"Formulari de contacte\" novalidate=\"novalidate\" data-status=\"init\">\n<fieldset class=\"hidden-fields-container\"><input type=\"hidden\" name=\"_wpcf7\" value=\"696\" \/><input type=\"hidden\" name=\"_wpcf7_version\" value=\"6.1.5\" \/><input type=\"hidden\" name=\"_wpcf7_locale\" value=\"es_ES\" \/><input type=\"hidden\" name=\"_wpcf7_unit_tag\" value=\"wpcf7-f696-o1\" \/><input type=\"hidden\" name=\"_wpcf7_container_post\" value=\"0\" \/><input type=\"hidden\" name=\"_wpcf7_posted_data_hash\" value=\"\" \/><input type=\"hidden\" name=\"_wpcf7cf_hidden_group_fields\" value=\"[]\" \/><input type=\"hidden\" name=\"_wpcf7cf_hidden_groups\" value=\"[]\" \/><input type=\"hidden\" name=\"_wpcf7cf_visible_groups\" value=\"[]\" \/><input type=\"hidden\" name=\"_wpcf7cf_repeaters\" value=\"[]\" \/><input type=\"hidden\" name=\"_wpcf7cf_steps\" value=\"{}\" \/><input type=\"hidden\" name=\"_wpcf7cf_options\" value=\"{&quot;form_id&quot;:696,&quot;conditions&quot;:[],&quot;settings&quot;:{&quot;animation&quot;:&quot;yes&quot;,&quot;animation_intime&quot;:200,&quot;animation_outtime&quot;:200,&quot;conditions_ui&quot;:&quot;normal&quot;,&quot;notice_dismissed&quot;:false}}\" \/><input type=\"hidden\" name=\"_wpcf7_recaptcha_response\" value=\"\" \/>\n<\/fieldset>\n<div id=\"form-admin-finca\">\n\t<div class=\"row form-row\">\n\t\t<div class=\"col-sm-12\">\n\t\t\t<h3>Informaci\u00f3 de la Finca\n\t\t\t<\/h3>\n\t\t<hr \/>\n\t\t<\/div>\n\t\t<div class=\"col-sm-12\">\n\t\t\t<p><label for=\"nombre-finca\">Indiqui el carrer i el n\u00famero de la finca<\/label><br \/>\n<span class=\"wpcf7-form-control-wrap\" data-name=\"nombre-finca\"><input size=\"40\" maxlength=\"400\" class=\"wpcf7-form-control wpcf7-text wpcf7-validates-as-required\" aria-required=\"true\" aria-invalid=\"false\" value=\"\" type=\"text\" name=\"nombre-finca\" \/><\/span>\n\t\t\t<\/p>\n\t\t<\/div>\n\t<\/div>\n\t<div class=\"row form-row\">\n\t\t<div class=\"col-sm-12\">\n\t\t\t<h3>Informaci\u00f3 de contacte\n\t\t\t<\/h3>\n\t\t<hr \/>\n\t\t<\/div>\n\t\t<div class=\"col-sm-4\">\n\t\t\t<p><span class=\"wpcf7-form-control-wrap\" data-name=\"contacto\"><input size=\"40\" maxlength=\"400\" class=\"wpcf7-form-control wpcf7-text wpcf7-validates-as-required\" aria-required=\"true\" aria-invalid=\"false\" placeholder=\"El nom de la persona de contacte*\" value=\"\" type=\"text\" name=\"contacto\" \/><\/span>\n\t\t\t<\/p>\n\t\t<\/div>\n\t\t<div class=\"col-sm-4\">\n\t\t\t<p><span class=\"wpcf7-form-control-wrap\" data-name=\"tel-contacto\"><input size=\"40\" maxlength=\"400\" class=\"wpcf7-form-control wpcf7-tel wpcf7-validates-as-required wpcf7-text wpcf7-validates-as-tel\" aria-required=\"true\" aria-invalid=\"false\" placeholder=\"Tel\u00e8fon de contacte*\" value=\"\" type=\"tel\" name=\"tel-contacto\" \/><\/span>\n\t\t\t<\/p>\n\t\t<\/div>\n\t\t<div class=\"col-sm-4\">\n\t\t\t<p><span class=\"wpcf7-form-control-wrap\" data-name=\"email-contacto\"><input size=\"40\" maxlength=\"400\" class=\"wpcf7-form-control wpcf7-email wpcf7-validates-as-required wpcf7-text wpcf7-validates-as-email\" aria-required=\"true\" aria-invalid=\"false\" placeholder=\"Email de contacte*\" value=\"\" type=\"email\" name=\"email-contacto\" \/><\/span>\n\t\t\t<\/p>\n\t\t<\/div>\n\t<\/div>\n\t<div class=\"row form-row\">\n\t\t<div class=\"col-sm-12\">\n\t\t\t<h3>Informaci\u00f3 complement\u00e0ria\n\t\t\t<\/h3>\n\t\t<hr \/>\n\t\t<\/div>\n\t\t<div class=\"col-sm-6\">\n\t\t\t<p><span class=\"wpcf7-form-control-wrap\" data-name=\"presidente\"><input size=\"40\" maxlength=\"400\" class=\"wpcf7-form-control wpcf7-text\" aria-invalid=\"false\" placeholder=\"El nom del president\/a de la finca\" value=\"\" type=\"text\" name=\"presidente\" \/><\/span>\n\t\t\t<\/p>\n\t\t<\/div>\n\t\t<div class=\"col-sm-6\">\n\t\t\t<p><span class=\"wpcf7-form-control-wrap\" data-name=\"vicepresidente\"><input size=\"40\" maxlength=\"400\" class=\"wpcf7-form-control wpcf7-text\" aria-invalid=\"false\" placeholder=\"El nom del vicepresident\/a de la finca\" value=\"\" type=\"text\" name=\"vicepresidente\" \/><\/span>\n\t\t\t<\/p>\n\t\t<\/div>\n\t\t<div class=\"col-sm-6\">\n\t\t\t<p><span class=\"wpcf7-form-control-wrap\" data-name=\"tel-extra\"><input size=\"40\" maxlength=\"400\" class=\"wpcf7-form-control wpcf7-tel wpcf7-text wpcf7-validates-as-tel\" aria-invalid=\"false\" placeholder=\"Tel\u00e8fon complementari\" value=\"\" type=\"tel\" name=\"tel-extra\" \/><\/span>\n\t\t\t<\/p>\n\t\t<\/div>\n\t\t<div class=\"col-sm-6\">\n\t\t\t<p><span class=\"wpcf7-form-control-wrap\" data-name=\"email-complementario\"><input size=\"40\" maxlength=\"400\" class=\"wpcf7-form-control wpcf7-email wpcf7-text wpcf7-validates-as-email\" aria-invalid=\"false\" placeholder=\"Email complementari\" value=\"\" type=\"email\" name=\"email-complementario\" \/><\/span>\n\t\t\t<\/p>\n\t\t<\/div>\n\t\t<div class=\"col-sm-12\">\n\t\t\t<p><span class=\"wpcf7-form-control-wrap\" data-name=\"direccion-corresp\"><input size=\"40\" maxlength=\"400\" class=\"wpcf7-form-control wpcf7-text\" aria-invalid=\"false\" placeholder=\"En cas d&#039;haver-la, indiqui una adre\u00e7a de correspond\u00e8ncia\" value=\"\" type=\"text\" name=\"direccion-corresp\" \/><\/span>\n\t\t\t<\/p>\n\t\t<\/div>\n\t<\/div>\n\t<div class=\"row numero-datos form-row\">\n\t\t<div class=\"col-sm-12\">\n\t\t\t<h3>Dades generals\n\t\t\t<\/h3>\n\t\t<hr \/>\n\t\t<\/div>\n\t\t<div class=\"col-sm-6 column-flex\">\n\t\t\t<p><label for=\"total-viviendas\">N\u00ba total de viviendes y\/o locals<\/label><br \/>\n<span class=\"wpcf7-form-control-wrap\" data-name=\"total-viviendas\"><input size=\"40\" maxlength=\"400\" class=\"wpcf7-form-control wpcf7-text wpcf7-validates-as-required\" aria-required=\"true\" aria-invalid=\"false\" value=\"\" type=\"text\" name=\"total-viviendas\" \/><\/span>\n\t\t\t<\/p>\n\t\t<\/div>\n\t\t<div class=\"col-sm-6 column-flex\">\n\t\t\t<p><label for=\"total-plazas\">N\u00ba total de places de garatge<\/label><br \/>\n<span class=\"wpcf7-form-control-wrap\" data-name=\"total-plazas\"><input size=\"40\" maxlength=\"400\" class=\"wpcf7-form-control wpcf7-text wpcf7-validates-as-required\" aria-required=\"true\" aria-invalid=\"false\" value=\"\" type=\"text\" name=\"total-plazas\" \/><\/span>\n\t\t\t<\/p>\n\t\t<\/div>\n\t\t<div class=\"col-sm-6 column-flex\">\n\t\t\t<p><label for=\"total-vestibulos\">N\u00ba de vest\u00edbuls amb acc\u00e9s independent<\/label><br \/>\n<span class=\"wpcf7-form-control-wrap\" data-name=\"total-vestibulos\"><input size=\"40\" maxlength=\"400\" class=\"wpcf7-form-control wpcf7-text\" aria-invalid=\"false\" value=\"\" type=\"text\" name=\"total-vestibulos\" \/><\/span>\n\t\t\t<\/p>\n\t\t<\/div>\n\t\t<div class=\"col-sm-6 column-flex\">\n\t\t\t<p><label for=\"total-viviendas\">Periodicitat rebuts<\/label><br \/>\n<span class=\"wpcf7-form-control-wrap\" data-name=\"periodicidad\"><select class=\"wpcf7-form-control wpcf7-select\" aria-invalid=\"false\" name=\"periodicidad\"><option value=\"\">Selcciona<\/option><option value=\"MENSUAL\">MENSUAL<\/option><option value=\"BIMENSUAL\">BIMENSUAL<\/option><option value=\"TRIMESTRAL\">TRIMESTRAL<\/option><option value=\"SEMESTRAL\">SEMESTRAL<\/option><option value=\"ANUAL\">ANUAL<\/option><\/select><\/span>\n\t\t\t<\/p>\n\t\t<\/div>\n\t\t<div class=\"col-sm-12\">\n\t\t\t<p><label for=\"total-servicios\">N\u00ba de serveis comunitaris<\/label>\n\t\t\t<\/p>\n\t\t\t<p><span class=\"wpcf7-form-control-wrap\" data-name=\"total-servicios\"><span class=\"wpcf7-form-control wpcf7-checkbox\"><span class=\"wpcf7-list-item first\"><input type=\"checkbox\" name=\"total-servicios[]\" value=\"Ascensor\" \/><span class=\"wpcf7-list-item-label\">Ascensor<\/span><\/span><span class=\"wpcf7-list-item\"><input type=\"checkbox\" name=\"total-servicios[]\" value=\"Neteja\" \/><span class=\"wpcf7-list-item-label\">Neteja<\/span><\/span><span class=\"wpcf7-list-item\"><input type=\"checkbox\" name=\"total-servicios[]\" value=\"Vigil\u00e0ncia\" \/><span class=\"wpcf7-list-item-label\">Vigil\u00e0ncia<\/span><\/span><span class=\"wpcf7-list-item\"><input type=\"checkbox\" name=\"total-servicios[]\" value=\"Garatge com\u00fa\" \/><span class=\"wpcf7-list-item-label\">Garatge com\u00fa<\/span><\/span><span class=\"wpcf7-list-item\"><input type=\"checkbox\" name=\"total-servicios[]\" value=\"Videoporter\" \/><span class=\"wpcf7-list-item-label\">Videoporter<\/span><\/span><span class=\"wpcf7-list-item\"><input type=\"checkbox\" name=\"total-servicios[]\" value=\"Aire condicionat\" \/><span class=\"wpcf7-list-item-label\">Aire condicionat<\/span><\/span><span class=\"wpcf7-list-item\"><input type=\"checkbox\" name=\"total-servicios[]\" value=\"Calefacci\u00f3\" \/><span class=\"wpcf7-list-item-label\">Calefacci\u00f3<\/span><\/span><span class=\"wpcf7-list-item\"><input type=\"checkbox\" name=\"total-servicios[]\" value=\"Antena TV\" \/><span class=\"wpcf7-list-item-label\">Antena TV<\/span><\/span><span class=\"wpcf7-list-item\"><input type=\"checkbox\" name=\"total-servicios[]\" value=\"Aigua calenta sanit\u00e0ria\" \/><span class=\"wpcf7-list-item-label\">Aigua calenta sanit\u00e0ria<\/span><\/span><span class=\"wpcf7-list-item\"><input type=\"checkbox\" name=\"total-servicios[]\" value=\"C\u00e0meres de videovigil\u00e0ncia\" \/><span class=\"wpcf7-list-item-label\">C\u00e0meres de videovigil\u00e0ncia<\/span><\/span><span class=\"wpcf7-list-item last\"><input type=\"checkbox\" name=\"total-servicios[]\" value=\"Plaques solars\" \/><span class=\"wpcf7-list-item-label\">Plaques solars<\/span><\/span><\/span><\/span>\n\t\t\t<\/p>\n\t\t<\/div>\n\t\t<div class=\"col-sm-6 column-flex\">\n\t\t\t<p><label for=\"total-nominas\">N\u00ba de n\u00f2mines \/ empleats porteria, consergeria, jardineria<\/label><br \/>\n<span class=\"wpcf7-form-control-wrap\" data-name=\"total-nominas\"><input size=\"40\" maxlength=\"400\" class=\"wpcf7-form-control wpcf7-text wpcf7-validates-as-required\" aria-required=\"true\" aria-invalid=\"false\" value=\"\" type=\"text\" name=\"total-nominas\" \/><\/span>\n\t\t\t<\/p>\n\t\t<\/div>\n\t\t<div class=\"col-sm-6 column-flex\">\n\t\t\t<p><label for=\"total-seguimientos\">N\u00ba de seguiments de salut i \/ o revisions peri\u00f2diques m\u00e8diques<\/label><br \/>\n<span class=\"wpcf7-form-control-wrap\" data-name=\"total-seguimientos\"><input size=\"40\" maxlength=\"400\" class=\"wpcf7-form-control wpcf7-text wpcf7-validates-as-required\" aria-required=\"true\" aria-invalid=\"false\" value=\"\" type=\"text\" name=\"total-seguimientos\" \/><\/span>\n\t\t\t<\/p>\n\t\t<\/div>\n\t<\/div>\n\t<div class=\"row numero-datos form-row\">\n\t\t<div class=\"col-sm-12\">\n\t\t\t<h3>Declaracions i comptes\n\t\t\t<\/h3>\n\t\t<hr \/>\n\t\t<\/div>\n\t\t<div class=\"col-sm-6 column-flex\">\n\t\t\t<p><label for=\"irpf\">Declaracions IRPF, MOD. 111<\/label><br \/>\n<span class=\"wpcf7-form-control-wrap\" data-name=\"irpf\"><select class=\"wpcf7-form-control wpcf7-select\" aria-invalid=\"false\" name=\"irpf\"><option value=\"\">SI\/NO<\/option><option value=\"Si\">Si<\/option><option value=\"No\">No<\/option><\/select><\/span>\n\t\t\t<\/p>\n\t\t<\/div>\n\t\t<div class=\"col-sm-6 column-flex\">\n\t\t\t<p><label for=\"retenciones\">Declaraci\u00f3 Retencions, MOD. 190<\/label><br \/>\n<span class=\"wpcf7-form-control-wrap\" data-name=\"retenciones\"><select class=\"wpcf7-form-control wpcf7-select\" aria-invalid=\"false\" name=\"retenciones\"><option value=\"\">SI\/NO<\/option><option value=\"Si\">Si<\/option><option value=\"No\">No<\/option><\/select><\/span>\n\t\t\t<\/p>\n\t\t<\/div>\n\t\t<div class=\"col-sm-6 column-flex\">\n\t\t\t<p><label for=\"iva\">Declaracions IVA, MOD. 303<\/label><br \/>\n<span class=\"wpcf7-form-control-wrap\" data-name=\"iva\"><select class=\"wpcf7-form-control wpcf7-select\" aria-invalid=\"false\" name=\"iva\"><option value=\"\">SI\/NO<\/option><option value=\"Si\">Si<\/option><option value=\"No\">No<\/option><\/select><\/span>\n\t\t\t<\/p>\n\t\t<\/div>\n\t\t<div class=\"col-sm-6 column-flex\">\n\t\t\t<p><label for=\"info\">Declaracions informatives, MOD. 390<\/label><br \/>\n<span class=\"wpcf7-form-control-wrap\" data-name=\"info\"><select class=\"wpcf7-form-control wpcf7-select\" aria-invalid=\"false\" name=\"info\"><option value=\"\">SI\/NO<\/option><option value=\"Si\">Si<\/option><option value=\"No\">No<\/option><\/select><\/span>\n\t\t\t<\/p>\n\t\t<\/div>\n\t\t<div class=\"col-sm-6 column-flex\">\n\t\t\t<p><label for=\"info2\">Declaracions informatives, MOD. 347<\/label><br \/>\n<span class=\"wpcf7-form-control-wrap\" data-name=\"info2\"><select class=\"wpcf7-form-control wpcf7-select\" aria-invalid=\"false\" name=\"info2\"><option value=\"\">SI\/NO<\/option><option value=\"Si\">Si<\/option><option value=\"No\">No<\/option><\/select><\/span>\n\t\t\t<\/p>\n\t\t<\/div>\n\t\t<div class=\"col-sm-12\">\n\t\t\t<p><label for=\"otras\">Altres Declaracions<\/label><br \/>\n<span class=\"wpcf7-form-control-wrap\" data-name=\"otras\"><input size=\"40\" maxlength=\"400\" class=\"wpcf7-form-control wpcf7-text\" aria-invalid=\"false\" placeholder=\"Indica cuales\" value=\"\" type=\"text\" name=\"otras\" \/><\/span>\n\t\t\t<\/p>\n\t\t<\/div>\n\t\t<div class=\"col-sm-4\">\n\t\t\t<p><label class=\"block\" for=\"cuenta\">T\u00e9 compte individual de comunitat<br \/>\n<\/label><br \/>\n<span class=\"wpcf7-form-control-wrap\" data-name=\"cuenta\"><select class=\"wpcf7-form-control wpcf7-select\" aria-invalid=\"false\" name=\"cuenta\"><option value=\"\">SI\/NO<\/option><option value=\"Si\">Si<\/option><option value=\"No\">No<\/option><\/select><\/span>\n\t\t\t<\/p>\n\t\t<\/div>\n\t\t<div class=\"col-sm-4\">\n\t\t\t<p><label class=\"block\" for=\"entidad\">Entitat Banc\u00e0ria\/R\u00e8gim de disposici\u00f3<\/label><br \/>\n<span class=\"wpcf7-form-control-wrap\" data-name=\"entidad\"><input size=\"40\" maxlength=\"400\" class=\"wpcf7-form-control wpcf7-text\" aria-invalid=\"false\" value=\"\" type=\"text\" name=\"entidad\" \/><\/span>\n\t\t\t<\/p>\n\t\t<\/div>\n\t\t<div class=\"col-sm-4\">\n\t\t\t<p><label class=\"block\" for=\"comunitario\">Immoble COMUNITARI llogat<\/label><br \/>\n<span class=\"wpcf7-form-control-wrap\" data-name=\"comunitario\"><select class=\"wpcf7-form-control wpcf7-select\" aria-invalid=\"false\" name=\"comunitario\"><option value=\"\">SI\/NO<\/option><option value=\"Si\">Si<\/option><option value=\"No\">No<\/option><\/select><\/span>\n\t\t\t<\/p>\n\t\t<\/div>\n\t\t<div class=\"col-sm-12\">\n\t\t\t<p><span class=\"wpcf7-form-control-wrap\" data-name=\"observaciones\"><textarea cols=\"40\" rows=\"4\" maxlength=\"2000\" class=\"wpcf7-form-control wpcf7-textarea\" aria-invalid=\"false\" placeholder=\"Observacions\" name=\"observaciones\"><\/textarea><\/span>\n\t\t\t<\/p>\n\t\t<\/div>\n\t<\/div>\n\t<div class=\"legal-container cf7-white\">\n\t\t<div class=\"aviso-legal\">\n\t\t\t<p><span class=\"wpcf7-form-control-wrap\" data-name=\"acceptance\"><span class=\"wpcf7-form-control wpcf7-acceptance\"><span class=\"wpcf7-list-item\"><input type=\"checkbox\" name=\"acceptance\" value=\"1\" aria-invalid=\"false\" \/><\/span><\/span><\/span>He llegit i accepto la <a rel=\"nofollow\" class=\"aviso-legal-link\" href=\"https:\/\/evajor.com\/aviso-legal\/\" target=\"_blank\">pol\u00edtica de privacitat<\/a>\n\t\t\t<\/p>\n\t\t<\/div>\n\t\t<p><input class=\"wpcf7-form-control wpcf7-submit has-spinner et_pb_contact_submit et_pb_button\" type=\"submit\" value=\"Enviar\" \/>\n\t\t<\/p>\n\t\t<div class=\"new-legal-text\">\n\t\t\t<p><strong>Informaci\u00f3 b\u00e0sica de protecci\u00f3 de dades:<\/strong><br \/>\n<strong>Responsable<\/strong>: Evajor SL, sent la <strong>Finalitat:<\/strong> la resoluci\u00f3 de la teva dubte i l'enviament de les meves publicacions aix\u00ed com correus comercials. <strong>La Legitimaci\u00f3:<\/strong> \u00e9s gr\u00e0cies al teu consentiment. <strong>destinataris<\/strong>: les dades es troben allotjats al nostre servidor, propietat de Hostalia (Telef\u00f3nica Soluciones De Inform\u00e1tica Y Comunicaciones De Espa\u00f1a S A U), ubicat a Europa. podr\u00e0s exercir. <strong>Els teus Drets d'Acc\u00e9s, Rectificaci\u00f3, Limitaci\u00f3 o suprimir<\/strong> teves dades en <a href=\"mailto:info@evajor.com\">info@evajor.com<\/a>. Per a m\u00e9s informaci\u00f3 consulti la nostra <a rel=\"nofollow\" href=\"https:\/\/evajor.com\/ca\/avis-legal\/\/\" target=\"_blank\">pol\u00edtica de privacitat i av\u00eds legal<\/a>\n\t\t\t<\/p>\n\t\t<\/div>\n\t<\/div>\n<\/div>\n<div class=\"hide\" style=\"display:none;\">\n\t<p><span class=\"wpcf7-form-control-wrap\" data-name=\"url-pagina\"><input size=\"40\" maxlength=\"400\" class=\"wpcf7-form-control wpcf7-url wpcf7-text wpcf7-validates-as-url\" aria-invalid=\"false\" value=\"\" type=\"url\" name=\"url-pagina\" \/><\/span>\n\t<\/p>\n<\/div>\n<p><script>\n\tjQuery(\".wpcf7-url\").val(window.location.href);\n<\/script>\n<\/p><p style=\"display: none !important;\" class=\"akismet-fields-container\" data-prefix=\"_wpcf7_ak_\"><label>&#916;<textarea name=\"_wpcf7_ak_hp_textarea\" cols=\"45\" rows=\"8\" maxlength=\"100\"><\/textarea><\/label><input type=\"hidden\" id=\"ak_js_1\" name=\"_wpcf7_ak_js\" value=\"204\"\/><script>document.getElementById( \"ak_js_1\" ).setAttribute( \"value\", ( new Date() ).getTime() );<\/script><\/p><input type='hidden' class='wpcf7-pum' value='{\"closepopup\":false,\"closedelay\":0,\"openpopup\":false,\"openpopup_id\":0}' \/><div class=\"wpcf7-response-output\" aria-hidden=\"true\"><\/div>\n<\/form>\n<\/div>\n<\/div>\n<p>[\/vc_column_text][\/vc_column][\/vc_row]<\/p>\n","protected":false},"excerpt":{"rendered":"<p>[vc_row full_width=&#8221;stretch_row&#8221; parallax=&#8221;content-moving&#8221; parallax_image=&#8221;314&#8243; css=&#8221;.vc_custom_1512371573759{padding-top: 60px !important;padding-bottom: 60px !important;}&#8221;][vc_column][vc_custom_heading text=&#8221;Administraci\u00f3 d\u2019immobles&#8221; font_container=&#8221;tag:h2|text_align:center|color:%23ffffff&#8221; use_theme_fonts=&#8221;yes&#8221; css_animation=&#8221;fadeInDown&#8221;][vc_separator color=&#8221;green&#8221; el_width=&#8221;20&#8243; css_animation=&#8221;fadeInUp&#8221;][vc_column_text] EVAJOR es dedica, entre d\u2019altres serveis, a la comercialitzaci\u00f3 d\u2019actius, la gesti\u00f3 de patrimonis i l\u2019assessoria jur\u00eddica, la qual cosa ens permet oferir una gesti\u00f3 i assessorament global en l\u2019administraci\u00f3 de comunitat de propietaris que ens ofereixen la seva confian\u00e7a.. [\/vc_column_text][\/vc_column][\/vc_row][vc_row full_width=&#8221;stretch_row_content&#8221; equal_height=&#8221;yes&#8221; content_placement=&#8221;middle&#8221;][vc_column parallax=&#8221;content-moving&#8221; parallax_image=&#8221;2317&#8243; parallax_speed_bg=&#8221;1&#8243; &#8230;<\/p>\n","protected":false},"author":2,"featured_media":424,"parent":0,"menu_order":0,"comment_status":"closed","ping_status":"closed","template":"","meta":{"_joinchat":[],"footnotes":""},"class_list":["post-878","page","type-page","status-publish","has-post-thumbnail","hentry"],"yoast_head":"<!-- This site is optimized with the Yoast SEO plugin v17.9 - https:\/\/yoast.com\/wordpress\/plugins\/seo\/ -->\n<meta name=\"robots\" content=\"index, follow, max-snippet:-1, max-image-preview:large, max-video-preview:-1\" \/>\n<link rel=\"canonical\" href=\"https:\/\/evajor.com\/ca\/administracio-dimmobles\/\" \/>\n<meta property=\"og:locale\" content=\"ca_ES\" \/>\n<meta property=\"og:type\" content=\"article\" \/>\n<meta property=\"og:title\" content=\"Administraci\u00f3 d\u2019immobles - Evajor - Abogados &amp; Administradores de Fincas en Barcelona\" \/>\n<meta property=\"og:description\" content=\"[vc_row full_width=&#8221;stretch_row&#8221; parallax=&#8221;content-moving&#8221; parallax_image=&#8221;314&#8243; css=&#8221;.vc_custom_1512371573759{padding-top: 60px !important;padding-bottom: 60px !important;}&#8221;][vc_column][vc_custom_heading text=&#8221;Administraci\u00f3 d\u2019immobles&#8221; font_container=&#8221;tag:h2|text_align:center|color:%23ffffff&#8221; use_theme_fonts=&#8221;yes&#8221; css_animation=&#8221;fadeInDown&#8221;][vc_separator color=&#8221;green&#8221; el_width=&#8221;20&#8243; css_animation=&#8221;fadeInUp&#8221;][vc_column_text] EVAJOR es dedica, entre d\u2019altres serveis, a la comercialitzaci\u00f3 d\u2019actius, la gesti\u00f3 de patrimonis i l\u2019assessoria jur\u00eddica, la qual cosa ens permet oferir una gesti\u00f3 i assessorament global en l\u2019administraci\u00f3 de comunitat de propietaris que ens ofereixen la seva confian\u00e7a.. [\/vc_column_text][\/vc_column][\/vc_row][vc_row full_width=&#8221;stretch_row_content&#8221; equal_height=&#8221;yes&#8221; content_placement=&#8221;middle&#8221;][vc_column parallax=&#8221;content-moving&#8221; parallax_image=&#8221;2317&#8243; parallax_speed_bg=&#8221;1&#8243; ...\" \/>\n<meta property=\"og:url\" content=\"https:\/\/evajor.com\/ca\/administracio-dimmobles\/\" \/>\n<meta property=\"og:site_name\" content=\"Evajor - Abogados &amp; Administradores de Fincas en Barcelona\" \/>\n<meta property=\"article:modified_time\" content=\"2020-04-20T09:48:35+00:00\" \/>\n<meta property=\"og:image\" content=\"https:\/\/evajor.com\/wp-content\/uploads\/2017\/12\/asesoria-juridica.jpg\" \/>\n\t<meta property=\"og:image:width\" content=\"1000\" \/>\n\t<meta property=\"og:image:height\" content=\"600\" \/>\n\t<meta property=\"og:image:type\" content=\"image\/jpeg\" \/>\n<meta name=\"twitter:card\" content=\"summary_large_image\" \/>\n<meta name=\"twitter:label1\" content=\"Temps estimat de lectura\" \/>\n\t<meta name=\"twitter:data1\" content=\"11 minuts\" \/>\n<script type=\"application\/ld+json\" class=\"yoast-schema-graph\">{\"@context\":\"https:\/\/schema.org\",\"@graph\":[{\"@type\":\"WebSite\",\"@id\":\"https:\/\/evajor.com\/#website\",\"url\":\"https:\/\/evajor.com\/\",\"name\":\"Evajor - Abogados &amp; Administradores de Fincas en Barcelona\",\"description\":\"En Evajor nacimos con la vocaci\\u00f3n de servicio al cliente y, hoy en d\\u00eda, encontrar soluciones a medida es nuestra mejor carta de presentaci\\u00f3n.\",\"potentialAction\":[{\"@type\":\"SearchAction\",\"target\":{\"@type\":\"EntryPoint\",\"urlTemplate\":\"https:\/\/evajor.com\/?s={search_term_string}\"},\"query-input\":\"required name=search_term_string\"}],\"inLanguage\":\"ca\"},{\"@type\":\"ImageObject\",\"@id\":\"https:\/\/evajor.com\/ca\/administracio-dimmobles\/#primaryimage\",\"inLanguage\":\"ca\",\"url\":\"https:\/\/evajor.com\/wp-content\/uploads\/2017\/12\/asesoria-juridica.jpg\",\"contentUrl\":\"https:\/\/evajor.com\/wp-content\/uploads\/2017\/12\/asesoria-juridica.jpg\",\"width\":1000,\"height\":600},{\"@type\":\"WebPage\",\"@id\":\"https:\/\/evajor.com\/ca\/administracio-dimmobles\/#webpage\",\"url\":\"https:\/\/evajor.com\/ca\/administracio-dimmobles\/\",\"name\":\"Administraci\\u00f3 d\\u2019immobles - Evajor - Abogados &amp; Administradores de Fincas en Barcelona\",\"isPartOf\":{\"@id\":\"https:\/\/evajor.com\/#website\"},\"primaryImageOfPage\":{\"@id\":\"https:\/\/evajor.com\/ca\/administracio-dimmobles\/#primaryimage\"},\"datePublished\":\"2018-03-27T08:31:54+00:00\",\"dateModified\":\"2020-04-20T09:48:35+00:00\",\"breadcrumb\":{\"@id\":\"https:\/\/evajor.com\/ca\/administracio-dimmobles\/#breadcrumb\"},\"inLanguage\":\"ca\",\"potentialAction\":[{\"@type\":\"ReadAction\",\"target\":[\"https:\/\/evajor.com\/ca\/administracio-dimmobles\/\"]}]},{\"@type\":\"BreadcrumbList\",\"@id\":\"https:\/\/evajor.com\/ca\/administracio-dimmobles\/#breadcrumb\",\"itemListElement\":[{\"@type\":\"ListItem\",\"position\":1,\"name\":\"Portada\",\"item\":\"https:\/\/evajor.com\/ca\/\"},{\"@type\":\"ListItem\",\"position\":2,\"name\":\"Administraci\\u00f3 d\\u2019immobles\"}]}]}<\/script>\n<!-- \/ Yoast SEO plugin. -->","yoast_head_json":{"robots":{"index":"index","follow":"follow","max-snippet":"max-snippet:-1","max-image-preview":"max-image-preview:large","max-video-preview":"max-video-preview:-1"},"canonical":"https:\/\/evajor.com\/ca\/administracio-dimmobles\/","og_locale":"ca_ES","og_type":"article","og_title":"Administraci\u00f3 d\u2019immobles - Evajor - Abogados &amp; Administradores de Fincas en Barcelona","og_description":"[vc_row full_width=&#8221;stretch_row&#8221; parallax=&#8221;content-moving&#8221; parallax_image=&#8221;314&#8243; css=&#8221;.vc_custom_1512371573759{padding-top: 60px !important;padding-bottom: 60px !important;}&#8221;][vc_column][vc_custom_heading text=&#8221;Administraci\u00f3 d\u2019immobles&#8221; font_container=&#8221;tag:h2|text_align:center|color:%23ffffff&#8221; use_theme_fonts=&#8221;yes&#8221; css_animation=&#8221;fadeInDown&#8221;][vc_separator color=&#8221;green&#8221; el_width=&#8221;20&#8243; css_animation=&#8221;fadeInUp&#8221;][vc_column_text] EVAJOR es dedica, entre d\u2019altres serveis, a la comercialitzaci\u00f3 d\u2019actius, la gesti\u00f3 de patrimonis i l\u2019assessoria jur\u00eddica, la qual cosa ens permet oferir una gesti\u00f3 i assessorament global en l\u2019administraci\u00f3 de comunitat de propietaris que ens ofereixen la seva confian\u00e7a.. [\/vc_column_text][\/vc_column][\/vc_row][vc_row full_width=&#8221;stretch_row_content&#8221; equal_height=&#8221;yes&#8221; content_placement=&#8221;middle&#8221;][vc_column parallax=&#8221;content-moving&#8221; parallax_image=&#8221;2317&#8243; parallax_speed_bg=&#8221;1&#8243; ...","og_url":"https:\/\/evajor.com\/ca\/administracio-dimmobles\/","og_site_name":"Evajor - Abogados &amp; Administradores de Fincas en Barcelona","article_modified_time":"2020-04-20T09:48:35+00:00","og_image":[{"width":1000,"height":600,"url":"https:\/\/evajor.com\/wp-content\/uploads\/2017\/12\/asesoria-juridica.jpg","type":"image\/jpeg"}],"twitter_card":"summary_large_image","twitter_misc":{"Temps estimat de lectura":"11 minuts"},"schema":{"@context":"https:\/\/schema.org","@graph":[{"@type":"WebSite","@id":"https:\/\/evajor.com\/#website","url":"https:\/\/evajor.com\/","name":"Evajor - Abogados &amp; Administradores de Fincas en Barcelona","description":"En Evajor nacimos con la vocaci\u00f3n de servicio al cliente y, hoy en d\u00eda, encontrar soluciones a medida es nuestra mejor carta de presentaci\u00f3n.","potentialAction":[{"@type":"SearchAction","target":{"@type":"EntryPoint","urlTemplate":"https:\/\/evajor.com\/?s={search_term_string}"},"query-input":"required name=search_term_string"}],"inLanguage":"ca"},{"@type":"ImageObject","@id":"https:\/\/evajor.com\/ca\/administracio-dimmobles\/#primaryimage","inLanguage":"ca","url":"https:\/\/evajor.com\/wp-content\/uploads\/2017\/12\/asesoria-juridica.jpg","contentUrl":"https:\/\/evajor.com\/wp-content\/uploads\/2017\/12\/asesoria-juridica.jpg","width":1000,"height":600},{"@type":"WebPage","@id":"https:\/\/evajor.com\/ca\/administracio-dimmobles\/#webpage","url":"https:\/\/evajor.com\/ca\/administracio-dimmobles\/","name":"Administraci\u00f3 d\u2019immobles - Evajor - Abogados &amp; Administradores de Fincas en Barcelona","isPartOf":{"@id":"https:\/\/evajor.com\/#website"},"primaryImageOfPage":{"@id":"https:\/\/evajor.com\/ca\/administracio-dimmobles\/#primaryimage"},"datePublished":"2018-03-27T08:31:54+00:00","dateModified":"2020-04-20T09:48:35+00:00","breadcrumb":{"@id":"https:\/\/evajor.com\/ca\/administracio-dimmobles\/#breadcrumb"},"inLanguage":"ca","potentialAction":[{"@type":"ReadAction","target":["https:\/\/evajor.com\/ca\/administracio-dimmobles\/"]}]},{"@type":"BreadcrumbList","@id":"https:\/\/evajor.com\/ca\/administracio-dimmobles\/#breadcrumb","itemListElement":[{"@type":"ListItem","position":1,"name":"Portada","item":"https:\/\/evajor.com\/ca\/"},{"@type":"ListItem","position":2,"name":"Administraci\u00f3 d\u2019immobles"}]}]}},"_links":{"self":[{"href":"https:\/\/evajor.com\/ca\/wp-json\/wp\/v2\/pages\/878\/"}],"collection":[{"href":"https:\/\/evajor.com\/ca\/wp-json\/wp\/v2\/pages\/"}],"about":[{"href":"https:\/\/evajor.com\/ca\/wp-json\/wp\/v2\/types\/page\/"}],"author":[{"embeddable":true,"href":"https:\/\/evajor.com\/ca\/wp-json\/wp\/v2\/users\/2\/"}],"replies":[{"embeddable":true,"href":"https:\/\/evajor.com\/ca\/wp-json\/wp\/v2\/comments\/?post=878"}],"version-history":[{"count":1,"href":"https:\/\/evajor.com\/ca\/wp-json\/wp\/v2\/pages\/878\/revisions\/"}],"predecessor-version":[{"id":2321,"href":"https:\/\/evajor.com\/ca\/wp-json\/wp\/v2\/pages\/878\/revisions\/2321\/"}],"wp:featuredmedia":[{"embeddable":true,"href":"https:\/\/evajor.com\/ca\/wp-json\/wp\/v2\/media\/424\/"}],"wp:attachment":[{"href":"https:\/\/evajor.com\/ca\/wp-json\/wp\/v2\/media\/?parent=878"}],"curies":[{"name":"wp","href":"https:\/\/api.w.org\/{rel}","templated":true}]}}