{"id":741,"date":"2018-03-05T16:31:15","date_gmt":"2018-03-05T16:31:15","guid":{"rendered":"http:\/\/localhost\/evajorv1\/?page_id=741"},"modified":"2018-03-09T16:55:48","modified_gmt":"2018-03-09T16:55:48","slug":"ventas-y-alquileres","status":"publish","type":"page","link":"https:\/\/evajor.com\/ca\/ventas-y-alquileres\/","title":{"rendered":"Vendes i Lloguers"},"content":{"rendered":"<p>[vc_row full_width=&#8221;stretch_row&#8221; parallax=&#8221;content-moving&#8221; parallax_image=&#8221;316&#8243; css=&#8221;.vc_custom_1512371745386{padding-top: 60px !important;padding-bottom: 60px !important;}&#8221;][vc_column][vc_custom_heading text=&#8221;Vendes i Lloguers&#8221; font_container=&#8221;tag:h2|text_align:center|color:%23ffffff&#8221; use_theme_fonts=&#8221;yes&#8221; css_animation=&#8221;fadeInDown&#8221;][vc_separator color=&#8221;green&#8221; el_width=&#8221;20&#8243; css_animation=&#8221;fadeInUp&#8221;][vc_column_text]<\/p>\n<p style=\"text-align: center;\"><span style=\"color: #ffffff;\">EVAJOR es compon de professionals que estan a la seva disposici\u00f3, tant telef\u00f2nica com presencialment al despatx professional, amb cita concertada, en les diferents \u00e0rees de pr\u00e0ctica:<\/span><\/p>\n<p>[\/vc_column_text][\/vc_column][\/vc_row][vc_row full_width=&#8221;stretch_row_content&#8221; equal_height=&#8221;yes&#8221; content_placement=&#8221;middle&#8221;][vc_column parallax=&#8221;content-moving&#8221; parallax_image=&#8221;269&#8243; parallax_speed_bg=&#8221;1&#8243; width=&#8221;1\/2&#8243;][vc_empty_space height=&#8221;450px&#8221;][\/vc_column][vc_column width=&#8221;1\/2&#8243; css=&#8221;.vc_custom_1507135591067{padding-top: 60px !important;padding-right: 5% !important;padding-bottom: 60px !important;padding-left: 5% !important;background-color: #f4f7f8 !important;}&#8221;][vc_column_text]<\/p>\n<h2>Vol vendre la seva propietat?<\/h2>\n<p>[\/vc_column_text][vc_column_text]Contacti amb nosaltres per a mantenir una primera reuni\u00f3.\u00a0Expliqui&#8217;ns quines s\u00f3n les seves necessitats i nosaltres li explicarem com treballem.<\/p>\n<p>Quan ens confi\u00ef la venda del seu immoble, nosaltres ens encarregarem\u00a0de:<\/p>\n<ul>\n<li>Visitar per a fer el reportatge fotogr\u00e0fic.<\/li>\n<li>Pl\u00e0nol de l&#8217;estat actual, i si \u00e9s el cas, de les possibles\u00a0redistribucions.<\/li>\n<li>Gestionar, si cal, l&#8217;obtenci\u00f3 de la c\u00e8dula d&#8217;\u00a0Habitabilitat i el Certificat d&#8217;Efici\u00e8ncia Energ\u00e8tica.<\/li>\n<li>Promoci\u00f3 i publicaci\u00f3 de l&#8217;immoble<\/li>\n<li>Programaci\u00f3 de visites amb possibles compradors<\/li>\n<li>Un cop trobat el comprador o si ja el t\u00e9, ens\u00a0encarreguem de redactar el contracte d&#8217;arres o compravenda,\u00a0realitzar els tr\u00e0mits amb la not\u00e0ria, i fins i tot tramitar el pagament\u00a0de l&#8217;Impost sobre l&#8217;Increment del Valor de Terrenys de\u00a0Naturalesa Urbana (Plusv\u00e0lua)<\/li>\n<\/ul>\n<p>[\/vc_column_text]<div class=\" vc_custom_1520611709035 ult_buttons ubtn-ctn-left \"><a class=\"ubtn-link ult-adjust-bottom-margin ubtn-left ubtn-normal \"  rel='' href = \"#contact\" ><button type=\"button\" id=\"ubtn-7013\" class=\"ubtn ult-adjust-bottom-margin ult-responsive ubtn-normal ubtn-no-hover-bg  none  ubtn-left   tooltip-6a991f07456c3\"  data-hover=\"\" data-border-color=\"\" data-bg=\"#23413a\" data-hover-bg=\"#2d5e47\" data-border-hover=\"\" data-shadow-hover=\"\" data-shadow-click=\"none\" data-shadow=\"\" data-shd-shadow=\"\"  data-ultimate-target='#ubtn-7013'  data-responsive-json-new='{\"font-size\":\"\",\"line-height\":\"\"}'  style=\"font-weight:normal;border:none;background: #23413a;color: #ffffff;\"><span class=\"ubtn-hover\" style=\"background-color:#2d5e47\"><\/span><span class=\"ubtn-data ubtn-text \" >CONTACTE<\/span><\/button><\/a><\/div>[\/vc_column][\/vc_row][vc_row full_width=&#8221;stretch_row_content&#8221; equal_height=&#8221;yes&#8221; content_placement=&#8221;middle&#8221; el_class=&#8221;inverted&#8221;][vc_column width=&#8221;1\/2&#8243; css=&#8221;.vc_custom_1507135591067{padding-top: 60px !important;padding-right: 5% !important;padding-bottom: 60px !important;padding-left: 5% !important;background-color: #f4f7f8 !important;}&#8221;][vc_column_text]<\/p>\n<h2>Vol comprar una propietat?<\/h2>\n<p>[\/vc_column_text][vc_column_text]Accedeixi directament al<a style=\"text-decoration: underline; font-weight: bold;\" href=\"http:\/\/evajor.com\/ca\/cercador-dimmuebles\/\"> \u00a0cercador d&#8217;immobles<\/a>\u00a0 i tri\u00ef aquell que m\u00e9s s&#8217;ajusti al que busca o <a style=\"text-decoration: underline; font-weight: bold;\" href=\"#contact\">faciliti&#8217;ns les seves dades<\/a> i quan disposem d&#8217;un immoble similar, li enviarem la informaci\u00f3.<\/p>\n<p>Quan tingui l&#8217;immoble, ens encarreguem de tots els tr\u00e0mits jur\u00eddics i administratius (contracte d&#8217;arres, contracte de compravenda, gestions amb la not\u00e0ria i amb el registre, confecci\u00f3 i tramitaci\u00f3 dels impostos, &#8230;).<\/p>\n<p>Si l&#8217;immoble adquirit necessita alguna reforma, li facilitarem el contacte d&#8217;empreses especialitzades en el sector, sense cap comprom\u00eds.[\/vc_column_text]<div class=\" vc_custom_1520612135879 ult_buttons ubtn-ctn-left \"><a class=\"ubtn-link ult-adjust-bottom-margin ubtn-left ubtn-normal \"  rel='' href = \"#contact\" ><button type=\"button\" id=\"ubtn-6950\" class=\"ubtn ult-adjust-bottom-margin ult-responsive ubtn-normal ubtn-no-hover-bg  none  ubtn-left   tooltip-6a991f0745794\"  data-hover=\"\" data-border-color=\"\" data-bg=\"#23413a\" data-hover-bg=\"#2d5e47\" data-border-hover=\"\" data-shadow-hover=\"\" data-shadow-click=\"none\" data-shadow=\"\" data-shd-shadow=\"\"  data-ultimate-target='#ubtn-6950'  data-responsive-json-new='{\"font-size\":\"\",\"line-height\":\"\"}'  style=\"font-weight:normal;border:none;background: #23413a;color: #ffffff;\"><span class=\"ubtn-hover\" style=\"background-color:#2d5e47\"><\/span><span class=\"ubtn-data ubtn-text \" >CONTACTI AMB NOSALTRES<\/span><\/button><\/a><\/div>[\/vc_column][vc_column parallax=&#8221;content-moving&#8221; parallax_image=&#8221;268&#8243; width=&#8221;1\/2&#8243;][vc_empty_space height=&#8221;450px&#8221;][\/vc_column][\/vc_row][vc_row full_width=&#8221;stretch_row_content&#8221; equal_height=&#8221;yes&#8221; content_placement=&#8221;middle&#8221;][vc_column parallax=&#8221;content-moving&#8221; parallax_image=&#8221;267&#8243; width=&#8221;1\/2&#8243;][vc_empty_space height=&#8221;450px&#8221;][\/vc_column][vc_column width=&#8221;1\/2&#8243; css=&#8221;.vc_custom_1507135591067{padding-top: 60px !important;padding-right: 5% !important;padding-bottom: 60px !important;padding-left: 5% !important;background-color: #f4f7f8 !important;}&#8221;][vc_column_text]<\/p>\n<h2>Vol llogar la seva propietat?<\/h2>\n<p>[\/vc_column_text][vc_column_text]Contacti amb nosaltres per mantenir una primera reuni\u00f3.\u00a0Expliqui&#8217;ns quines s\u00f3n les seves necessitats i nosaltres li explicarem com treballem.<\/p>\n<p>Quan ens confi\u00ef el lloguer del seu immoble, nosaltres ens encarregarem de:<\/p>\n<ul>\n<li>Visitar per a fer el reportatge fotogr\u00e0fic.<\/li>\n<li>Pl\u00e0nol de l&#8217;estat.<\/li>\n<li>Gestionar, si cal, l&#8217;obtenci\u00f3 de la c\u00e8dula d&#8217;\u00a0Habitabilitat i el Certificat d&#8217;Efici\u00e8ncia Energ\u00e8tica.<\/li>\n<li>Promoci\u00f3 i publicaci\u00f3 de l&#8217;immoble<\/li>\n<li>Programaci\u00f3 de visites amb possibles llogaters.<\/li>\n<\/ul>\n<p>Un cop trobat el llogater o si ja el t\u00e9, ens encarreguem de redactar el contracte de lloguer, dipositar la fian\u00e7a, i fins i tot tramitar l&#8217;Impost de Transmissions Patrimonials i Actes Jur\u00eddics Documentats.<\/p>\n<p>Un cop signat el contracte, ens podem encarregar d&#8217;administrar la seva propietat. Els nostres honoraris per la gesti\u00f3 de patrimonis oscil\u00b7len entre el 4% i el 6% de la renda mensual que generen els seus immobles.[\/vc_column_text]<div class=\" vc_custom_1520612324368 ult_buttons ubtn-ctn-left \"><a class=\"ubtn-link ult-adjust-bottom-margin ubtn-left ubtn-normal \"  rel='' href = \"#contact\" ><button type=\"button\" id=\"ubtn-4422\" class=\"ubtn ult-adjust-bottom-margin ult-responsive ubtn-normal ubtn-no-hover-bg  none  ubtn-left   tooltip-6a991f07457fc\"  data-hover=\"\" data-border-color=\"\" data-bg=\"#23413a\" data-hover-bg=\"#2d5e47\" data-border-hover=\"\" data-shadow-hover=\"\" data-shadow-click=\"none\" data-shadow=\"\" data-shd-shadow=\"\"  data-ultimate-target='#ubtn-4422'  data-responsive-json-new='{\"font-size\":\"\",\"line-height\":\"\"}'  style=\"font-weight:normal;border:none;background: #23413a;color: #ffffff;\"><span class=\"ubtn-hover\" style=\"background-color:#2d5e47\"><\/span><span class=\"ubtn-data ubtn-text \" >CONTACTE<\/span><\/button><\/a><\/div>[\/vc_column][\/vc_row][vc_row full_width=&#8221;stretch_row&#8221; css=&#8221;.vc_custom_1519397529553{margin-top: 2.5em !important;background-color: #23413a !important;}&#8221; el_id=&#8221;contact&#8221;][vc_column][vc_column_text]<\/p>\n<h2 style=\"text-align: center;\"><span style=\"color: #ffffff;\">L\u2019ajudem a trobar el seu immoble<\/span><\/h2>\n<p style=\"text-align: center;\"><span style=\"font-size: 14pt; color: #ffffff;\">Deixi\u2019ns les seves dades i l\u2019ajudarem a trobar el que busca<\/span><\/p>\n<p>[\/vc_column_text][\/vc_column][\/vc_row][vc_row full_width=&#8221;stretch_row&#8221; css=&#8221;.vc_custom_1512941876853{margin-bottom: -60px !important;background-color: #23413a !important;}&#8221;][vc_column][vc_column_text]<\/p>\n<div class=\"form-w\">\n<div class=\"wpcf7 no-js\" id=\"wpcf7-f699-o1\" lang=\"es-ES\" dir=\"ltr\" data-wpcf7-id=\"699\">\n<div class=\"screen-reader-response\"><p role=\"status\" aria-live=\"polite\" aria-atomic=\"true\"><\/p> <ul><\/ul><\/div>\n<form action=\"\/ca\/wp-json\/wp\/v2\/pages\/741\/#wpcf7-f699-o1\" method=\"post\" class=\"wpcf7-form init wpcf7-acceptance-as-validation\" aria-label=\"Formulari de contacte\" novalidate=\"novalidate\" data-status=\"init\">\n<fieldset class=\"hidden-fields-container\"><input type=\"hidden\" name=\"_wpcf7\" value=\"699\" \/><input type=\"hidden\" name=\"_wpcf7_version\" value=\"6.1.5\" \/><input type=\"hidden\" name=\"_wpcf7_locale\" value=\"es_ES\" \/><input type=\"hidden\" name=\"_wpcf7_unit_tag\" value=\"wpcf7-f699-o1\" \/><input type=\"hidden\" name=\"_wpcf7_container_post\" value=\"0\" \/><input type=\"hidden\" name=\"_wpcf7_posted_data_hash\" value=\"\" \/><input type=\"hidden\" name=\"_wpcf7cf_hidden_group_fields\" value=\"[]\" \/><input type=\"hidden\" name=\"_wpcf7cf_hidden_groups\" value=\"[]\" \/><input type=\"hidden\" name=\"_wpcf7cf_visible_groups\" value=\"[]\" \/><input type=\"hidden\" name=\"_wpcf7cf_repeaters\" value=\"[]\" \/><input type=\"hidden\" name=\"_wpcf7cf_steps\" value=\"{}\" \/><input type=\"hidden\" name=\"_wpcf7cf_options\" value=\"{&quot;form_id&quot;:699,&quot;conditions&quot;:[],&quot;settings&quot;:{&quot;animation&quot;:&quot;yes&quot;,&quot;animation_intime&quot;:200,&quot;animation_outtime&quot;:200,&quot;conditions_ui&quot;:&quot;normal&quot;,&quot;notice_dismissed&quot;:false}}\" \/><input type=\"hidden\" name=\"_wpcf7_recaptcha_response\" value=\"\" \/>\n<\/fieldset>\n<div id=\"form-busca-inmuebles\">\n\t<div class=\"row\">\n\t\t<div class=\"col-sm-4\">\n\t\t\t<p><span class=\"wpcf7-form-control-wrap\" data-name=\"contacto\"><input size=\"40\" maxlength=\"400\" class=\"wpcf7-form-control wpcf7-text wpcf7-validates-as-required\" aria-required=\"true\" aria-invalid=\"false\" placeholder=\"Nom*\" value=\"\" type=\"text\" name=\"contacto\" \/><\/span>\n\t\t\t<\/p>\n\t\t<\/div>\n\t\t<div class=\"col-sm-4\">\n\t\t\t<p><span class=\"wpcf7-form-control-wrap\" data-name=\"tel-contacto\"><input size=\"40\" maxlength=\"400\" class=\"wpcf7-form-control wpcf7-tel wpcf7-validates-as-required wpcf7-text wpcf7-validates-as-tel\" aria-required=\"true\" aria-invalid=\"false\" placeholder=\"Tel\u00e8fon*\" value=\"\" type=\"tel\" name=\"tel-contacto\" \/><\/span>\n\t\t\t<\/p>\n\t\t<\/div>\n\t\t<div class=\"col-sm-4\">\n\t\t\t<p><span class=\"wpcf7-form-control-wrap\" data-name=\"email-contacto\"><input size=\"40\" maxlength=\"400\" class=\"wpcf7-form-control wpcf7-email wpcf7-validates-as-required wpcf7-text wpcf7-validates-as-email\" aria-required=\"true\" aria-invalid=\"false\" placeholder=\"Email*\" value=\"\" type=\"email\" name=\"email-contacto\" \/><\/span>\n\t\t\t<\/p>\n\t\t<\/div>\n\t<\/div>\n\t<div class=\"row\">\n\t\t<div class=\"col-sm-6\">\n\t\t\t<p><label for=\"\">Tipus d'operaci\u00f3<\/label><br \/>\n<span class=\"wpcf7-form-control-wrap\" data-name=\"menu-operacion\"><select class=\"wpcf7-form-control wpcf7-select wpcf7-validates-as-required\" aria-required=\"true\" aria-invalid=\"false\" name=\"menu-operacion\"><option value=\"\">Quina classe d&#039;operaci\u00f3 vols<\/option><option value=\"Lloguer\">Lloguer<\/option><option value=\"Compra\">Compra<\/option><option value=\"Venda\">Venda<\/option><\/select><\/span>\n\t\t\t<\/p>\n\t\t<\/div>\n\t\t<div class=\"col-sm-6\">\n\t\t\t<p><label for=\"\">Tipus d'Inmueble<\/label><br \/>\n<span class=\"wpcf7-form-control-wrap\" data-name=\"menu-tipo\"><select class=\"wpcf7-form-control wpcf7-select wpcf7-validates-as-required\" aria-required=\"true\" aria-invalid=\"false\" name=\"menu-tipo\"><option value=\"\">Escull el teu tipus d&#039;immoble ideal<\/option><option value=\"Habitatge\">Habitatge<\/option><option value=\"Oficina\">Oficina<\/option><option value=\"Local\">Local<\/option><option value=\"Pla\u00e7a Garatge\">Pla\u00e7a Garatge<\/option><\/select><\/span>\n\t\t\t<\/p>\n\t\t<\/div>\n\t<\/div>\n\t<div class=\"row\">\n\t\t<div class=\"col-sm-6\">\n\t\t\t<p><label for=\"\">Provincia<\/label><br \/>\n<span class=\"wpcf7-form-control-wrap\" data-name=\"menu-provincia\"><select class=\"wpcf7-form-control wpcf7-select wpcf7-validates-as-required\" aria-required=\"true\" aria-invalid=\"false\" name=\"menu-provincia\"><option value=\"\">Escull la Provincia que t&#039;interessi<\/option><option value=\"Barcelona\">Barcelona<\/option><option value=\"Girona\">Girona<\/option><option value=\"Lleida\">Lleida<\/option><option value=\"Tarragona\">Tarragona<\/option><\/select><\/span>\n\t\t\t<\/p>\n\t\t<\/div>\n\t\t<div data-id=\"grupo-barcelona\" data-orig_data_id=\"grupo-barcelona\"  class=\"\" data-class=\"wpcf7cf_group\">\n\t\t\t<fieldset>\n\t\t\t\t<p><label for=\"\">Comarca<\/label><br \/>\n<span class=\"wpcf7-form-control-wrap\" data-name=\"menu-comarca-barcelona\"><select class=\"wpcf7-form-control wpcf7-select\" aria-invalid=\"false\" name=\"menu-comarca-barcelona\"><option value=\"\">Escull la teva comarca<\/option><option value=\"Alt Pened\u00e8s\">Alt Pened\u00e8s<\/option><option value=\"Anoia\">Anoia<\/option><option value=\"Bages\">Bages<\/option><option value=\"Baix Llobregat\">Baix Llobregat<\/option><option value=\"Barcelon\u00e8s\">Barcelon\u00e8s<\/option><option value=\"Bergued\u00e0\">Bergued\u00e0<\/option><option value=\"Garraf\">Garraf<\/option><option value=\"Maresme\">Maresme<\/option><option value=\"Moian\u00e8s\">Moian\u00e8s<\/option><option value=\"Osona\">Osona<\/option><option value=\"Vall\u00e8s Occidental\">Vall\u00e8s Occidental<\/option><option value=\"Vall\u00e8s Oriental\">Vall\u00e8s Oriental<\/option><\/select><\/span>\n\t\t\t\t<\/p>\n\t\t\t<\/fieldset>\n\t\t<\/div>\n\t\t<div data-id=\"grupo-gerona\" data-orig_data_id=\"grupo-gerona\"  class=\"\" data-class=\"wpcf7cf_group\">\n\t\t\t<fieldset>\n\t\t\t\t<p><label for=\"\">Comarca<\/label><br \/>\n<span class=\"wpcf7-form-control-wrap\" data-name=\"menu-comarca-gerona\"><select class=\"wpcf7-form-control wpcf7-select\" aria-invalid=\"false\" name=\"menu-comarca-gerona\"><option value=\"\">Escull la teva comarca<\/option><option value=\"Alt Empord\u00e0\">Alt Empord\u00e0<\/option><option value=\"Baix Empord\u00e0\">Baix Empord\u00e0<\/option><option value=\"Baixa Cerdanya\">Baixa Cerdanya<\/option><option value=\"La Garrotxa\">La Garrotxa<\/option><option value=\"Giron\u00e8s\">Giron\u00e8s<\/option><option value=\"Osana\">Osana<\/option><option value=\"Ripoll\u00e8s\">Ripoll\u00e8s<\/option><option value=\"Pla de l&#039;Estany\">Pla de l&#039;Estany<\/option><option value=\"La Selva\">La Selva<\/option><\/select><\/span>\n\t\t\t\t<\/p>\n\t\t\t<\/fieldset>\n\t\t<\/div>\n\t\t<div data-id=\"grupo-lerida\" data-orig_data_id=\"grupo-lerida\"  class=\"\" data-class=\"wpcf7cf_group\">\n\t\t\t<fieldset>\n\t\t\t\t<p><label for=\"\">Comarca<\/label><br \/>\n<span class=\"wpcf7-form-control-wrap\" data-name=\"menu-comarca-lerida\"><select class=\"wpcf7-form-control wpcf7-select\" aria-invalid=\"false\" name=\"menu-comarca-lerida\"><option value=\"\">Escull la teva comarca<\/option><option value=\"Alta Ribagor\u00e7a\">Alta Ribagor\u00e7a<\/option><option value=\"Alt Urgell\">Alt Urgell<\/option><option value=\"Baixa Cerdanya\">Baixa Cerdanya<\/option><option value=\"Les Garrigues\">Les Garrigues<\/option><option value=\"Noguera\">Noguera<\/option><option value=\"Pallars Juss\u00e0\">Pallars Juss\u00e0<\/option><option value=\"Pallars Sobir\u00e0\">Pallars Sobir\u00e0<\/option><option value=\"Plana Urgell\">Plana Urgell<\/option><option value=\"Segarra\">Segarra<\/option><option value=\"Segri\u00e0\">Segri\u00e0<\/option><option value=\"Solson\u00e8s\">Solson\u00e8s<\/option><option value=\"Urgell\">Urgell<\/option><option value=\"Vall d&#039;Ar\u00e1n\">Vall d&#039;Ar\u00e1n<\/option><\/select><\/span>\n\t\t\t\t<\/p>\n\t\t\t<\/fieldset>\n\t\t<\/div>\n\t\t<div data-id=\"grupo-tarragona\" data-orig_data_id=\"grupo-tarragona\"  class=\"\" data-class=\"wpcf7cf_group\">\n\t\t\t<fieldset>\n\t\t\t\t<p><label for=\"\">Comarca<\/label><br \/>\n<span class=\"wpcf7-form-control-wrap\" data-name=\"menu-comarca-tarragona\"><select class=\"wpcf7-form-control wpcf7-select\" aria-invalid=\"false\" name=\"menu-comarca-tarragona\"><option value=\"\">Escoge tu comarca<\/option><option value=\"Alt Camp\">Alt Camp<\/option><option value=\"Baix Camp\">Baix Camp<\/option><option value=\"Baix Ebre\">Baix Ebre<\/option><option value=\"Baix Pened\u00e8s\">Baix Pened\u00e8s<\/option><option value=\"Conca de Barber\u00e0\">Conca de Barber\u00e0<\/option><option value=\"Ribera d&#039;Ebre\">Ribera d&#039;Ebre<\/option><option value=\"Montsi\u00e0\">Montsi\u00e0<\/option><option value=\"Priorat\">Priorat<\/option><option value=\"Tarragon\u00e8s\">Tarragon\u00e8s<\/option><option value=\"Terra Alta\">Terra Alta<\/option><\/select><\/span>\n\t\t\t\t<\/p>\n\t\t\t<\/fieldset>\n\t\t<\/div>\n\t\t<div class=\"col-sm-6\">\n\t\t\t<p><label for=\"\">Zona<\/label><br \/>\n<span class=\"wpcf7-form-control-wrap\" data-name=\"zona\"><input size=\"40\" maxlength=\"400\" class=\"wpcf7-form-control wpcf7-text wpcf7-validates-as-required\" aria-required=\"true\" aria-invalid=\"false\" placeholder=\"Indica&#039;ns la zona en la que estas interessat\/da\" value=\"\" type=\"text\" name=\"zona\" \/><\/span>\n\t\t\t<\/p>\n\t\t<\/div>\n\t<\/div>\n\t<div class=\"row\">\n\t\t<div class=\"col-sm-12\">\n\t\t\t<p><span class=\"wpcf7-form-control-wrap\" data-name=\"peticion\"><textarea cols=\"40\" rows=\"4\" maxlength=\"2000\" class=\"wpcf7-form-control wpcf7-textarea\" aria-invalid=\"false\" placeholder=\"Explica&#039;ns que \u00e9s el que est\u00e0s buscant amb les teves paraules\" name=\"peticion\"><\/textarea><\/span>\n\t\t\t<\/p>\n\t\t<\/div>\n\t<\/div>\n\t<div class=\"legal-container cf7-white\">\n\t\t<div class=\"aviso-legal\">\n\t\t\t<p><span class=\"wpcf7-form-control-wrap\" data-name=\"acceptance\"><span class=\"wpcf7-form-control wpcf7-acceptance\"><span class=\"wpcf7-list-item\"><input type=\"checkbox\" name=\"acceptance\" value=\"1\" aria-invalid=\"false\" \/><\/span><\/span><\/span>He llegit i accepto la <a rel=\"nofollow\" class=\"aviso-legal-link\" href=\"https:\/\/evajor.com\/aviso-legal\/\" target=\"_blank\">pol\u00edtica de privacitat<\/a>\n\t\t\t<\/p>\n\t\t<\/div>\n\t\t<p><input class=\"wpcf7-form-control wpcf7-submit has-spinner et_pb_contact_submit et_pb_button\" type=\"submit\" value=\"Enviar\" \/>\n\t\t<\/p>\n\t\t<div class=\"new-legal-text\">\n\t\t\t<p><strong>Informaci\u00f3 b\u00e0sica de protecci\u00f3 de dades:<\/strong><br \/>\n<strong>Responsable<\/strong>: Evajor SL, sent la <strong>Finalitat:<\/strong> la resoluci\u00f3 de la teva dubte i l'enviament de les meves publicacions aix\u00ed com correus comercials. <strong>La Legitimaci\u00f3:<\/strong> \u00e9s gr\u00e0cies al teu consentiment. <strong>destinataris<\/strong>: les dades es troben allotjats al nostre servidor, propietat de Hostalia (Telef\u00f3nica Soluciones De Inform\u00e1tica Y Comunicaciones De Espa\u00f1a S A U), ubicat a Europa. podr\u00e0s exercir. <strong>Els teus Drets d'Acc\u00e9s, Rectificaci\u00f3, Limitaci\u00f3 o suprimir<\/strong> teves dades en <a href=\"mailto:info@evajor.com\">info@evajor.com<\/a>. Per a m\u00e9s informaci\u00f3 consulti la nostra <a rel=\"nofollow\" href=\"https:\/\/evajor.com\/ca\/avis-legal\/\/\" target=\"_blank\">pol\u00edtica de privacitat i av\u00eds legal<\/a>\n\t\t\t<\/p>\n\t\t<\/div>\n\t<\/div>\n<\/div>\n<div class=\"hide\" style=\"display:none;\">\n\t<p><span class=\"wpcf7-form-control-wrap\" data-name=\"url-pagina\"><input size=\"40\" maxlength=\"400\" class=\"wpcf7-form-control wpcf7-url wpcf7-text wpcf7-validates-as-url\" aria-invalid=\"false\" value=\"\" type=\"url\" name=\"url-pagina\" \/><\/span>\n\t<\/p>\n<\/div>\n<p><script>\n\tjQuery(\".wpcf7-url\").val(window.location.href);\n<\/script>\n<\/p><p style=\"display: none !important;\" class=\"akismet-fields-container\" data-prefix=\"_wpcf7_ak_\"><label>&#916;<textarea name=\"_wpcf7_ak_hp_textarea\" cols=\"45\" rows=\"8\" maxlength=\"100\"><\/textarea><\/label><input type=\"hidden\" id=\"ak_js_1\" name=\"_wpcf7_ak_js\" value=\"36\"\/><script>document.getElementById( \"ak_js_1\" ).setAttribute( \"value\", ( new Date() ).getTime() );<\/script><\/p><input type='hidden' class='wpcf7-pum' value='{\"closepopup\":false,\"closedelay\":0,\"openpopup\":false,\"openpopup_id\":0}' \/><div class=\"wpcf7-response-output\" aria-hidden=\"true\"><\/div>\n<\/form>\n<\/div>\n<\/div>\n<p>[\/vc_column_text][\/vc_column][\/vc_row]<\/p>\n","protected":false},"excerpt":{"rendered":"<p>[vc_row full_width=&#8221;stretch_row&#8221; parallax=&#8221;content-moving&#8221; parallax_image=&#8221;316&#8243; css=&#8221;.vc_custom_1512371745386{padding-top: 60px !important;padding-bottom: 60px !important;}&#8221;][vc_column][vc_custom_heading text=&#8221;Vendes i Lloguers&#8221; font_container=&#8221;tag:h2|text_align:center|color:%23ffffff&#8221; use_theme_fonts=&#8221;yes&#8221; css_animation=&#8221;fadeInDown&#8221;][vc_separator color=&#8221;green&#8221; el_width=&#8221;20&#8243; css_animation=&#8221;fadeInUp&#8221;][vc_column_text] EVAJOR es compon de professionals que estan a la seva disposici\u00f3, tant telef\u00f2nica com presencialment al despatx professional, amb cita concertada, en les diferents \u00e0rees de pr\u00e0ctica: [\/vc_column_text][\/vc_column][\/vc_row][vc_row full_width=&#8221;stretch_row_content&#8221; equal_height=&#8221;yes&#8221; content_placement=&#8221;middle&#8221;][vc_column parallax=&#8221;content-moving&#8221; parallax_image=&#8221;269&#8243; parallax_speed_bg=&#8221;1&#8243; width=&#8221;1\/2&#8243;][vc_empty_space height=&#8221;450px&#8221;][\/vc_column][vc_column width=&#8221;1\/2&#8243; css=&#8221;.vc_custom_1507135591067{padding-top: 60px !important;padding-right: 5% !important;padding-bottom: 60px !important;padding-left: 5% !important;background-color: &#8230;<\/p>\n","protected":false},"author":6,"featured_media":0,"parent":0,"menu_order":0,"comment_status":"closed","ping_status":"closed","template":"","meta":{"_joinchat":[],"footnotes":""},"class_list":["post-741","page","type-page","status-publish","hentry"],"yoast_head":"<!-- This site is optimized with the Yoast SEO plugin v17.9 - https:\/\/yoast.com\/wordpress\/plugins\/seo\/ -->\n<meta name=\"robots\" content=\"index, follow, max-snippet:-1, max-image-preview:large, max-video-preview:-1\" \/>\n<link rel=\"canonical\" href=\"https:\/\/evajor.com\/ca\/ventas-y-alquileres\/\" \/>\n<meta property=\"og:locale\" content=\"ca_ES\" \/>\n<meta property=\"og:type\" content=\"article\" \/>\n<meta property=\"og:title\" content=\"Vendes i Lloguers - Evajor - Abogados &amp; Administradores de Fincas en Barcelona\" \/>\n<meta property=\"og:description\" content=\"[vc_row full_width=&#8221;stretch_row&#8221; parallax=&#8221;content-moving&#8221; parallax_image=&#8221;316&#8243; css=&#8221;.vc_custom_1512371745386{padding-top: 60px !important;padding-bottom: 60px !important;}&#8221;][vc_column][vc_custom_heading text=&#8221;Vendes i Lloguers&#8221; font_container=&#8221;tag:h2|text_align:center|color:%23ffffff&#8221; use_theme_fonts=&#8221;yes&#8221; css_animation=&#8221;fadeInDown&#8221;][vc_separator color=&#8221;green&#8221; el_width=&#8221;20&#8243; css_animation=&#8221;fadeInUp&#8221;][vc_column_text] EVAJOR es compon de professionals que estan a la seva disposici\u00f3, tant telef\u00f2nica com presencialment al despatx professional, amb cita concertada, en les diferents \u00e0rees de pr\u00e0ctica: [\/vc_column_text][\/vc_column][\/vc_row][vc_row full_width=&#8221;stretch_row_content&#8221; equal_height=&#8221;yes&#8221; content_placement=&#8221;middle&#8221;][vc_column parallax=&#8221;content-moving&#8221; parallax_image=&#8221;269&#8243; parallax_speed_bg=&#8221;1&#8243; width=&#8221;1\/2&#8243;][vc_empty_space height=&#8221;450px&#8221;][\/vc_column][vc_column width=&#8221;1\/2&#8243; css=&#8221;.vc_custom_1507135591067{padding-top: 60px !important;padding-right: 5% !important;padding-bottom: 60px !important;padding-left: 5% !important;background-color: ...\" \/>\n<meta property=\"og:url\" content=\"https:\/\/evajor.com\/ca\/ventas-y-alquileres\/\" \/>\n<meta property=\"og:site_name\" content=\"Evajor - Abogados &amp; Administradores de Fincas en Barcelona\" \/>\n<meta property=\"article:modified_time\" content=\"2018-03-09T16:55:48+00:00\" \/>\n<meta name=\"twitter:card\" content=\"summary_large_image\" \/>\n<meta name=\"twitter:label1\" content=\"Temps estimat de lectura\" \/>\n\t<meta name=\"twitter:data1\" content=\"4 minuts\" \/>\n<script type=\"application\/ld+json\" class=\"yoast-schema-graph\">{\"@context\":\"https:\/\/schema.org\",\"@graph\":[{\"@type\":\"WebSite\",\"@id\":\"https:\/\/evajor.com\/#website\",\"url\":\"https:\/\/evajor.com\/\",\"name\":\"Evajor - Abogados &amp; Administradores de Fincas en Barcelona\",\"description\":\"En Evajor nacimos con la vocaci\\u00f3n de servicio al cliente y, hoy en d\\u00eda, encontrar soluciones a medida es nuestra mejor carta de presentaci\\u00f3n.\",\"potentialAction\":[{\"@type\":\"SearchAction\",\"target\":{\"@type\":\"EntryPoint\",\"urlTemplate\":\"https:\/\/evajor.com\/?s={search_term_string}\"},\"query-input\":\"required name=search_term_string\"}],\"inLanguage\":\"ca\"},{\"@type\":\"WebPage\",\"@id\":\"https:\/\/evajor.com\/ca\/ventas-y-alquileres\/#webpage\",\"url\":\"https:\/\/evajor.com\/ca\/ventas-y-alquileres\/\",\"name\":\"Vendes i Lloguers - Evajor - Abogados &amp; Administradores de Fincas en Barcelona\",\"isPartOf\":{\"@id\":\"https:\/\/evajor.com\/#website\"},\"datePublished\":\"2018-03-05T16:31:15+00:00\",\"dateModified\":\"2018-03-09T16:55:48+00:00\",\"breadcrumb\":{\"@id\":\"https:\/\/evajor.com\/ca\/ventas-y-alquileres\/#breadcrumb\"},\"inLanguage\":\"ca\",\"potentialAction\":[{\"@type\":\"ReadAction\",\"target\":[\"https:\/\/evajor.com\/ca\/ventas-y-alquileres\/\"]}]},{\"@type\":\"BreadcrumbList\",\"@id\":\"https:\/\/evajor.com\/ca\/ventas-y-alquileres\/#breadcrumb\",\"itemListElement\":[{\"@type\":\"ListItem\",\"position\":1,\"name\":\"Portada\",\"item\":\"https:\/\/evajor.com\/ca\/\"},{\"@type\":\"ListItem\",\"position\":2,\"name\":\"Vendes i Lloguers\"}]}]}<\/script>\n<!-- \/ Yoast SEO plugin. -->","yoast_head_json":{"robots":{"index":"index","follow":"follow","max-snippet":"max-snippet:-1","max-image-preview":"max-image-preview:large","max-video-preview":"max-video-preview:-1"},"canonical":"https:\/\/evajor.com\/ca\/ventas-y-alquileres\/","og_locale":"ca_ES","og_type":"article","og_title":"Vendes i Lloguers - Evajor - Abogados &amp; Administradores de Fincas en Barcelona","og_description":"[vc_row full_width=&#8221;stretch_row&#8221; parallax=&#8221;content-moving&#8221; parallax_image=&#8221;316&#8243; css=&#8221;.vc_custom_1512371745386{padding-top: 60px !important;padding-bottom: 60px !important;}&#8221;][vc_column][vc_custom_heading text=&#8221;Vendes i Lloguers&#8221; font_container=&#8221;tag:h2|text_align:center|color:%23ffffff&#8221; use_theme_fonts=&#8221;yes&#8221; css_animation=&#8221;fadeInDown&#8221;][vc_separator color=&#8221;green&#8221; el_width=&#8221;20&#8243; css_animation=&#8221;fadeInUp&#8221;][vc_column_text] EVAJOR es compon de professionals que estan a la seva disposici\u00f3, tant telef\u00f2nica com presencialment al despatx professional, amb cita concertada, en les diferents \u00e0rees de pr\u00e0ctica: [\/vc_column_text][\/vc_column][\/vc_row][vc_row full_width=&#8221;stretch_row_content&#8221; equal_height=&#8221;yes&#8221; content_placement=&#8221;middle&#8221;][vc_column parallax=&#8221;content-moving&#8221; parallax_image=&#8221;269&#8243; parallax_speed_bg=&#8221;1&#8243; width=&#8221;1\/2&#8243;][vc_empty_space height=&#8221;450px&#8221;][\/vc_column][vc_column width=&#8221;1\/2&#8243; css=&#8221;.vc_custom_1507135591067{padding-top: 60px !important;padding-right: 5% !important;padding-bottom: 60px !important;padding-left: 5% !important;background-color: ...","og_url":"https:\/\/evajor.com\/ca\/ventas-y-alquileres\/","og_site_name":"Evajor - Abogados &amp; Administradores de Fincas en Barcelona","article_modified_time":"2018-03-09T16:55:48+00:00","twitter_card":"summary_large_image","twitter_misc":{"Temps estimat de lectura":"4 minuts"},"schema":{"@context":"https:\/\/schema.org","@graph":[{"@type":"WebSite","@id":"https:\/\/evajor.com\/#website","url":"https:\/\/evajor.com\/","name":"Evajor - Abogados &amp; Administradores de Fincas en Barcelona","description":"En Evajor nacimos con la vocaci\u00f3n de servicio al cliente y, hoy en d\u00eda, encontrar soluciones a medida es nuestra mejor carta de presentaci\u00f3n.","potentialAction":[{"@type":"SearchAction","target":{"@type":"EntryPoint","urlTemplate":"https:\/\/evajor.com\/?s={search_term_string}"},"query-input":"required name=search_term_string"}],"inLanguage":"ca"},{"@type":"WebPage","@id":"https:\/\/evajor.com\/ca\/ventas-y-alquileres\/#webpage","url":"https:\/\/evajor.com\/ca\/ventas-y-alquileres\/","name":"Vendes i Lloguers - Evajor - Abogados &amp; Administradores de Fincas en Barcelona","isPartOf":{"@id":"https:\/\/evajor.com\/#website"},"datePublished":"2018-03-05T16:31:15+00:00","dateModified":"2018-03-09T16:55:48+00:00","breadcrumb":{"@id":"https:\/\/evajor.com\/ca\/ventas-y-alquileres\/#breadcrumb"},"inLanguage":"ca","potentialAction":[{"@type":"ReadAction","target":["https:\/\/evajor.com\/ca\/ventas-y-alquileres\/"]}]},{"@type":"BreadcrumbList","@id":"https:\/\/evajor.com\/ca\/ventas-y-alquileres\/#breadcrumb","itemListElement":[{"@type":"ListItem","position":1,"name":"Portada","item":"https:\/\/evajor.com\/ca\/"},{"@type":"ListItem","position":2,"name":"Vendes i Lloguers"}]}]}},"_links":{"self":[{"href":"https:\/\/evajor.com\/ca\/wp-json\/wp\/v2\/pages\/741\/"}],"collection":[{"href":"https:\/\/evajor.com\/ca\/wp-json\/wp\/v2\/pages\/"}],"about":[{"href":"https:\/\/evajor.com\/ca\/wp-json\/wp\/v2\/types\/page\/"}],"author":[{"embeddable":true,"href":"https:\/\/evajor.com\/ca\/wp-json\/wp\/v2\/users\/6\/"}],"replies":[{"embeddable":true,"href":"https:\/\/evajor.com\/ca\/wp-json\/wp\/v2\/comments\/?post=741"}],"version-history":[{"count":0,"href":"https:\/\/evajor.com\/ca\/wp-json\/wp\/v2\/pages\/741\/revisions\/"}],"wp:attachment":[{"href":"https:\/\/evajor.com\/ca\/wp-json\/wp\/v2\/media\/?parent=741"}],"curies":[{"name":"wp","href":"https:\/\/api.w.org\/{rel}","templated":true}]}}