{"id":739,"date":"2018-03-05T16:30:43","date_gmt":"2018-03-05T16:30:43","guid":{"rendered":"http:\/\/localhost\/evajorv1\/?page_id=739"},"modified":"2025-04-14T13:09:03","modified_gmt":"2025-04-14T11:09:03","slug":"la-nostra-historia","status":"publish","type":"page","link":"https:\/\/evajor.com\/ca\/la-nostra-historia\/","title":{"rendered":"La Nostra Historia"},"content":{"rendered":"<p>[vc_row full_width=&#8221;stretch_row&#8221; parallax=&#8221;content-moving&#8221; parallax_image=&#8221;314&#8243; css=&#8221;.vc_custom_1512371573759{padding-top: 60px !important;padding-bottom: 60px !important;}&#8221;][vc_column][vc_custom_heading text=&#8221;La nostra hist\u00f2ria&#8221; font_container=&#8221;tag:h2|text_align:center|color:%23ffffff&#8221; use_theme_fonts=&#8221;yes&#8221; css_animation=&#8221;fadeInDown&#8221;][vc_separator color=&#8221;green&#8221; el_width=&#8221;20&#8243; css_animation=&#8221;fadeInUp&#8221;][vc_column_text]<\/p>\n<p style=\"text-align: center; color: white;\">Ens agradaria que aprengu\u00e9s una mica m\u00e9s de nosaltres, per aix\u00f2 el convidem a que descobreixi la nostra hist\u00f2ria:<\/p>\n<p>[\/vc_column_text][\/vc_column][\/vc_row][vc_row full_width=&#8221;stretch_row_content&#8221; equal_height=&#8221;yes&#8221; content_placement=&#8221;middle&#8221;][vc_column parallax=&#8221;content-moving&#8221; parallax_image=&#8221;493&#8243; width=&#8221;1\/2&#8243;][vc_empty_space height=&#8221;450px&#8221;][\/vc_column][vc_column width=&#8221;1\/2&#8243; css=&#8221;.vc_custom_1507135591067{padding-top: 60px !important;padding-right: 5% !important;padding-bottom: 60px !important;padding-left: 5% !important;background-color: #f4f7f8 !important;}&#8221;][vc_column_text]<\/p>\n<h2><strong>Inici<\/strong><\/h2>\n<p>[\/vc_column_text][vc_column_text]EVAJOR es va crear el 1994, per Esmeralda Guerrero, graduada social, i Jos\u00e9 Rodr\u00edguez, advocat, amb l\u2019 intenci\u00f3 de donar serveis jur\u00eddics, principalment, a funcionaris, assist\u00e8ncia en els accidents de tr\u00e0nsit, i davant les multes als conductors.<\/p>\n<p>Les amistats, la fam\u00edlia i els cercles pr\u00f2xims van ser imprescindibles en aquest moment, ajudant al creixement de l&#8217;empresa, per a donar-la a con\u00e8ixer al p\u00fablic. Poc a poc es van anar ampliant els serveis oferts, obrint un departament d&#8217;administraci\u00f3 de finques i gesti\u00f3 immobili\u00e0ria.<\/p>\n<p>Jos\u00e9 Rodr\u00edguez va abandonar el projecte, per un canvi de rumb professional, moment en que es va incorporar Eva Rodr\u00edguez Guerrero, llicenciada en dret per la Universitat Pompeu Fabra, qui va compaginar la feina amb un M\u00e0ster de Dret Internacional dels Negocis (ESADE) i posteriorment, un Postgrau d&#8217;Especialitzaci\u00f3 en Litigis Civils (IDEC-UPF), aix\u00ed com altres cursos i confer\u00e8ncies impartits a l&#8217;Il\u00b7lustre Col\u00b7legi d&#8217;Advocats de Barcelona i el Col\u00b7legi d&#8217;Administradors de Finques de Barcelona i Lleida.<\/p>\n<p>El 2015, despr\u00e9s d&#8217;haver consolidat el negoci, i despr\u00e9s de m\u00e9s de 10 anys en un petit despatx, vam iniciar una nova etapa amb la recerca d&#8217;unes noves instal\u00b7lacions on, tant els nostres treballadors com els nostres clients, es sentissin c\u00f2modes.<\/p>\n<p>L&#8217;agilitat i la contribuci\u00f3 amb la conservaci\u00f3 del medi ambient, s\u00f3n compromisos que hem assumit com a imprescindibles, i veiem en l&#8217;aplicaci\u00f3 de les noves tecnologies, una ajuda necess\u00e0ria per a la consecuci\u00f3 d&#8217;aquests its, sense oblidar-nos que la comunicaci\u00f3 directa i presencial \u00e9s imprescindible per a un relaci\u00f3 propera amb el client.[\/vc_column_text][\/vc_column][\/vc_row][vc_row full_width=&#8221;stretch_row_content&#8221; equal_height=&#8221;yes&#8221; content_placement=&#8221;middle&#8221; el_class=&#8221;inverted&#8221;][vc_column width=&#8221;1\/2&#8243; css=&#8221;.vc_custom_1507135591067{padding-top: 60px !important;padding-right: 5% !important;padding-bottom: 60px !important;padding-left: 5% !important;background-color: #f4f7f8 !important;}&#8221;][vc_column_text]<\/p>\n<h2><strong>Nova ubicaci\u00f3<\/strong><\/h2>\n<p>[\/vc_column_text][vc_column_text]Ara que ja estem instal\u00b7lats en unes ubicacions m\u00e9s \u00e0mplies i c\u00f2modes pels nostres clients, vam comen\u00e7ar un nou projecte tecnol\u00f2gic.<\/p>\n<p>Aquesta web \u00e9s el principi de l&#8217;avan\u00e7 tecnol\u00f2gic de EVAJOR, per i per a vost\u00e8. La p\u00e0gina web \u00e9s l&#8217;entrada a la nostra empresa.\u00a0Volem que es senti benvingut, senti c\u00f2mode, perqu\u00e8 per a nosaltres \u00e9s un plaer que visiti casa nostra.[\/vc_column_text][\/vc_column][vc_column parallax=&#8221;content-moving&#8221; parallax_image=&#8221;561&#8243; width=&#8221;1\/2&#8243;][vc_empty_space height=&#8221;450px&#8221;][\/vc_column][\/vc_row][vc_row full_width=&#8221;stretch_row_content&#8221; equal_height=&#8221;yes&#8221; content_placement=&#8221;middle&#8221;][vc_column parallax=&#8221;content-moving&#8221; parallax_image=&#8221;276&#8243; width=&#8221;1\/2&#8243;][vc_empty_space height=&#8221;450px&#8221;][\/vc_column][vc_column width=&#8221;1\/2&#8243; css=&#8221;.vc_custom_1507135591067{padding-top: 60px !important;padding-right: 5% !important;padding-bottom: 60px !important;padding-left: 5% !important;background-color: #f4f7f8 !important;}&#8221;][vc_column_text][\/vc_column_text][vc_column_text][\/vc_column_text][\/vc_column][\/vc_row][vc_row full_width=&#8221;stretch_row_content&#8221; equal_height=&#8221;yes&#8221; content_placement=&#8221;middle&#8221; el_class=&#8221;inverted&#8221;][vc_column width=&#8221;1\/2&#8243; css=&#8221;.vc_custom_1507135591067{padding-top: 60px !important;padding-right: 5% !important;padding-bottom: 60px !important;padding-left: 5% !important;background-color: #f4f7f8 !important;}&#8221;][vc_column_text]<\/p>\n<h2>Ana Garc\u00eda<\/h2>\n<p>[\/vc_column_text][vc_column_text]Llicenciada en Ci\u00e8ncies Empresarials i en Administraci\u00f3 i Direcci\u00f3 d&#8217;Empreses.<\/p>\n<p>T\u00e9 experi\u00e8ncia en gesti\u00f3 comptable, administraci\u00f3 i fiscalitat, destacant principalment la col\u00b7laboraci\u00f3 en equip i la coordinaci\u00f3 de tasques.\u00a0Tramita a m\u00e9s, juntament amb l&#8217;administradora, la propietat horitzontal i vertical.[\/vc_column_text][\/vc_column][vc_column parallax=&#8221;content-moving&#8221; parallax_image=&#8221;280&#8243; parallax_speed_bg=&#8221;1&#8243; width=&#8221;1\/2&#8243;][vc_empty_space height=&#8221;450px&#8221;][\/vc_column][\/vc_row][vc_row full_width=&#8221;stretch_row&#8221; bg_type=&#8221;bg_color&#8221; css=&#8221;.vc_custom_1630489800159{margin-bottom: -60px !important;background-color: #23413a !important;}&#8221; bg_color_value=&#8221;#23413a&#8221;][vc_column][vc_column_text]<\/p>\n<h2 style=\"text-align: center; color: white;\"><strong>Contacta amb nosaltres<\/strong><\/h2>\n<p>[\/vc_column_text][vc_column_text]<\/p>\n<p style=\"text-align: center; color: white;\"><span style=\"font-size: 14pt;\">Posi&#8217;s en contacte amb nosaltres per obtenir m\u00e9s informaci\u00f3 sobre els nostres serveis. Els nostres assessors tractaran cada cas particular amb l&#8217;atenci\u00f3 merescuda i li proporcionaran un servei jur\u00eddic excepcional.<br \/>\n<\/span><\/p>\n<p>[\/vc_column_text][vc_column_text el_class=&#8221;cf7-white&#8221;]<\/p>\n<div class=\"form-w\" style=\"text-align: left;\">\n<div class=\"wpcf7 no-js\" id=\"wpcf7-f698-o1\" lang=\"es-ES\" dir=\"ltr\" data-wpcf7-id=\"698\">\n<div class=\"screen-reader-response\"><p role=\"status\" aria-live=\"polite\" aria-atomic=\"true\"><\/p> <ul><\/ul><\/div>\n<form action=\"\/ca\/wp-json\/wp\/v2\/pages\/739\/#wpcf7-f698-o1\" method=\"post\" class=\"wpcf7-form init wpcf7-acceptance-as-validation\" aria-label=\"Formulari de contacte\" novalidate=\"novalidate\" data-status=\"init\">\n<fieldset class=\"hidden-fields-container\"><input type=\"hidden\" name=\"_wpcf7\" value=\"698\" \/><input type=\"hidden\" name=\"_wpcf7_version\" value=\"6.1.5\" \/><input type=\"hidden\" name=\"_wpcf7_locale\" value=\"es_ES\" \/><input type=\"hidden\" name=\"_wpcf7_unit_tag\" value=\"wpcf7-f698-o1\" \/><input type=\"hidden\" name=\"_wpcf7_container_post\" value=\"0\" \/><input type=\"hidden\" name=\"_wpcf7_posted_data_hash\" value=\"\" \/><input type=\"hidden\" name=\"_wpcf7cf_hidden_group_fields\" value=\"[]\" \/><input type=\"hidden\" name=\"_wpcf7cf_hidden_groups\" value=\"[]\" \/><input type=\"hidden\" name=\"_wpcf7cf_visible_groups\" value=\"[]\" \/><input type=\"hidden\" name=\"_wpcf7cf_repeaters\" value=\"[]\" \/><input type=\"hidden\" name=\"_wpcf7cf_steps\" value=\"{}\" \/><input type=\"hidden\" name=\"_wpcf7cf_options\" value=\"{&quot;form_id&quot;:698,&quot;conditions&quot;:[],&quot;settings&quot;:{&quot;animation&quot;:&quot;yes&quot;,&quot;animation_intime&quot;:200,&quot;animation_outtime&quot;:200,&quot;conditions_ui&quot;:&quot;normal&quot;,&quot;notice_dismissed&quot;:false}}\" \/><input type=\"hidden\" name=\"_wpcf7_recaptcha_response\" value=\"\" \/>\n<\/fieldset>\n<div class=\"row\">\n\t<div class=\"col-sm-4\">\n\t\t<p><span class=\"wpcf7-form-control-wrap\" data-name=\"your-name\"><input size=\"40\" maxlength=\"400\" class=\"wpcf7-form-control wpcf7-text wpcf7-validates-as-required\" aria-required=\"true\" aria-invalid=\"false\" placeholder=\"Nom\" value=\"\" type=\"text\" name=\"your-name\" \/><\/span>\n\t\t<\/p>\n\t<\/div>\n\t<div class=\"col-sm-4\">\n\t\t<p><span class=\"wpcf7-form-control-wrap\" data-name=\"your-email\"><input size=\"40\" maxlength=\"400\" class=\"wpcf7-form-control wpcf7-email wpcf7-validates-as-required wpcf7-text wpcf7-validates-as-email\" aria-required=\"true\" aria-invalid=\"false\" placeholder=\"Email\" value=\"\" type=\"email\" name=\"your-email\" \/><\/span>\n\t\t<\/p>\n\t<\/div>\n\t<div class=\"col-sm-4\">\n\t\t<p><span class=\"wpcf7-form-control-wrap\" data-name=\"tel\"><input size=\"40\" maxlength=\"400\" class=\"wpcf7-form-control wpcf7-tel wpcf7-validates-as-required wpcf7-text wpcf7-validates-as-tel\" aria-required=\"true\" aria-invalid=\"false\" placeholder=\"Tel\u00e8fon\" value=\"\" type=\"tel\" name=\"tel\" \/><\/span>\n\t\t<\/p>\n\t<\/div>\n\t<div class=\"col-sm-12\">\n\t\t<p><span class=\"wpcf7-form-control-wrap\" data-name=\"your-message\"><textarea cols=\"40\" rows=\"4\" maxlength=\"2000\" class=\"wpcf7-form-control wpcf7-textarea\" aria-invalid=\"false\" placeholder=\"Escriu aqu\u00ed la teva petici\u00f3...\" name=\"your-message\"><\/textarea><\/span>\n\t\t<\/p>\n\t<\/div>\n\t<div class=\"legal-container\">\n\t\t<div class=\"aviso-legal\">\n\t\t\t<p><span class=\"wpcf7-form-control-wrap\" data-name=\"acceptance\"><span class=\"wpcf7-form-control wpcf7-acceptance\"><span class=\"wpcf7-list-item\"><input type=\"checkbox\" name=\"acceptance\" value=\"1\" aria-invalid=\"false\" \/><\/span><\/span><\/span>He llegit i accepto la <a rel=\"nofollow\" class=\"aviso-legal-link\" href=\"https:\/\/evajor.com\/aviso-legal\/\" target=\"_blank\">pol\u00edtica de privacitat<\/a>\n\t\t\t<\/p>\n\t\t<\/div>\n\t\t<p><input class=\"wpcf7-form-control wpcf7-submit has-spinner et_pb_contact_submit et_pb_button\" type=\"submit\" value=\"Enviar\" \/>\n\t\t<\/p>\n\t\t<div class=\"new-legal-text\">\n\t\t\t<p><strong>Informaci\u00f3 b\u00e0sica de protecci\u00f3 de dades:<\/strong><br \/>\n<strong>Responsable<\/strong>: Evajor SL, sent la <strong>Finalitat:<\/strong> la resoluci\u00f3 de la teva dubte i l'enviament de les meves publicacions aix\u00ed com correus comercials. <strong>La Legitimaci\u00f3:<\/strong> \u00e9s gr\u00e0cies al teu consentiment. <strong>destinataris<\/strong>: les dades es troben allotjats al nostre servidor, propietat de Hostalia (Telef\u00f3nica Soluciones De Inform\u00e1tica Y Comunicaciones De Espa\u00f1a S A U), ubicat a Europa. podr\u00e0s exercir. <strong>Els teus Drets d'Acc\u00e9s, Rectificaci\u00f3, Limitaci\u00f3 o suprimir<\/strong> teves dades en <a href=\"mailto:info@evajor.com\">info@evajor.com<\/a>. Per a m\u00e9s informaci\u00f3 consulti la nostra <a rel=\"nofollow\" href=\"https:\/\/evajor.com\/ca\/avis-legal\/\/\" target=\"_blank\">pol\u00edtica de privacitat i av\u00eds legal<\/a>\n\t\t\t<\/p>\n\t\t<\/div>\n\t<\/div>\n<\/div>\n<div class=\"hide\" style=\"display:none;\">\n\t<p><span class=\"wpcf7-form-control-wrap\" data-name=\"url-pagina\"><input size=\"40\" maxlength=\"400\" class=\"wpcf7-form-control wpcf7-url wpcf7-text wpcf7-validates-as-url\" aria-invalid=\"false\" value=\"\" type=\"url\" name=\"url-pagina\" \/><\/span>\n\t<\/p>\n<\/div>\n<p><script>\n\tjQuery(\".wpcf7-url\").val(window.location.href);\n<\/script>\n<\/p><p style=\"display: none !important;\" class=\"akismet-fields-container\" data-prefix=\"_wpcf7_ak_\"><label>&#916;<textarea name=\"_wpcf7_ak_hp_textarea\" cols=\"45\" rows=\"8\" maxlength=\"100\"><\/textarea><\/label><input type=\"hidden\" id=\"ak_js_1\" name=\"_wpcf7_ak_js\" value=\"133\"\/><script>document.getElementById( \"ak_js_1\" ).setAttribute( \"value\", ( new Date() ).getTime() );<\/script><\/p><input type='hidden' class='wpcf7-pum' value='{\"closepopup\":false,\"closedelay\":0,\"openpopup\":false,\"openpopup_id\":0}' \/><div class=\"wpcf7-response-output\" aria-hidden=\"true\"><\/div>\n<\/form>\n<\/div>\n<\/div>\n<p>[\/vc_column_text][\/vc_column][\/vc_row]<\/p>\n","protected":false},"excerpt":{"rendered":"<p>[vc_row full_width=&#8221;stretch_row&#8221; parallax=&#8221;content-moving&#8221; parallax_image=&#8221;314&#8243; css=&#8221;.vc_custom_1512371573759{padding-top: 60px !important;padding-bottom: 60px !important;}&#8221;][vc_column][vc_custom_heading text=&#8221;La nostra hist\u00f2ria&#8221; font_container=&#8221;tag:h2|text_align:center|color:%23ffffff&#8221; use_theme_fonts=&#8221;yes&#8221; css_animation=&#8221;fadeInDown&#8221;][vc_separator color=&#8221;green&#8221; el_width=&#8221;20&#8243; css_animation=&#8221;fadeInUp&#8221;][vc_column_text] Ens agradaria que aprengu\u00e9s una mica m\u00e9s de nosaltres, per aix\u00f2 el convidem a que descobreixi la nostra hist\u00f2ria: [\/vc_column_text][\/vc_column][\/vc_row][vc_row full_width=&#8221;stretch_row_content&#8221; equal_height=&#8221;yes&#8221; content_placement=&#8221;middle&#8221;][vc_column parallax=&#8221;content-moving&#8221; parallax_image=&#8221;493&#8243; width=&#8221;1\/2&#8243;][vc_empty_space height=&#8221;450px&#8221;][\/vc_column][vc_column width=&#8221;1\/2&#8243; css=&#8221;.vc_custom_1507135591067{padding-top: 60px !important;padding-right: 5% !important;padding-bottom: 60px !important;padding-left: 5% !important;background-color: #f4f7f8 !important;}&#8221;][vc_column_text] Inici [\/vc_column_text][vc_column_text]EVAJOR es va crear el 1994, &#8230;<\/p>\n","protected":false},"author":6,"featured_media":0,"parent":0,"menu_order":0,"comment_status":"closed","ping_status":"closed","template":"","meta":{"_joinchat":[],"footnotes":""},"class_list":["post-739","page","type-page","status-publish","hentry"],"yoast_head":"<!-- This site is optimized with the Yoast SEO plugin v17.9 - https:\/\/yoast.com\/wordpress\/plugins\/seo\/ -->\n<meta name=\"robots\" content=\"index, follow, max-snippet:-1, max-image-preview:large, max-video-preview:-1\" \/>\n<link rel=\"canonical\" href=\"https:\/\/evajor.com\/ca\/la-nostra-historia\/\" \/>\n<meta property=\"og:locale\" content=\"ca_ES\" \/>\n<meta property=\"og:type\" content=\"article\" \/>\n<meta property=\"og:title\" content=\"La Nostra Historia - Evajor - Abogados &amp; Administradores de Fincas en Barcelona\" \/>\n<meta property=\"og:description\" content=\"[vc_row full_width=&#8221;stretch_row&#8221; parallax=&#8221;content-moving&#8221; parallax_image=&#8221;314&#8243; css=&#8221;.vc_custom_1512371573759{padding-top: 60px !important;padding-bottom: 60px !important;}&#8221;][vc_column][vc_custom_heading text=&#8221;La nostra hist\u00f2ria&#8221; font_container=&#8221;tag:h2|text_align:center|color:%23ffffff&#8221; use_theme_fonts=&#8221;yes&#8221; css_animation=&#8221;fadeInDown&#8221;][vc_separator color=&#8221;green&#8221; el_width=&#8221;20&#8243; css_animation=&#8221;fadeInUp&#8221;][vc_column_text] Ens agradaria que aprengu\u00e9s una mica m\u00e9s de nosaltres, per aix\u00f2 el convidem a que descobreixi la nostra hist\u00f2ria: [\/vc_column_text][\/vc_column][\/vc_row][vc_row full_width=&#8221;stretch_row_content&#8221; equal_height=&#8221;yes&#8221; content_placement=&#8221;middle&#8221;][vc_column parallax=&#8221;content-moving&#8221; parallax_image=&#8221;493&#8243; width=&#8221;1\/2&#8243;][vc_empty_space height=&#8221;450px&#8221;][\/vc_column][vc_column width=&#8221;1\/2&#8243; css=&#8221;.vc_custom_1507135591067{padding-top: 60px !important;padding-right: 5% !important;padding-bottom: 60px !important;padding-left: 5% !important;background-color: #f4f7f8 !important;}&#8221;][vc_column_text] Inici [\/vc_column_text][vc_column_text]EVAJOR es va crear el 1994, ...\" \/>\n<meta property=\"og:url\" content=\"https:\/\/evajor.com\/ca\/la-nostra-historia\/\" \/>\n<meta property=\"og:site_name\" content=\"Evajor - Abogados &amp; Administradores de Fincas en Barcelona\" \/>\n<meta property=\"article:modified_time\" content=\"2025-04-14T11:09:03+00:00\" \/>\n<meta name=\"twitter:card\" content=\"summary_large_image\" \/>\n<meta name=\"twitter:label1\" content=\"Temps estimat de lectura\" \/>\n\t<meta name=\"twitter:data1\" content=\"4 minuts\" \/>\n<script type=\"application\/ld+json\" class=\"yoast-schema-graph\">{\"@context\":\"https:\/\/schema.org\",\"@graph\":[{\"@type\":\"WebSite\",\"@id\":\"https:\/\/evajor.com\/#website\",\"url\":\"https:\/\/evajor.com\/\",\"name\":\"Evajor - Abogados &amp; Administradores de Fincas en Barcelona\",\"description\":\"En Evajor nacimos con la vocaci\\u00f3n de servicio al cliente y, hoy en d\\u00eda, encontrar soluciones a medida es nuestra mejor carta de presentaci\\u00f3n.\",\"potentialAction\":[{\"@type\":\"SearchAction\",\"target\":{\"@type\":\"EntryPoint\",\"urlTemplate\":\"https:\/\/evajor.com\/?s={search_term_string}\"},\"query-input\":\"required name=search_term_string\"}],\"inLanguage\":\"ca\"},{\"@type\":\"WebPage\",\"@id\":\"https:\/\/evajor.com\/ca\/la-nostra-historia\/#webpage\",\"url\":\"https:\/\/evajor.com\/ca\/la-nostra-historia\/\",\"name\":\"La Nostra Historia - Evajor - Abogados &amp; Administradores de Fincas en Barcelona\",\"isPartOf\":{\"@id\":\"https:\/\/evajor.com\/#website\"},\"datePublished\":\"2018-03-05T16:30:43+00:00\",\"dateModified\":\"2025-04-14T11:09:03+00:00\",\"breadcrumb\":{\"@id\":\"https:\/\/evajor.com\/ca\/la-nostra-historia\/#breadcrumb\"},\"inLanguage\":\"ca\",\"potentialAction\":[{\"@type\":\"ReadAction\",\"target\":[\"https:\/\/evajor.com\/ca\/la-nostra-historia\/\"]}]},{\"@type\":\"BreadcrumbList\",\"@id\":\"https:\/\/evajor.com\/ca\/la-nostra-historia\/#breadcrumb\",\"itemListElement\":[{\"@type\":\"ListItem\",\"position\":1,\"name\":\"Portada\",\"item\":\"https:\/\/evajor.com\/ca\/\"},{\"@type\":\"ListItem\",\"position\":2,\"name\":\"La Nostra Historia\"}]}]}<\/script>\n<!-- \/ Yoast SEO plugin. -->","yoast_head_json":{"robots":{"index":"index","follow":"follow","max-snippet":"max-snippet:-1","max-image-preview":"max-image-preview:large","max-video-preview":"max-video-preview:-1"},"canonical":"https:\/\/evajor.com\/ca\/la-nostra-historia\/","og_locale":"ca_ES","og_type":"article","og_title":"La Nostra Historia - Evajor - Abogados &amp; Administradores de Fincas en Barcelona","og_description":"[vc_row full_width=&#8221;stretch_row&#8221; parallax=&#8221;content-moving&#8221; parallax_image=&#8221;314&#8243; css=&#8221;.vc_custom_1512371573759{padding-top: 60px !important;padding-bottom: 60px !important;}&#8221;][vc_column][vc_custom_heading text=&#8221;La nostra hist\u00f2ria&#8221; font_container=&#8221;tag:h2|text_align:center|color:%23ffffff&#8221; use_theme_fonts=&#8221;yes&#8221; css_animation=&#8221;fadeInDown&#8221;][vc_separator color=&#8221;green&#8221; el_width=&#8221;20&#8243; css_animation=&#8221;fadeInUp&#8221;][vc_column_text] Ens agradaria que aprengu\u00e9s una mica m\u00e9s de nosaltres, per aix\u00f2 el convidem a que descobreixi la nostra hist\u00f2ria: [\/vc_column_text][\/vc_column][\/vc_row][vc_row full_width=&#8221;stretch_row_content&#8221; equal_height=&#8221;yes&#8221; content_placement=&#8221;middle&#8221;][vc_column parallax=&#8221;content-moving&#8221; parallax_image=&#8221;493&#8243; width=&#8221;1\/2&#8243;][vc_empty_space height=&#8221;450px&#8221;][\/vc_column][vc_column width=&#8221;1\/2&#8243; css=&#8221;.vc_custom_1507135591067{padding-top: 60px !important;padding-right: 5% !important;padding-bottom: 60px !important;padding-left: 5% !important;background-color: #f4f7f8 !important;}&#8221;][vc_column_text] Inici [\/vc_column_text][vc_column_text]EVAJOR es va crear el 1994, ...","og_url":"https:\/\/evajor.com\/ca\/la-nostra-historia\/","og_site_name":"Evajor - Abogados &amp; Administradores de Fincas en Barcelona","article_modified_time":"2025-04-14T11:09:03+00:00","twitter_card":"summary_large_image","twitter_misc":{"Temps estimat de lectura":"4 minuts"},"schema":{"@context":"https:\/\/schema.org","@graph":[{"@type":"WebSite","@id":"https:\/\/evajor.com\/#website","url":"https:\/\/evajor.com\/","name":"Evajor - Abogados &amp; Administradores de Fincas en Barcelona","description":"En Evajor nacimos con la vocaci\u00f3n de servicio al cliente y, hoy en d\u00eda, encontrar soluciones a medida es nuestra mejor carta de presentaci\u00f3n.","potentialAction":[{"@type":"SearchAction","target":{"@type":"EntryPoint","urlTemplate":"https:\/\/evajor.com\/?s={search_term_string}"},"query-input":"required name=search_term_string"}],"inLanguage":"ca"},{"@type":"WebPage","@id":"https:\/\/evajor.com\/ca\/la-nostra-historia\/#webpage","url":"https:\/\/evajor.com\/ca\/la-nostra-historia\/","name":"La Nostra Historia - Evajor - Abogados &amp; Administradores de Fincas en Barcelona","isPartOf":{"@id":"https:\/\/evajor.com\/#website"},"datePublished":"2018-03-05T16:30:43+00:00","dateModified":"2025-04-14T11:09:03+00:00","breadcrumb":{"@id":"https:\/\/evajor.com\/ca\/la-nostra-historia\/#breadcrumb"},"inLanguage":"ca","potentialAction":[{"@type":"ReadAction","target":["https:\/\/evajor.com\/ca\/la-nostra-historia\/"]}]},{"@type":"BreadcrumbList","@id":"https:\/\/evajor.com\/ca\/la-nostra-historia\/#breadcrumb","itemListElement":[{"@type":"ListItem","position":1,"name":"Portada","item":"https:\/\/evajor.com\/ca\/"},{"@type":"ListItem","position":2,"name":"La Nostra Historia"}]}]}},"_links":{"self":[{"href":"https:\/\/evajor.com\/ca\/wp-json\/wp\/v2\/pages\/739\/"}],"collection":[{"href":"https:\/\/evajor.com\/ca\/wp-json\/wp\/v2\/pages\/"}],"about":[{"href":"https:\/\/evajor.com\/ca\/wp-json\/wp\/v2\/types\/page\/"}],"author":[{"embeddable":true,"href":"https:\/\/evajor.com\/ca\/wp-json\/wp\/v2\/users\/6\/"}],"replies":[{"embeddable":true,"href":"https:\/\/evajor.com\/ca\/wp-json\/wp\/v2\/comments\/?post=739"}],"version-history":[{"count":4,"href":"https:\/\/evajor.com\/ca\/wp-json\/wp\/v2\/pages\/739\/revisions\/"}],"predecessor-version":[{"id":4744,"href":"https:\/\/evajor.com\/ca\/wp-json\/wp\/v2\/pages\/739\/revisions\/4744\/"}],"wp:attachment":[{"href":"https:\/\/evajor.com\/ca\/wp-json\/wp\/v2\/media\/?parent=739"}],"curies":[{"name":"wp","href":"https:\/\/api.w.org\/{rel}","templated":true}]}}