{"id":717,"date":"2018-03-05T16:23:05","date_gmt":"2018-03-05T16:23:05","guid":{"rendered":"http:\/\/localhost\/evajorv1\/?page_id=717"},"modified":"2018-03-09T15:38:35","modified_gmt":"2018-03-09T15:38:35","slug":"evajor-advocats-administradors-finques-barcelona","status":"publish","type":"page","link":"https:\/\/evajor.com\/ca\/","title":{"rendered":"Evajor &#8211; Advocats &#038; Administradors de Finques a Barcelona"},"content":{"rendered":"<p>[vc_row full_width=&#8221;stretch_row_content&#8221;][vc_column width=&#8221;1\/4&#8243; css=&#8221;.vc_custom_1507057087717{background-color: #1a373b !important;}&#8221;]<div class=\"aio-icon-component  bsf-info-box   style_2\"><a class=\"aio-icon-box-link\" href=\"http:\/\/localhost\/evajorv1\/index.php\/administracion-de-inmuebles\/\"   ><div id=\"Info-box-wrap-3398\" class=\"aio-icon-box top-icon\" style=\"\"  ><div class=\"aio-icon-top\"><div class=\"ult-just-icon-wrapper   just_icon\"><div class=\"align-icon\" style=\"text-align:center;\">\n<div class=\"aio-icon none \" data-animation=\"slideInDown\" data-animation-delay=\"03\" style=\"color:#ffffff;font-size:65px;display:inline-block;\">\n\t<i class=\"Defaults-home\"><\/i>\n<\/div><\/div><\/div><\/div><div class=\"aio-icon-header\" ><h3 class=\"aio-icon-title ult-responsive\"  data-ultimate-target='#Info-box-wrap-3398 .aio-icon-title'  data-responsive-json-new='{\"font-size\":\"\",\"line-height\":\"\"}'  style=\"font-weight:bold;color:#ffffff;\">ADMINISTRACI\u00d3 D'IMMOBLES<\/h3><\/div> <!-- header --><\/div> <!-- aio-icon-box --><\/a><\/div> <!-- aio-icon-component -->[\/vc_column][vc_column width=&#8221;1\/4&#8243; css=&#8221;.vc_custom_1507057328189{background-color: #23413a !important;}&#8221;]<div class=\"aio-icon-component  bsf-info-box   style_2\"><a class=\"aio-icon-box-link\" href=\"http:\/\/localhost\/evajorv1\/ventas-y-alquiler\/\"   ><div id=\"Info-box-wrap-6290\" class=\"aio-icon-box top-icon\" style=\"\"  ><div class=\"aio-icon-top\"><div class=\"ult-just-icon-wrapper   just_icon\"><div class=\"align-icon\" style=\"text-align:center;\">\n<div class=\"aio-icon none \" data-animation=\"slideInDown\" data-animation-delay=\"03\" style=\"color:#ffffff;font-size:65px;display:inline-block;\">\n\t<i class=\"Defaults-eur euro\"><\/i>\n<\/div><\/div><\/div><\/div><div class=\"aio-icon-header\" ><h3 class=\"aio-icon-title ult-responsive\"  data-ultimate-target='#Info-box-wrap-6290 .aio-icon-title'  data-responsive-json-new='{\"font-size\":\"\",\"line-height\":\"\"}'  style=\"font-weight:bold;color:#ffffff;\">VENDA I LLOGUER<\/h3><\/div> <!-- header --><\/div> <!-- aio-icon-box --><\/a><\/div> <!-- aio-icon-component -->[\/vc_column][vc_column width=&#8221;1\/4&#8243; css=&#8221;.vc_custom_1507057340862{background-color: #2b4d3a !important;}&#8221;]<div class=\"aio-icon-component  bsf-info-box   style_2\"><a class=\"aio-icon-box-link\" href=\"http:\/\/localhost\/evajorv1\/index.php\/abogados\/\"   ><div id=\"Info-box-wrap-8925\" class=\"aio-icon-box top-icon\" style=\"\"  ><div class=\"aio-icon-top\"><div class=\"ult-just-icon-wrapper   just_icon\"><div class=\"align-icon\" style=\"text-align:center;\">\n<div class=\"aio-icon none \" data-animation=\"slideInDown\" data-animation-delay=\"03\" style=\"color:#ffffff;font-size:65px;display:inline-block;\">\n\t<i class=\"Defaults-bank institution university\"><\/i>\n<\/div><\/div><\/div><\/div><div class=\"aio-icon-header\" ><h3 class=\"aio-icon-title ult-responsive\"  data-ultimate-target='#Info-box-wrap-8925 .aio-icon-title'  data-responsive-json-new='{\"font-size\":\"\",\"line-height\":\"\"}'  style=\"font-weight:bold;color:#ffffff;\">ADVOCATS<\/h3><\/div> <!-- header --><\/div> <!-- aio-icon-box --><\/a><\/div> <!-- aio-icon-component -->[\/vc_column][vc_column width=&#8221;1\/4&#8243; css=&#8221;.vc_custom_1507057352021{background-color: #34573a !important;}&#8221;]<div class=\"aio-icon-component  bsf-info-box   style_2\"><a class=\"aio-icon-box-link\" href=\"http:\/\/localhost\/evajorv1\/index.php\/gestion-de-negocios\/\"   ><div id=\"Info-box-wrap-4752\" class=\"aio-icon-box top-icon\" style=\"\"  ><div class=\"aio-icon-top\"><div class=\"ult-just-icon-wrapper   just_icon\"><div class=\"align-icon\" style=\"text-align:center;\">\n<div class=\"aio-icon none \" data-animation=\"slideInDown\" data-animation-delay=\"03\" style=\"color:#ffffff;font-size:65px;display:inline-block;\">\n\t<i class=\"Defaults-briefcase\"><\/i>\n<\/div><\/div><\/div><\/div><div class=\"aio-icon-header\" ><h3 class=\"aio-icon-title ult-responsive\"  data-ultimate-target='#Info-box-wrap-4752 .aio-icon-title'  data-responsive-json-new='{\"font-size\":\"\",\"line-height\":\"\"}'  style=\"font-weight:bold;color:#ffffff;\">GESTI\u00d3 DE NEGOCI<\/h3><\/div> <!-- header --><\/div> <!-- aio-icon-box --><\/a><\/div> <!-- aio-icon-component -->[\/vc_column][\/vc_row][vc_row full_width=&#8221;stretch_row_content&#8221; equal_height=&#8221;yes&#8221; content_placement=&#8221;middle&#8221;][vc_column parallax=&#8221;content-moving&#8221; parallax_image=&#8221;106&#8243; width=&#8221;1\/2&#8243;][vc_empty_space height=&#8221;120px&#8221;][\/vc_column][vc_column width=&#8221;1\/2&#8243; css=&#8221;.vc_custom_1507135591067{padding-top: 60px !important;padding-right: 5% !important;padding-bottom: 60px !important;padding-left: 5% !important;background-color: #f4f7f8 !important;}&#8221;][vc_column_text]<\/p>\n<h2>M\u00e9s de 20 anys al seu servei<\/h2>\n<p>[\/vc_column_text][vc_column_text]A\u00a0<strong>Evajor<\/strong>\u00a0vam n\u00e9ixer amb la vocaci\u00f3 de servei al client i, avui dia, trobar solucions a mida \u00e9s la nostra millor carta de presentaci\u00f3.\u00a0Som especialistes en\u00a0<strong>l&#8217;administraci\u00f3 d&#8217;immobles<\/strong>,\u00a0amb la confian\u00e7a de disposar d&#8217;un equip d&#8217;advocats i gestors que porten anys comptant amb la confian\u00e7a d&#8217;una fidel cartera de clients.\u00a0A m\u00e9s oferim, serveis de<strong>\u00a0lloguer i venda d&#8217;immobles<\/strong>,\u00a0amb cartera especialitzada a la zona de Catalunya i Castella i Lle\u00f3.<br \/>\nEl nostre equip\u00a0<strong>d&#8217;advocats i gestors<\/strong>,\u00a0li ofereix en tot moment el seu servei d&#8217;assessorament legal i empresarial especialitzat, per a que tingui la tranquil\u00b7litat que la seva llar, el seu negoci i els seus tr\u00e0mits es gestionen amb les m\u00e0ximes garanties.[\/vc_column_text]<div class=\" ult_buttons ubtn-ctn-center \"><a class=\"ubtn-link ult-adjust-bottom-margin ubtn-center ubtn-normal \"  rel='' href = \"http:\/\/localhost\/evajorv1\/#contacto\" ><button type=\"button\" id=\"ubtn-6727\" class=\"ubtn ult-adjust-bottom-margin ult-responsive ubtn-normal ubtn-no-hover-bg  none  ubtn-center   tooltip-6a9911cfbdced\"  data-hover=\"\" data-border-color=\"\" data-bg=\"#34573a\" data-hover-bg=\"#467043\" data-border-hover=\"\" data-shadow-hover=\"\" data-shadow-click=\"none\" data-shadow=\"\" data-shd-shadow=\"\"  data-ultimate-target='#ubtn-6727'  data-responsive-json-new='{\"font-size\":\"\",\"line-height\":\"\"}'  style=\"font-weight:normal;border:none;background: #34573a;color: #ffffff;\"><span class=\"ubtn-data ubtn-icon\"><i class=\"none\" style=\"font-size:25px;color:#ffffff;\"><\/i><\/span><span class=\"ubtn-hover\" style=\"background-color:#467043\"><\/span><span class=\"ubtn-data ubtn-text \" >DEMANI CITA ARA<\/span><\/button><\/a><\/div>[\/vc_column][\/vc_row][vc_row full_width=&#8221;stretch_row&#8221; css=&#8221;.vc_custom_1510094074065{padding-top: 80px !important;}&#8221;][vc_column][vc_column_text]<\/p>\n<h2 style=\"text-align: center;\"><strong>Els nostres segells de confian\u00e7a<\/strong><\/h2>\n<p>[\/vc_column_text][\/vc_column][\/vc_row][vc_row full_width=&#8221;stretch_row&#8221; css=&#8221;.vc_custom_1510094084517{padding-bottom: 80px !important;}&#8221;][vc_column width=&#8221;1\/3&#8243;][vc_single_image image=&#8221;122&#8243; img_size=&#8221;full&#8221; alignment=&#8221;center&#8221; onclick=&#8221;custom_link&#8221; img_link_target=&#8221;_blank&#8221; css_animation=&#8221;bounceInUp&#8221; link=&#8221;https:\/\/www.cafbl.cat\/ESP\/&#8221;][\/vc_column][vc_column width=&#8221;1\/3&#8243;][vc_single_image image=&#8221;123&#8243; img_size=&#8221;full&#8221; alignment=&#8221;center&#8221; onclick=&#8221;custom_link&#8221; img_link_target=&#8221;_blank&#8221; css_animation=&#8221;bounceInUp&#8221; link=&#8221;http:\/\/sagrera.es\/&#8221;][\/vc_column][vc_column width=&#8221;1\/3&#8243;][vc_single_image image=&#8221;125&#8243; img_size=&#8221;full&#8221; alignment=&#8221;center&#8221; onclick=&#8221;custom_link&#8221; img_link_target=&#8221;_blank&#8221; css_animation=&#8221;bounceInUp&#8221; link=&#8221;http:\/\/www.icab.cat&#8221;][\/vc_column][\/vc_row][vc_row full_width=&#8221;stretch_row&#8221; parallax=&#8221;content-moving&#8221; parallax_image=&#8221;129&#8243; css=&#8221;.vc_custom_1507130497722{padding-top: 80px !important;padding-bottom: 80px !important;}&#8221;][vc_column][vc_column_text]<\/p>\n<h2 style=\"text-align: center;\"><span style=\"color: #ffffff;\"><strong>Reservi cita, l\u2019estarem esperant<\/strong><\/span><\/h2>\n<p>[\/vc_column_text][\/vc_column][vc_column width=&#8221;1\/4&#8243;]<div class=\"aio-icon-component  bsf-info-box   style_1\"><div id=\"Info-box-wrap-5335\" class=\"aio-icon-box top-icon\" style=\"\"  ><div class=\"aio-icon-top\"><div class=\"ult-just-icon-wrapper   just_icon\"><div class=\"align-icon\" style=\"text-align:center;\">\n<div class=\"aio-icon none \" data-animation=\"bounceInUp\" data-animation-delay=\"03\" style=\"color:#309b3c;font-size:32px;display:inline-block;\">\n\t<i class=\"Defaults-building-o\"><\/i>\n<\/div><\/div><\/div><\/div><div class=\"aio-icon-header\" ><h3 class=\"aio-icon-title ult-responsive\"  data-ultimate-target='#Info-box-wrap-5335 .aio-icon-title'  data-responsive-json-new='{\"font-size\":\"desktop:20px;\",\"line-height\":\"\"}'  style=\"font-weight:bold;color:#ffffff;\">Direcci\u00f3<\/h3><\/div> <!-- header --><div class=\"aio-icon-description ult-responsive\"  data-ultimate-target='#Info-box-wrap-5335 .aio-icon-description'  data-responsive-json-new='{\"font-size\":\"desktop:16px;\",\"line-height\":\"\"}'  style=\"color:#ffffff;\">Avinguda Meridiana, 310-312, 08027 Barcelona<\/div> <!-- description --><\/div> <!-- aio-icon-box --><\/div> <!-- aio-icon-component -->[\/vc_column][vc_column width=&#8221;1\/4&#8243;]<div class=\"aio-icon-component  bsf-info-box   style_1\"><div id=\"Info-box-wrap-9904\" class=\"aio-icon-box top-icon\" style=\"\"  ><div class=\"aio-icon-top\"><div class=\"ult-just-icon-wrapper   just_icon\"><div class=\"align-icon\" style=\"text-align:center;\">\n<div class=\"aio-icon none \" data-animation=\"bounceInUp\" data-animation-delay=\"03\" style=\"color:#309b3c;font-size:32px;display:inline-block;\">\n\t<i class=\"Defaults-phone\"><\/i>\n<\/div><\/div><\/div><\/div><div class=\"aio-icon-header\" ><h3 class=\"aio-icon-title ult-responsive\"  data-ultimate-target='#Info-box-wrap-9904 .aio-icon-title'  data-responsive-json-new='{\"font-size\":\"desktop:20px;\",\"line-height\":\"\"}'  style=\"font-weight:bold;color:#ffffff;\">Tel\u00e8fon<\/h3><\/div> <!-- header --><div class=\"aio-icon-description ult-responsive\"  data-ultimate-target='#Info-box-wrap-9904 .aio-icon-description'  data-responsive-json-new='{\"font-size\":\"desktop:16px;\",\"line-height\":\"\"}'  style=\"color:#ffffff;\"><a style=\"color: white;\" href=\"tel:+34933512728\">933 51 27 28<\/a><\/div> <!-- description --><\/div> <!-- aio-icon-box --><\/div> <!-- aio-icon-component -->[\/vc_column][vc_column width=&#8221;1\/4&#8243;]<div class=\"aio-icon-component  bsf-info-box   style_1\"><div id=\"Info-box-wrap-2939\" class=\"aio-icon-box top-icon\" style=\"\"  ><div class=\"aio-icon-top\"><div class=\"ult-just-icon-wrapper   just_icon\"><div class=\"align-icon\" style=\"text-align:center;\">\n<div class=\"aio-icon none \" data-animation=\"bounceInUp\" data-animation-delay=\"03\" style=\"color:#309b3c;font-size:32px;display:inline-block;\">\n\t<i class=\"Defaults-history\"><\/i>\n<\/div><\/div><\/div><\/div><div class=\"aio-icon-header\" ><h3 class=\"aio-icon-title ult-responsive\"  data-ultimate-target='#Info-box-wrap-2939 .aio-icon-title'  data-responsive-json-new='{\"font-size\":\"desktop:20px;\",\"line-height\":\"\"}'  style=\"font-weight:bold;color:#ffffff;\">Horari<\/h3><\/div> <!-- header --><div class=\"aio-icon-description ult-responsive\"  data-ultimate-target='#Info-box-wrap-2939 .aio-icon-description'  data-responsive-json-new='{\"font-size\":\"desktop:16px;\",\"line-height\":\"\"}'  style=\"color:#ffffff;\">De dilluns a divendres, de 9:00\u201313:30, 15:30\u201319:00<\/div> <!-- description --><\/div> <!-- aio-icon-box --><\/div> <!-- aio-icon-component -->[\/vc_column][vc_column width=&#8221;1\/4&#8243;]<div class=\"aio-icon-component  bsf-info-box   style_1\"><a class=\"aio-icon-box-link\" href=\"https:\/\/api.whatsapp.com\/send?phone=34649898114&amp;text=Me%20gustar\u00eda%20reservar%20una%20cita%20con%20ustedes\" target='_blank'  title='Reserve su cita por WhatsApp'><div id=\"Info-box-wrap-7078\" class=\"aio-icon-box top-icon\" style=\"\"  ><div class=\"aio-icon-top\"><div class=\"ult-just-icon-wrapper   just_icon\"><div class=\"align-icon\" style=\"text-align:center;\">\n<div class=\"aio-icon none \" data-animation=\"bounceInUp\" data-animation-delay=\"03\" style=\"color:#309b3c;font-size:32px;display:inline-block;\">\n\t<i class=\"Defaults-whatsapp\"><\/i>\n<\/div><\/div><\/div><\/div><div class=\"aio-icon-header\" ><h3 class=\"aio-icon-title ult-responsive\"  data-ultimate-target='#Info-box-wrap-7078 .aio-icon-title'  data-responsive-json-new='{\"font-size\":\"desktop:20px;\",\"line-height\":\"\"}'  style=\"font-weight:bold;color:#ffffff;\">Whatsapp<\/h3><\/div> <!-- header --><div class=\"aio-icon-description ult-responsive\"  data-ultimate-target='#Info-box-wrap-7078 .aio-icon-description'  data-responsive-json-new='{\"font-size\":\"desktop:16px;\",\"line-height\":\"\"}'  style=\"color:#ffffff;\">649 898 114<\/div> <!-- description --><\/div> <!-- aio-icon-box --><\/a><\/div> <!-- aio-icon-component -->[\/vc_column][\/vc_row][vc_row full_width=&#8221;stretch_row&#8221; css=&#8221;.vc_custom_1509634802257{padding-top: 80px !important;padding-bottom: 80px !important;background-color: #f2f2f2 !important;}&#8221; el_id=&#8221;contacto&#8221;][vc_column width=&#8221;2\/3&#8243;][vc_column_text]<\/p>\n<h2 style=\"text-align: center;\"><strong>Contacti amb nosaltres<\/strong><\/h2>\n<p>[\/vc_column_text][vc_column_text]<\/p>\n<p style=\"text-align: center;\"><span style=\"font-size: 14pt;\">Posis en contacte amb nosaltres per a obtenir m\u00e9s informaci\u00f3 sobre els nostres serveis. Els nostres assessors tractaran cada cas particular amb l\u2019atenci\u00f3 merescuda i li proporcionaran un servei jur\u00eddic excepcional.<\/span><\/p>\n<p>[\/vc_column_text][vc_column_text]<\/p>\n<p style=\"text-align: center;\">\n<div class=\"wpcf7 no-js\" id=\"wpcf7-f698-o1\" lang=\"es-ES\" dir=\"ltr\" data-wpcf7-id=\"698\">\n<div class=\"screen-reader-response\"><p role=\"status\" aria-live=\"polite\" aria-atomic=\"true\"><\/p> <ul><\/ul><\/div>\n<form action=\"\/ca\/wp-json\/wp\/v2\/pages\/717\/#wpcf7-f698-o1\" method=\"post\" class=\"wpcf7-form init wpcf7-acceptance-as-validation\" aria-label=\"Formulari de contacte\" novalidate=\"novalidate\" data-status=\"init\">\n<fieldset class=\"hidden-fields-container\"><input type=\"hidden\" name=\"_wpcf7\" value=\"698\" \/><input type=\"hidden\" name=\"_wpcf7_version\" value=\"6.1.5\" \/><input type=\"hidden\" name=\"_wpcf7_locale\" value=\"es_ES\" \/><input type=\"hidden\" name=\"_wpcf7_unit_tag\" value=\"wpcf7-f698-o1\" \/><input type=\"hidden\" name=\"_wpcf7_container_post\" value=\"0\" \/><input type=\"hidden\" name=\"_wpcf7_posted_data_hash\" value=\"\" \/><input type=\"hidden\" name=\"_wpcf7cf_hidden_group_fields\" value=\"[]\" \/><input type=\"hidden\" name=\"_wpcf7cf_hidden_groups\" value=\"[]\" \/><input type=\"hidden\" name=\"_wpcf7cf_visible_groups\" value=\"[]\" \/><input type=\"hidden\" name=\"_wpcf7cf_repeaters\" value=\"[]\" \/><input type=\"hidden\" name=\"_wpcf7cf_steps\" value=\"{}\" \/><input type=\"hidden\" name=\"_wpcf7cf_options\" value=\"{&quot;form_id&quot;:698,&quot;conditions&quot;:[],&quot;settings&quot;:{&quot;animation&quot;:&quot;yes&quot;,&quot;animation_intime&quot;:200,&quot;animation_outtime&quot;:200,&quot;conditions_ui&quot;:&quot;normal&quot;,&quot;notice_dismissed&quot;:false}}\" \/><input type=\"hidden\" name=\"_wpcf7_recaptcha_response\" value=\"\" \/>\n<\/fieldset>\n<div class=\"row\">\n\t<div class=\"col-sm-4\">\n\t\t<p><span class=\"wpcf7-form-control-wrap\" data-name=\"your-name\"><input size=\"40\" maxlength=\"400\" class=\"wpcf7-form-control wpcf7-text wpcf7-validates-as-required\" aria-required=\"true\" aria-invalid=\"false\" placeholder=\"Nom\" value=\"\" type=\"text\" name=\"your-name\" \/><\/span>\n\t\t<\/p>\n\t<\/div>\n\t<div class=\"col-sm-4\">\n\t\t<p><span class=\"wpcf7-form-control-wrap\" data-name=\"your-email\"><input size=\"40\" maxlength=\"400\" class=\"wpcf7-form-control wpcf7-email wpcf7-validates-as-required wpcf7-text wpcf7-validates-as-email\" aria-required=\"true\" aria-invalid=\"false\" placeholder=\"Email\" value=\"\" type=\"email\" name=\"your-email\" \/><\/span>\n\t\t<\/p>\n\t<\/div>\n\t<div class=\"col-sm-4\">\n\t\t<p><span class=\"wpcf7-form-control-wrap\" data-name=\"tel\"><input size=\"40\" maxlength=\"400\" class=\"wpcf7-form-control wpcf7-tel wpcf7-validates-as-required wpcf7-text wpcf7-validates-as-tel\" aria-required=\"true\" aria-invalid=\"false\" placeholder=\"Tel\u00e8fon\" value=\"\" type=\"tel\" name=\"tel\" \/><\/span>\n\t\t<\/p>\n\t<\/div>\n\t<div class=\"col-sm-12\">\n\t\t<p><span class=\"wpcf7-form-control-wrap\" data-name=\"your-message\"><textarea cols=\"40\" rows=\"4\" maxlength=\"2000\" class=\"wpcf7-form-control wpcf7-textarea\" aria-invalid=\"false\" placeholder=\"Escriu aqu\u00ed la teva petici\u00f3...\" name=\"your-message\"><\/textarea><\/span>\n\t\t<\/p>\n\t<\/div>\n\t<div class=\"legal-container\">\n\t\t<div class=\"aviso-legal\">\n\t\t\t<p><span class=\"wpcf7-form-control-wrap\" data-name=\"acceptance\"><span class=\"wpcf7-form-control wpcf7-acceptance\"><span class=\"wpcf7-list-item\"><input type=\"checkbox\" name=\"acceptance\" value=\"1\" aria-invalid=\"false\" \/><\/span><\/span><\/span>He llegit i accepto la <a rel=\"nofollow\" class=\"aviso-legal-link\" href=\"https:\/\/evajor.com\/aviso-legal\/\" target=\"_blank\">pol\u00edtica de privacitat<\/a>\n\t\t\t<\/p>\n\t\t<\/div>\n\t\t<p><input class=\"wpcf7-form-control wpcf7-submit has-spinner et_pb_contact_submit et_pb_button\" type=\"submit\" value=\"Enviar\" \/>\n\t\t<\/p>\n\t\t<div class=\"new-legal-text\">\n\t\t\t<p><strong>Informaci\u00f3 b\u00e0sica de protecci\u00f3 de dades:<\/strong><br \/>\n<strong>Responsable<\/strong>: Evajor SL, sent la <strong>Finalitat:<\/strong> la resoluci\u00f3 de la teva dubte i l'enviament de les meves publicacions aix\u00ed com correus comercials. <strong>La Legitimaci\u00f3:<\/strong> \u00e9s gr\u00e0cies al teu consentiment. <strong>destinataris<\/strong>: les dades es troben allotjats al nostre servidor, propietat de Hostalia (Telef\u00f3nica Soluciones De Inform\u00e1tica Y Comunicaciones De Espa\u00f1a S A U), ubicat a Europa. podr\u00e0s exercir. <strong>Els teus Drets d'Acc\u00e9s, Rectificaci\u00f3, Limitaci\u00f3 o suprimir<\/strong> teves dades en <a href=\"mailto:info@evajor.com\">info@evajor.com<\/a>. Per a m\u00e9s informaci\u00f3 consulti la nostra <a rel=\"nofollow\" href=\"https:\/\/evajor.com\/ca\/avis-legal\/\/\" target=\"_blank\">pol\u00edtica de privacitat i av\u00eds legal<\/a>\n\t\t\t<\/p>\n\t\t<\/div>\n\t<\/div>\n<\/div>\n<div class=\"hide\" style=\"display:none;\">\n\t<p><span class=\"wpcf7-form-control-wrap\" data-name=\"url-pagina\"><input size=\"40\" maxlength=\"400\" class=\"wpcf7-form-control wpcf7-url wpcf7-text wpcf7-validates-as-url\" aria-invalid=\"false\" value=\"\" type=\"url\" name=\"url-pagina\" \/><\/span>\n\t<\/p>\n<\/div>\n<p><script>\n\tjQuery(\".wpcf7-url\").val(window.location.href);\n<\/script>\n<\/p><p style=\"display: none !important;\" class=\"akismet-fields-container\" data-prefix=\"_wpcf7_ak_\"><label>&#916;<textarea name=\"_wpcf7_ak_hp_textarea\" cols=\"45\" rows=\"8\" maxlength=\"100\"><\/textarea><\/label><input type=\"hidden\" id=\"ak_js_1\" name=\"_wpcf7_ak_js\" value=\"52\"\/><script>document.getElementById( \"ak_js_1\" ).setAttribute( \"value\", ( new Date() ).getTime() );<\/script><\/p><input type='hidden' class='wpcf7-pum' value='{\"closepopup\":false,\"closedelay\":0,\"openpopup\":false,\"openpopup_id\":0}' \/><div class=\"wpcf7-response-output\" aria-hidden=\"true\"><\/div>\n<\/form>\n<\/div>\n<p>[\/vc_column_text][\/vc_column][vc_column width=&#8221;1\/3&#8243;][vc_raw_html]JTNDYSUyMGNsYXNzJTNEJTIydHdpdHRlci10aW1lbGluZSUyMiUyMGRhdGEtaGVpZ2h0JTNEJTIyNDAwJTIyJTIwaHJlZiUzRCUyMmh0dHBzJTNBJTJGJTJGdHdpdHRlci5jb20lMkZFdmFqb3JTTCUzRnJlZl9zcmMlM0R0d3NyYyUyNTVFdGZ3JTIyJTNFVHdlZXRzJTIwYnklMjBFdmFqb3JTTCUzQyUyRmElM0UlMjAlM0NzY3JpcHQlMjBhc3luYyUyMHNyYyUzRCUyMmh0dHBzJTNBJTJGJTJGcGxhdGZvcm0udHdpdHRlci5jb20lMkZ3aWRnZXRzLmpzJTIyJTIwY2hhcnNldCUzRCUyMnV0Zi04JTIyJTNFJTNDJTJGc2NyaXB0JTNF[\/vc_raw_html][\/vc_column][\/vc_row][vc_row full_width=&#8221;stretch_row&#8221; disable_element=&#8221;yes&#8221;][vc_column]<div class=\"article_container slider_container bottom-estate_property nobutton\" ><h2 class=\"shortcode_title title_slider\">Inmuebles Recientes<\/h2><div class=\"shortcode_slider_wrapper\" ><div class=\"shortcode_slider_list\" data-items-per-row=\"3\"  data-auto=\"0\" ><div class=\" slider_prop_wrapper   three_per_row  \" >  \n\n\n\n<div class=\"col-md- shortcode-col listing_wrapper\" data-org=\"4\" data-listid=\"2974\" > \n    <div class=\"property_listing   \" data-link=\"https:\/\/evajor.com\/ca\/properties\/placa-de-garatge-per-llogar-al-c-nobel-8\/\">\n        \n        <div class=\"listing-unit-img-wrapper\"><div class=\"prop_new_details\"><div class=\"prop_new_details_back\"><\/div><div class=\"property_media\"><i class=\"fa fa-camera\" aria-hidden=\"true\"><\/i> 3\n                <\/div><div class=\"property_location_image\"> \n                    <span class=\"property_marker\"><\/span><a href=\"https:\/\/evajor.com\/ca\/area\/la-sagrera-ca\/\" rel=\"tag\">La Sagrera<\/a>, <a href=\"https:\/\/evajor.com\/ca\/city\/barcelona-ca\/\" rel=\"tag\">Barcelona<\/a><\/div><\/div><a href=\"https:\/\/evajor.com\/ca\/properties\/placa-de-garatge-per-llogar-al-c-nobel-8\/\"><img loading=\"lazy\" decoding=\"async\" width=\"525\" height=\"328\" src=\"https:\/\/evajor.com\/wp-content\/uploads\/2020\/12\/033.03_20201223_PL_204_7.-min1-1-525x328.jpg\" class=\"lazyload img-responsive wp-post-image\" alt=\"\" data-original=\"https:\/\/evajor.com\/wp-content\/uploads\/2020\/12\/033.03_20201223_PL_204_7.-min1-1-525x328.jpg\" \/><\/a><\/div><div class=\"tag-wrapper\"><\/div>\n\n            <h4><a href=\"https:\/\/evajor.com\/ca\/properties\/placa-de-garatge-per-llogar-al-c-nobel-8\/\">\n                Pla\u00e7a de garatge per llogar al C. Nobel 8                <\/a> \n            <\/h4> \n            \n            <div class=\"listing_unit_price_wrapper\"><span class=\"price_label price_label_before\"><\/span> 121 \u20ac <span class=\"price_label\">mes<\/span><\/div>        \n        \n        \n           \n        \n                            <div class=\"listing_details the_grid_view\">\n                    Pla\u00e7a de garatge per llogar per a cotxe gran (14,87m\u00b2) al C. Nobel 8.                <\/div>\n\n                <div class=\"listing_details the_list_view\">\n                    Pla\u00e7a de garatge per llogar per a cotxe gran (14,87m\u00b2) al C. Nobel 8.                <\/div>\n               \n\n\n            <div class=\"property_listing_details\">\n                <a href=\"https:\/\/evajor.com\/ca\/properties\/placa-de-garatge-per-llogar-al-c-nobel-8\/\" class=\"unit_details_x\">Veure Immoble<\/a>            <\/div>\n               \n            <div class=\"property_location\">\n                    \n                                        <div class=\"property_agent_wrapper\">\n                        <div class=\"property_agent_image\" style=\"background-image:url('https:\/\/evajor.com\/wp-content\/uploads\/2017\/12\/derecho-administrativo-120x120.jpg')\"><\/div> \n                        <div class=\"property_agent_image_sign\"><i class=\"fa fa-user-circle-o\" aria-hidden=\"true\"><\/i><\/div>\n                        <a href=\"https:\/\/evajor.com\/ca\/agents\/evajor\/\">Evajor<\/a>                    <\/div>\n                \n                                                  <div class=\"listing_actions\">\n\n                                <div class=\"share_unit\">\n                                    <a href=\"https:\/\/www.facebook.com\/sharer.php?u=https:\/\/evajor.com\/ca\/properties\/placa-de-garatge-per-llogar-al-c-nobel-8\/&amp;t=Pla%C3%A7a+de+garatge+per+llogar+al+C.+Nobel+8\" target=\"_blank\" class=\"social_facebook\"><\/a>\n                                    <a href=\"https:\/\/twitter.com\/home?status=Pla%C3%A7a+de+garatge+per+llogar+al+C.+Nobel+8+https%3A%2F%2Fevajor.com%2Fca%2Fproperties%2Fplaca-de-garatge-per-llogar-al-c-nobel-8%2F\" class=\"social_tweet\" target=\"_blank\"><\/a>\n                                    <a href=\"https:\/\/plus.google.com\/share?url=https:\/\/evajor.com\/ca\/properties\/placa-de-garatge-per-llogar-al-c-nobel-8\/\" onclick=\"javascript:window.open(this.href,'', 'menubar=no,toolbar=no,resizable=yes,scrollbars=yes,height=600,width=600');return false;\" target=\"_blank\" class=\"social_google\"><\/a> \n                                    <a href=\"https:\/\/pinterest.com\/pin\/create\/button\/?url=https:\/\/evajor.com\/ca\/properties\/placa-de-garatge-per-llogar-al-c-nobel-8\/&amp;media=https:\/\/evajor.com\/wp-content\/uploads\/2020\/12\/033.03_20201223_PL_204_7.-min1-1-1920x790.jpg&amp;description=Pla%C3%A7a+de+garatge+per+llogar+al+C.+Nobel+8\" target=\"_blank\" class=\"social_pinterest\"><\/a>\n                                <\/div>\n\n\n\n                                <span class=\"share_list\"  data-original-title=\"share\" ><\/span>\n                                <span class=\"icon-fav icon-fav-off\" data-original-title=\"Afegir a favorits\" data-postid=\"2974\"><\/span>\n                                <span class=\"compare-action\" data-original-title=\"compare\" data-pimage=\"https:\/\/evajor.com\/wp-content\/uploads\/2020\/12\/033.03_20201223_PL_204_7.-min1-1-143x83.jpg\" data-pid=\"2974\"><\/span>\n                               \n                            <\/div>\n                        <\/div>        <\/div>             \n    <\/div>\n\n<\/div><\/div><\/div><\/div><div class=\" ult_buttons ubtn-ctn-center \"><a class=\"ubtn-link ult-adjust-bottom-margin ubtn-center ubtn-normal \"  rel='' href = \"http:\/\/localhost\/evajorv1\/index.php\/advanced-search\/\" ><button type=\"button\" id=\"ubtn-5709\" class=\"ubtn ult-adjust-bottom-margin ult-responsive ubtn-normal ubtn-no-hover-bg  none  ubtn-center   tooltip-6a9911cfcca10\"  data-hover=\"\" data-border-color=\"\" data-bg=\"#34573a\" data-hover-bg=\"#467043\" data-border-hover=\"\" data-shadow-hover=\"\" data-shadow-click=\"none\" data-shadow=\"\" data-shd-shadow=\"\"  data-ultimate-target='#ubtn-5709'  data-responsive-json-new='{\"font-size\":\"\",\"line-height\":\"\"}'  style=\"font-weight:normal;border:none;background: #34573a;color: #ffffff;\"><span class=\"ubtn-data ubtn-icon\"><i class=\"none\" style=\"font-size:25px;color:#ffffff;\"><\/i><\/span><span class=\"ubtn-hover\" style=\"background-color:#467043\"><\/span><span class=\"ubtn-data ubtn-text \" >VER M\u00c1S INMUEBLES<\/span><\/button><\/a><\/div>[\/vc_column][\/vc_row][vc_row full_width=&#8221;stretch_row_content_no_spaces&#8221; css=&#8221;.vc_custom_1517371853729{margin-top: -35px !important;margin-bottom: -35px !important;padding-top: 0px !important;}&#8221; el_id=&#8221;donde-estamos&#8221;][vc_column][vc_gmaps link=&#8221;#E-8_JTNDaWZyYW1lJTIwc3JjJTNEJTIyaHR0cHMlM0ElMkYlMkZ3d3cuZ29vZ2xlLmNvbSUyRm1hcHMlMkZlbWJlZCUzRnBiJTNEJTIxMW0xOCUyMTFtMTIlMjExbTMlMjExZDI5OTEuNzE2NDU1MzY1NjgwOCUyMTJkMi4xODUwMjg0MTU0MjY5MTklMjEzZDQxLjQyMzY3MzM3OTI2MDkwNCUyMTJtMyUyMTFmMCUyMTJmMCUyMTNmMCUyMTNtMiUyMTFpMTAyNCUyMTJpNzY4JTIxNGYxMy4xJTIxM20zJTIxMW0yJTIxMXMweDEyYTRiY2Q0ZDQ2MWExYjElMjUzQTB4MzQxZjQ0ZDE3MDdjZWVjMyUyMTJzRXZham9yJTJCU0wlMjE1ZTAlMjEzbTIlMjExc2VzJTIxMnNlcyUyMTR2MTUxOTQwMzI5Njc0MSUyMiUyMHdpZHRoJTNEJTIyNjAwJTIyJTIwaGVpZ2h0JTNEJTIyNDUwJTIyJTIwZnJhbWVib3JkZXIlM0QlMjIwJTIyJTIwc3R5bGUlM0QlMjJib3JkZXIlM0EwJTIyJTIwYWxsb3dmdWxsc2NyZWVuJTNFJTNDJTJGaWZyYW1lJTNF&#8221;][\/vc_column][\/vc_row]<\/p>\n","protected":false},"excerpt":{"rendered":"<p>[vc_row full_width=&#8221;stretch_row_content&#8221;][vc_column width=&#8221;1\/4&#8243; css=&#8221;.vc_custom_1507057087717{background-color: #1a373b !important;}&#8221;][\/vc_column][vc_column width=&#8221;1\/4&#8243; css=&#8221;.vc_custom_1507057328189{background-color: #23413a !important;}&#8221;][\/vc_column][vc_column width=&#8221;1\/4&#8243; css=&#8221;.vc_custom_1507057340862{background-color: #2b4d3a !important;}&#8221;][\/vc_column][vc_column width=&#8221;1\/4&#8243; css=&#8221;.vc_custom_1507057352021{background-color: #34573a !important;}&#8221;][\/vc_column][\/vc_row][vc_row full_width=&#8221;stretch_row_content&#8221; equal_height=&#8221;yes&#8221; content_placement=&#8221;middle&#8221;][vc_column parallax=&#8221;content-moving&#8221; parallax_image=&#8221;106&#8243; width=&#8221;1\/2&#8243;][vc_empty_space height=&#8221;120px&#8221;][\/vc_column][vc_column width=&#8221;1\/2&#8243; css=&#8221;.vc_custom_1507135591067{padding-top: 60px !important;padding-right: 5% !important;padding-bottom: 60px !important;padding-left: 5% !important;background-color: #f4f7f8 !important;}&#8221;][vc_column_text] M\u00e9s de 20 anys al seu servei [\/vc_column_text][vc_column_text]A\u00a0Evajor\u00a0vam n\u00e9ixer amb la vocaci\u00f3 de servei al client i, avui dia, trobar solucions a mida \u00e9s la nostra millor &#8230;<\/p>\n","protected":false},"author":6,"featured_media":0,"parent":0,"menu_order":0,"comment_status":"closed","ping_status":"closed","template":"","meta":{"_joinchat":[],"footnotes":""},"class_list":["post-717","page","type-page","status-publish","hentry"],"yoast_head":"<!-- This site is optimized with the Yoast SEO plugin v17.9 - https:\/\/yoast.com\/wordpress\/plugins\/seo\/ -->\n<meta name=\"robots\" content=\"index, follow, max-snippet:-1, max-image-preview:large, max-video-preview:-1\" \/>\n<link rel=\"canonical\" href=\"https:\/\/evajor.com\/ca\/\" \/>\n<meta property=\"og:locale\" content=\"ca_ES\" \/>\n<meta property=\"og:type\" content=\"article\" \/>\n<meta property=\"og:title\" content=\"Evajor - Advocats &amp; Administradors de Finques a Barcelona - Evajor - Abogados &amp; Administradores de Fincas en Barcelona\" \/>\n<meta property=\"og:description\" content=\"[vc_row full_width=&#8221;stretch_row_content&#8221;][vc_column width=&#8221;1\/4&#8243; css=&#8221;.vc_custom_1507057087717{background-color: #1a373b !important;}&#8221;][\/vc_column][vc_column width=&#8221;1\/4&#8243; css=&#8221;.vc_custom_1507057328189{background-color: #23413a !important;}&#8221;][\/vc_column][vc_column width=&#8221;1\/4&#8243; css=&#8221;.vc_custom_1507057340862{background-color: #2b4d3a !important;}&#8221;][\/vc_column][vc_column width=&#8221;1\/4&#8243; css=&#8221;.vc_custom_1507057352021{background-color: #34573a !important;}&#8221;][\/vc_column][\/vc_row][vc_row full_width=&#8221;stretch_row_content&#8221; equal_height=&#8221;yes&#8221; content_placement=&#8221;middle&#8221;][vc_column parallax=&#8221;content-moving&#8221; parallax_image=&#8221;106&#8243; width=&#8221;1\/2&#8243;][vc_empty_space height=&#8221;120px&#8221;][\/vc_column][vc_column width=&#8221;1\/2&#8243; css=&#8221;.vc_custom_1507135591067{padding-top: 60px !important;padding-right: 5% !important;padding-bottom: 60px !important;padding-left: 5% !important;background-color: #f4f7f8 !important;}&#8221;][vc_column_text] M\u00e9s de 20 anys al seu servei [\/vc_column_text][vc_column_text]A\u00a0Evajor\u00a0vam n\u00e9ixer amb la vocaci\u00f3 de servei al client i, avui dia, trobar solucions a mida \u00e9s la nostra millor ...\" \/>\n<meta property=\"og:url\" content=\"https:\/\/evajor.com\/ca\/\" \/>\n<meta property=\"og:site_name\" content=\"Evajor - Abogados &amp; Administradores de Fincas en Barcelona\" \/>\n<meta property=\"article:modified_time\" content=\"2018-03-09T15:38:35+00:00\" \/>\n<meta name=\"twitter:card\" content=\"summary_large_image\" \/>\n<meta name=\"twitter:label1\" content=\"Temps estimat de lectura\" \/>\n\t<meta name=\"twitter:data1\" content=\"6 minuts\" \/>\n<script type=\"application\/ld+json\" class=\"yoast-schema-graph\">{\"@context\":\"https:\/\/schema.org\",\"@graph\":[{\"@type\":\"WebSite\",\"@id\":\"https:\/\/evajor.com\/#website\",\"url\":\"https:\/\/evajor.com\/\",\"name\":\"Evajor - Abogados &amp; Administradores de Fincas en Barcelona\",\"description\":\"En Evajor nacimos con la vocaci\\u00f3n de servicio al cliente y, hoy en d\\u00eda, encontrar soluciones a medida es nuestra mejor carta de presentaci\\u00f3n.\",\"potentialAction\":[{\"@type\":\"SearchAction\",\"target\":{\"@type\":\"EntryPoint\",\"urlTemplate\":\"https:\/\/evajor.com\/?s={search_term_string}\"},\"query-input\":\"required name=search_term_string\"}],\"inLanguage\":\"ca\"},{\"@type\":\"WebPage\",\"@id\":\"https:\/\/evajor.com\/ca\/#webpage\",\"url\":\"https:\/\/evajor.com\/ca\/\",\"name\":\"Evajor - Advocats & Administradors de Finques a Barcelona - Evajor - Abogados &amp; Administradores de Fincas en Barcelona\",\"isPartOf\":{\"@id\":\"https:\/\/evajor.com\/#website\"},\"datePublished\":\"2018-03-05T16:23:05+00:00\",\"dateModified\":\"2018-03-09T15:38:35+00:00\",\"breadcrumb\":{\"@id\":\"https:\/\/evajor.com\/ca\/#breadcrumb\"},\"inLanguage\":\"ca\",\"potentialAction\":[{\"@type\":\"ReadAction\",\"target\":[\"https:\/\/evajor.com\/ca\/\"]}]},{\"@type\":\"BreadcrumbList\",\"@id\":\"https:\/\/evajor.com\/ca\/#breadcrumb\",\"itemListElement\":[{\"@type\":\"ListItem\",\"position\":1,\"name\":\"Portada\",\"item\":\"https:\/\/evajor.com\/ca\/\"},{\"@type\":\"ListItem\",\"position\":2,\"name\":\"Evajor &#8211; Advocats &#038; Administradors de Finques a Barcelona\"}]}]}<\/script>\n<!-- \/ Yoast SEO plugin. -->","yoast_head_json":{"robots":{"index":"index","follow":"follow","max-snippet":"max-snippet:-1","max-image-preview":"max-image-preview:large","max-video-preview":"max-video-preview:-1"},"canonical":"https:\/\/evajor.com\/ca\/","og_locale":"ca_ES","og_type":"article","og_title":"Evajor - Advocats & Administradors de Finques a Barcelona - Evajor - Abogados &amp; Administradores de Fincas en Barcelona","og_description":"[vc_row full_width=&#8221;stretch_row_content&#8221;][vc_column width=&#8221;1\/4&#8243; css=&#8221;.vc_custom_1507057087717{background-color: #1a373b !important;}&#8221;][\/vc_column][vc_column width=&#8221;1\/4&#8243; css=&#8221;.vc_custom_1507057328189{background-color: #23413a !important;}&#8221;][\/vc_column][vc_column width=&#8221;1\/4&#8243; css=&#8221;.vc_custom_1507057340862{background-color: #2b4d3a !important;}&#8221;][\/vc_column][vc_column width=&#8221;1\/4&#8243; css=&#8221;.vc_custom_1507057352021{background-color: #34573a !important;}&#8221;][\/vc_column][\/vc_row][vc_row full_width=&#8221;stretch_row_content&#8221; equal_height=&#8221;yes&#8221; content_placement=&#8221;middle&#8221;][vc_column parallax=&#8221;content-moving&#8221; parallax_image=&#8221;106&#8243; width=&#8221;1\/2&#8243;][vc_empty_space height=&#8221;120px&#8221;][\/vc_column][vc_column width=&#8221;1\/2&#8243; css=&#8221;.vc_custom_1507135591067{padding-top: 60px !important;padding-right: 5% !important;padding-bottom: 60px !important;padding-left: 5% !important;background-color: #f4f7f8 !important;}&#8221;][vc_column_text] M\u00e9s de 20 anys al seu servei [\/vc_column_text][vc_column_text]A\u00a0Evajor\u00a0vam n\u00e9ixer amb la vocaci\u00f3 de servei al client i, avui dia, trobar solucions a mida \u00e9s la nostra millor ...","og_url":"https:\/\/evajor.com\/ca\/","og_site_name":"Evajor - Abogados &amp; Administradores de Fincas en Barcelona","article_modified_time":"2018-03-09T15:38:35+00:00","twitter_card":"summary_large_image","twitter_misc":{"Temps estimat de lectura":"6 minuts"},"schema":{"@context":"https:\/\/schema.org","@graph":[{"@type":"WebSite","@id":"https:\/\/evajor.com\/#website","url":"https:\/\/evajor.com\/","name":"Evajor - Abogados &amp; Administradores de Fincas en Barcelona","description":"En Evajor nacimos con la vocaci\u00f3n de servicio al cliente y, hoy en d\u00eda, encontrar soluciones a medida es nuestra mejor carta de presentaci\u00f3n.","potentialAction":[{"@type":"SearchAction","target":{"@type":"EntryPoint","urlTemplate":"https:\/\/evajor.com\/?s={search_term_string}"},"query-input":"required name=search_term_string"}],"inLanguage":"ca"},{"@type":"WebPage","@id":"https:\/\/evajor.com\/ca\/#webpage","url":"https:\/\/evajor.com\/ca\/","name":"Evajor - Advocats & Administradors de Finques a Barcelona - Evajor - Abogados &amp; Administradores de Fincas en Barcelona","isPartOf":{"@id":"https:\/\/evajor.com\/#website"},"datePublished":"2018-03-05T16:23:05+00:00","dateModified":"2018-03-09T15:38:35+00:00","breadcrumb":{"@id":"https:\/\/evajor.com\/ca\/#breadcrumb"},"inLanguage":"ca","potentialAction":[{"@type":"ReadAction","target":["https:\/\/evajor.com\/ca\/"]}]},{"@type":"BreadcrumbList","@id":"https:\/\/evajor.com\/ca\/#breadcrumb","itemListElement":[{"@type":"ListItem","position":1,"name":"Portada","item":"https:\/\/evajor.com\/ca\/"},{"@type":"ListItem","position":2,"name":"Evajor &#8211; Advocats &#038; Administradors de Finques a Barcelona"}]}]}},"_links":{"self":[{"href":"https:\/\/evajor.com\/ca\/wp-json\/wp\/v2\/pages\/717\/"}],"collection":[{"href":"https:\/\/evajor.com\/ca\/wp-json\/wp\/v2\/pages\/"}],"about":[{"href":"https:\/\/evajor.com\/ca\/wp-json\/wp\/v2\/types\/page\/"}],"author":[{"embeddable":true,"href":"https:\/\/evajor.com\/ca\/wp-json\/wp\/v2\/users\/6\/"}],"replies":[{"embeddable":true,"href":"https:\/\/evajor.com\/ca\/wp-json\/wp\/v2\/comments\/?post=717"}],"version-history":[{"count":0,"href":"https:\/\/evajor.com\/ca\/wp-json\/wp\/v2\/pages\/717\/revisions\/"}],"wp:attachment":[{"href":"https:\/\/evajor.com\/ca\/wp-json\/wp\/v2\/media\/?parent=717"}],"curies":[{"name":"wp","href":"https:\/\/api.w.org\/{rel}","templated":true}]}}