{"id":711,"date":"2018-03-05T16:12:08","date_gmt":"2018-03-05T16:12:08","guid":{"rendered":"http:\/\/localhost\/evajorv1\/?page_id=711"},"modified":"2021-09-01T11:54:33","modified_gmt":"2021-09-01T09:54:33","slug":"advocats","status":"publish","type":"page","link":"https:\/\/evajor.com\/ca\/advocats\/","title":{"rendered":"Advocats"},"content":{"rendered":"<p>[vc_row full_width=&#8221;stretch_row&#8221; parallax=&#8221;content-moving&#8221; parallax_image=&#8221;316&#8243; css=&#8221;.vc_custom_1512371745386{padding-top: 60px !important;padding-bottom: 60px !important;}&#8221;][vc_column][vc_custom_heading text=&#8221;Advocats&#8221; font_container=&#8221;tag:h2|text_align:center|color:%23ffffff&#8221; use_theme_fonts=&#8221;yes&#8221; css_animation=&#8221;fadeInDown&#8221;][vc_separator color=&#8221;green&#8221; el_width=&#8221;20&#8243; css_animation=&#8221;fadeInUp&#8221;][vc_column_text]<\/p>\n<p style=\"text-align: center;\"><span style=\"color: #ffffff;\">EVAJOR es compon de professionals que estan a la seva disposici\u00f3, tant telef\u00f2nica com presencialment al despatx professional, amb cita concertada, en les diferents \u00e0rees de pr\u00e0ctica:<\/span><\/p>\n<p>[\/vc_column_text][\/vc_column][\/vc_row][vc_row full_width=&#8221;stretch_row_content&#8221; equal_height=&#8221;yes&#8221; content_placement=&#8221;middle&#8221;][vc_column parallax=&#8221;content-moving&#8221; parallax_image=&#8221;269&#8243; parallax_speed_bg=&#8221;1&#8243; width=&#8221;1\/2&#8243;][vc_empty_space height=&#8221;450px&#8221;][\/vc_column][vc_column width=&#8221;1\/2&#8243; css=&#8221;.vc_custom_1507135591067{padding-top: 60px !important;padding-right: 5% !important;padding-bottom: 60px !important;padding-left: 5% !important;background-color: #f4f7f8 !important;}&#8221;][vc_column_text]<\/p>\n<h2><strong>Dret Administratiu<\/strong><\/h2>\n<p>[\/vc_column_text][vc_column_text]Ens encarreguem d&#8217;assessorar i acompanyar-lo en qualsevol tipus de tema administratiu des de l&#8217;inici,\u00a0<strong>mitjan\u00e7ant les\u00a0corresponents sol\u00b7licituds, al\u00b7legacions, recursos o demandes.<\/strong><\/p>\n<p>El nostre \u00e0mbit d&#8217;actuaci\u00f3 preferent:<\/p>\n<ul>\n<li>Procediments administratius davant Administraci\u00f3 Tribut\u00e0ria i Seguretat Social.<\/li>\n<li>Procediments de Funci\u00f3 P\u00fablica.<\/li>\n<li>Responsabilitat patrimonial de l&#8217;Administraci\u00f3.<\/li>\n<li>Dret administratiu sancionador en qualsevol \u00e0mbit<\/li>\n<li>Procediments Contenci\u00f3s-Administratius<\/li>\n<\/ul>\n<p>[\/vc_column_text]<div class=\" vc_custom_1520612599842 ult_buttons ubtn-ctn-left \"><a class=\"ubtn-link ult-adjust-bottom-margin ubtn-left ubtn-normal \"  rel='' href = \"#contact\" ><button type=\"button\" id=\"ubtn-2678\" class=\"ubtn ult-adjust-bottom-margin ult-responsive ubtn-normal ubtn-no-hover-bg  none  ubtn-left   tooltip-6a991e63addb3\"  data-hover=\"\" data-border-color=\"\" data-bg=\"#23413a\" data-hover-bg=\"#2d5e47\" data-border-hover=\"\" data-shadow-hover=\"\" data-shadow-click=\"none\" data-shadow=\"\" data-shd-shadow=\"\"  data-ultimate-target='#ubtn-2678'  data-responsive-json-new='{\"font-size\":\"\",\"line-height\":\"\"}'  style=\"font-weight:normal;border:none;background: #23413a;color: #ffffff;\"><span class=\"ubtn-hover\" style=\"background-color:#2d5e47\"><\/span><span class=\"ubtn-data ubtn-text \" >CONTACTE<\/span><\/button><\/a><\/div>[\/vc_column][\/vc_row][vc_row full_width=&#8221;stretch_row_content&#8221; equal_height=&#8221;yes&#8221; content_placement=&#8221;middle&#8221; el_class=&#8221;inverted&#8221;][vc_column width=&#8221;1\/2&#8243; css=&#8221;.vc_custom_1507135591067{padding-top: 60px !important;padding-right: 5% !important;padding-bottom: 60px !important;padding-left: 5% !important;background-color: #f4f7f8 !important;}&#8221;][vc_column_text]<\/p>\n<h2><strong>Dret fiscal, tributari i mercantil<\/strong><\/h2>\n<p>[\/vc_column_text][vc_column_text]Oferim els nostres serveis tant a\u00a0<strong>particulars<\/strong>\u00a0que requereixin assessorament jur\u00eddic com tamb\u00e9 a\u00a0<strong>aut\u00f2noms i empreses<\/strong>.<\/p>\n<p>En l&#8217;\u00e0mbit mercantil\u00a0<strong>assessorem i planifiquem<\/strong>,\u00a0entre d&#8217;altres, pel que fa a la constituci\u00f3 de noves societats, l&#8217;adquisici\u00f3 de societats, la compravenda de participacions o ampliacions de capital, la modificaci\u00f3 d&#8217;estatuts socials, la dissoluci\u00f3 i liquidaci\u00f3, acords entre accionistes o socis part\u00edcips, responsabilitat d&#8217;administradors &#8230;<\/p>\n<p>En l&#8217;\u00e0mbit fiscal,\u00a0<strong>confeccionem,\u00a0presentem i revisem<\/strong>\u00a0les corresponents declaracions fiscals (IVA, IRPF, Impost de Societats, &#8230;), aix\u00ed com els corresponents escrits d&#8217;al\u00b7legacions o recursos respecte a procediments d&#8217;inspecci\u00f3, recaptaci\u00f3 o les sol\u00b7licituds de devoluci\u00f3 de ingressos indeguts, entre d&#8217;altres tr\u00e0mits.[\/vc_column_text]<div class=\" vc_custom_1520612676993 ult_buttons ubtn-ctn-left \"><a class=\"ubtn-link ult-adjust-bottom-margin ubtn-left ubtn-normal \"  rel='' href = \"#contact\" ><button type=\"button\" id=\"ubtn-2180\" class=\"ubtn ult-adjust-bottom-margin ult-responsive ubtn-normal ubtn-no-hover-bg  none  ubtn-left   tooltip-6a991e63ade86\"  data-hover=\"\" data-border-color=\"\" data-bg=\"#23413a\" data-hover-bg=\"#2d5e47\" data-border-hover=\"\" data-shadow-hover=\"\" data-shadow-click=\"none\" data-shadow=\"\" data-shd-shadow=\"\"  data-ultimate-target='#ubtn-2180'  data-responsive-json-new='{\"font-size\":\"\",\"line-height\":\"\"}'  style=\"font-weight:normal;border:none;background: #23413a;color: #ffffff;\"><span class=\"ubtn-hover\" style=\"background-color:#2d5e47\"><\/span><span class=\"ubtn-data ubtn-text \" >CONTACTE<\/span><\/button><\/a><\/div>[\/vc_column][vc_column parallax=&#8221;content-moving&#8221; parallax_image=&#8221;268&#8243; width=&#8221;1\/2&#8243;][vc_empty_space height=&#8221;450px&#8221;][\/vc_column][\/vc_row][vc_row full_width=&#8221;stretch_row_content&#8221; equal_height=&#8221;yes&#8221; content_placement=&#8221;middle&#8221;][vc_column parallax=&#8221;content-moving&#8221; parallax_image=&#8221;267&#8243; width=&#8221;1\/2&#8243;][vc_empty_space height=&#8221;450px&#8221;][\/vc_column][vc_column width=&#8221;1\/2&#8243; css=&#8221;.vc_custom_1507135591067{padding-top: 60px !important;padding-right: 5% !important;padding-bottom: 60px !important;padding-left: 5% !important;background-color: #f4f7f8 !important;}&#8221;][vc_column_text]<\/p>\n<h2><strong>Dret civil i de successions<\/strong><\/h2>\n<p>[\/vc_column_text][vc_column_text]El nostre \u00e0mbit d&#8217;actuaci\u00f3 preferent:<\/p>\n<p><strong>Dret de successions<\/strong>:\u00a0Preparaci\u00f3 d&#8217;actes d&#8217;\u00faltima voluntat, inventari i acceptaci\u00f3 d&#8217;her\u00e8ncia, procediments judicials de testamentaria o divisi\u00f3 de l&#8217;her\u00e8ncia, reclamaci\u00f3 de leg\u00edtimes o llegats, revocaci\u00f3 de testaments, &#8230;<\/p>\n<p><strong>Dret de capacitat i tutela<\/strong>:\u00a0Processos d&#8217;incapacitat, tutela, reintegraci\u00f3 de la capacitat o modificaci\u00f3 de l&#8217;abast de la incapacitaci\u00f3, &#8230;<\/p>\n<p><strong>Dret de Fam\u00edlia i Matrimonial<\/strong>:\u00a0acords pre-matrimonials, procediments judicials de separaci\u00f3 o divorci de mutu acord o contenci\u00f3s, convenis reguladors, plans de parentalitat, divisi\u00f3 de b\u00e9ns comuns i els seus efectes fiscals, compensacions econ\u00f2miques i prestacions compensat\u00f2ries, liquidaci\u00f3 del r\u00e8gim econ\u00f2mic matrimonial , modificaci\u00f3 i extinci\u00f3 de mesures definitives, reclamaci\u00f3 d&#8217;aliments entre parents, execuci\u00f3 de resolucions judicials, &#8230;[\/vc_column_text]<div class=\" vc_custom_1520612762158 ult_buttons ubtn-ctn-left \"><a class=\"ubtn-link ult-adjust-bottom-margin ubtn-left ubtn-normal \"  rel='' href = \"#contact\" ><button type=\"button\" id=\"ubtn-9003\" class=\"ubtn ult-adjust-bottom-margin ult-responsive ubtn-normal ubtn-no-hover-bg  none  ubtn-left   tooltip-6a991e63adeea\"  data-hover=\"\" data-border-color=\"\" data-bg=\"#23413a\" data-hover-bg=\"#2d5e47\" data-border-hover=\"\" data-shadow-hover=\"\" data-shadow-click=\"none\" data-shadow=\"\" data-shd-shadow=\"\"  data-ultimate-target='#ubtn-9003'  data-responsive-json-new='{\"font-size\":\"\",\"line-height\":\"\"}'  style=\"font-weight:normal;border:none;background: #23413a;color: #ffffff;\"><span class=\"ubtn-hover\" style=\"background-color:#2d5e47\"><\/span><span class=\"ubtn-data ubtn-text \" >CONTACTE<\/span><\/button><\/a><\/div>[\/vc_column][\/vc_row][vc_row full_width=&#8221;stretch_row_content&#8221; equal_height=&#8221;yes&#8221; content_placement=&#8221;middle&#8221; el_class=&#8221;inverted&#8221;][vc_column width=&#8221;1\/2&#8243; css=&#8221;.vc_custom_1507135591067{padding-top: 60px !important;padding-right: 5% !important;padding-bottom: 60px !important;padding-left: 5% !important;background-color: #f4f7f8 !important;}&#8221;][vc_column_text]<\/p>\n<h2><strong>Dret Laboral<\/strong><\/h2>\n<p>[\/vc_column_text][vc_column_text]La branca del dret que s&#8217;encarrega de regular les relacions que s&#8217;estableixen arran del treball hum\u00e0 es coneix com a dret laboral.\u00a0El nostre \u00e0mbit d&#8217;actuaci\u00f3 preferent rau en\u00a0<strong>l&#8217;assessorament\u00a0i\u00a0formalitzaci\u00f3 de contractes laborals generals o especials<\/strong>,\u00a0intervenci\u00f3 en procediments de gesti\u00f3, inspecci\u00f3 i recaptaci\u00f3 de la TGSS, defensa en els procediments davant els Jutjats del Social, &#8230;[\/vc_column_text]<div class=\" vc_custom_1520612812895 ult_buttons ubtn-ctn-left \"><a class=\"ubtn-link ult-adjust-bottom-margin ubtn-left ubtn-normal \"  rel='' href = \"#contact\" ><button type=\"button\" id=\"ubtn-2240\" class=\"ubtn ult-adjust-bottom-margin ult-responsive ubtn-normal ubtn-no-hover-bg  none  ubtn-left   tooltip-6a991e63adf4c\"  data-hover=\"\" data-border-color=\"\" data-bg=\"#23413a\" data-hover-bg=\"#2d5e47\" data-border-hover=\"\" data-shadow-hover=\"\" data-shadow-click=\"none\" data-shadow=\"\" data-shd-shadow=\"\"  data-ultimate-target='#ubtn-2240'  data-responsive-json-new='{\"font-size\":\"\",\"line-height\":\"\"}'  style=\"font-weight:normal;border:none;background: #23413a;color: #ffffff;\"><span class=\"ubtn-hover\" style=\"background-color:#2d5e47\"><\/span><span class=\"ubtn-data ubtn-text \" >CONTACTE<\/span><\/button><\/a><\/div>[\/vc_column][vc_column parallax=&#8221;content-moving&#8221; parallax_image=&#8221;418&#8243; parallax_speed_bg=&#8221;1&#8243; width=&#8221;1\/2&#8243;][vc_empty_space height=&#8221;450px&#8221;][\/vc_column][\/vc_row][vc_row full_width=&#8221;stretch_row_content&#8221; equal_height=&#8221;yes&#8221; content_placement=&#8221;middle&#8221; el_class=&#8221;inverted&#8221;][vc_column parallax=&#8221;content-moving&#8221; parallax_image=&#8221;280&#8243; parallax_speed_bg=&#8221;1&#8243; width=&#8221;1\/2&#8243;][vc_empty_space height=&#8221;450px&#8221;][\/vc_column][vc_column width=&#8221;1\/2&#8243; css=&#8221;.vc_custom_1507135591067{padding-top: 60px !important;padding-right: 5% !important;padding-bottom: 60px !important;padding-left: 5% !important;background-color: #f4f7f8 !important;}&#8221;][vc_column_text]<\/p>\n<h2 style=\"text-align: left;\"><strong>Dret Immobiliari<\/strong><\/h2>\n<p>[\/vc_column_text][vc_column_text]Els oferim un\u00a0<strong>complet assessorament en l&#8217;\u00e0mbit immobiliari<\/strong>.\u00a0El nostre \u00e0mbit d&#8217;actuaci\u00f3 preferent \u00e9s:\u00a0<strong>l&#8217;assessorament,\u00a0negociaci\u00f3\u00a0i\u00a0formalitzaci\u00f3<\/strong> de tot tipus de contractes sobre b\u00e9ns mobles i immobles, contractes de compra i venda, usdefruit, \u00fas i habitaci\u00f3, servitud arrendament, permutes, contractes de renda vital\u00edcia, contractes d&#8217;arrendament de habitatge, local de negoci, pla\u00e7a de garatge o immobles singulars, procediments derivats de l&#8217;arrendament, desnonaments, &#8230;[\/vc_column_text]<div class=\" vc_custom_1520612880965 ult_buttons ubtn-ctn-left \"><a class=\"ubtn-link ult-adjust-bottom-margin ubtn-left ubtn-normal \"  rel='' href = \"#contact\" ><button type=\"button\" id=\"ubtn-4634\" class=\"ubtn ult-adjust-bottom-margin ult-responsive ubtn-normal ubtn-no-hover-bg  none  ubtn-left   tooltip-6a991e63adfa5\"  data-hover=\"\" data-border-color=\"\" data-bg=\"#23413a\" data-hover-bg=\"#2d5e47\" data-border-hover=\"\" data-shadow-hover=\"\" data-shadow-click=\"none\" data-shadow=\"\" data-shd-shadow=\"\"  data-ultimate-target='#ubtn-4634'  data-responsive-json-new='{\"font-size\":\"\",\"line-height\":\"\"}'  style=\"font-weight:normal;border:none;background: #23413a;color: #ffffff;\"><span class=\"ubtn-hover\" style=\"background-color:#2d5e47\"><\/span><span class=\"ubtn-data ubtn-text \" >CONTACTE<\/span><\/button><\/a><\/div>[\/vc_column][\/vc_row][vc_row full_width=&#8221;stretch_row_content&#8221; equal_height=&#8221;yes&#8221; content_placement=&#8221;middle&#8221;][vc_column width=&#8221;1\/2&#8243; css=&#8221;.vc_custom_1507135591067{padding-top: 60px !important;padding-right: 5% !important;padding-bottom: 60px !important;padding-left: 5% !important;background-color: #f4f7f8 !important;}&#8221;][vc_column_text]<\/p>\n<h2><strong>Dret d&#8217;Administraci\u00f3 de Finques<\/strong><\/h2>\n<p>[\/vc_column_text][vc_column_text]La nostra experi\u00e8ncia en el sector d&#8217;administraci\u00f3 de comunitats de propietaris, ens permet oferir un\u00a0<strong>assessorament<\/strong>\u00a0i\u00a0<strong>acompanyament procedimental<\/strong>\u00a0en mat\u00e8ria de propietat horitzontal, reclamaci\u00f3 de deutes a morosos, responsabilitat de promotors, constructors i t\u00e8cnics pels defectes de construcci\u00f3, &#8230;[\/vc_column_text]<div class=\" vc_custom_1520612958634 ult_buttons ubtn-ctn-left \"><a class=\"ubtn-link ult-adjust-bottom-margin ubtn-left ubtn-normal \"  rel='' href = \"#contact\" ><button type=\"button\" id=\"ubtn-7480\" class=\"ubtn ult-adjust-bottom-margin ult-responsive ubtn-normal ubtn-no-hover-bg  none  ubtn-left   tooltip-6a991e63adff7\"  data-hover=\"\" data-border-color=\"\" data-bg=\"#23413a\" data-hover-bg=\"#2d5e47\" data-border-hover=\"\" data-shadow-hover=\"\" data-shadow-click=\"none\" data-shadow=\"\" data-shd-shadow=\"\"  data-ultimate-target='#ubtn-7480'  data-responsive-json-new='{\"font-size\":\"\",\"line-height\":\"\"}'  style=\"font-weight:normal;border:none;background: #23413a;color: #ffffff;\"><span class=\"ubtn-hover\" style=\"background-color:#2d5e47\"><\/span><span class=\"ubtn-data ubtn-text \" >CONTACTE<\/span><\/button><\/a><\/div>[\/vc_column][vc_column parallax=&#8221;content-moving&#8221; parallax_image=&#8221;2319&#8243; parallax_speed_bg=&#8221;1&#8243; width=&#8221;1\/2&#8243;][vc_empty_space height=&#8221;450px&#8221;][\/vc_column][\/vc_row][vc_row full_width=&#8221;stretch_row&#8221; css=&#8221;.vc_custom_1512941844809{background-color: #23413a !important;}&#8221; el_id=&#8221;contact&#8221;][vc_column][vc_column_text]<\/p>\n<h2 style=\"text-align: center;\"><span style=\"color: #ffffff;\">Necessites assist\u00e8nica legal?<\/span><\/h2>\n<p style=\"text-align: center;\"><span style=\"font-size: 14pt; color: #ffffff;\">Contacta amb els nostres experts<\/span><\/p>\n<p>[\/vc_column_text][\/vc_column][\/vc_row][vc_row full_width=&#8221;stretch_row&#8221; css=&#8221;.vc_custom_1512941876853{margin-bottom: -60px !important;background-color: #23413a !important;}&#8221;][vc_column][vc_column_text el_class=&#8221;cf7-white&#8221;]<\/p>\n<div class=\"form-w\">\n<div class=\"wpcf7 no-js\" id=\"wpcf7-f698-o1\" lang=\"es-ES\" dir=\"ltr\" data-wpcf7-id=\"698\">\n<div class=\"screen-reader-response\"><p role=\"status\" aria-live=\"polite\" aria-atomic=\"true\"><\/p> <ul><\/ul><\/div>\n<form action=\"\/ca\/wp-json\/wp\/v2\/pages\/711\/#wpcf7-f698-o1\" method=\"post\" class=\"wpcf7-form init wpcf7-acceptance-as-validation\" aria-label=\"Formulari de contacte\" novalidate=\"novalidate\" data-status=\"init\">\n<fieldset class=\"hidden-fields-container\"><input type=\"hidden\" name=\"_wpcf7\" value=\"698\" \/><input type=\"hidden\" name=\"_wpcf7_version\" value=\"6.1.5\" \/><input type=\"hidden\" name=\"_wpcf7_locale\" value=\"es_ES\" \/><input type=\"hidden\" name=\"_wpcf7_unit_tag\" value=\"wpcf7-f698-o1\" \/><input type=\"hidden\" name=\"_wpcf7_container_post\" value=\"0\" \/><input type=\"hidden\" name=\"_wpcf7_posted_data_hash\" value=\"\" \/><input type=\"hidden\" name=\"_wpcf7cf_hidden_group_fields\" value=\"[]\" \/><input type=\"hidden\" name=\"_wpcf7cf_hidden_groups\" value=\"[]\" \/><input type=\"hidden\" name=\"_wpcf7cf_visible_groups\" value=\"[]\" \/><input type=\"hidden\" name=\"_wpcf7cf_repeaters\" value=\"[]\" \/><input type=\"hidden\" name=\"_wpcf7cf_steps\" value=\"{}\" \/><input type=\"hidden\" name=\"_wpcf7cf_options\" value=\"{&quot;form_id&quot;:698,&quot;conditions&quot;:[],&quot;settings&quot;:{&quot;animation&quot;:&quot;yes&quot;,&quot;animation_intime&quot;:200,&quot;animation_outtime&quot;:200,&quot;conditions_ui&quot;:&quot;normal&quot;,&quot;notice_dismissed&quot;:false}}\" \/><input type=\"hidden\" name=\"_wpcf7_recaptcha_response\" value=\"\" \/>\n<\/fieldset>\n<div class=\"row\">\n\t<div class=\"col-sm-4\">\n\t\t<p><span class=\"wpcf7-form-control-wrap\" data-name=\"your-name\"><input size=\"40\" maxlength=\"400\" class=\"wpcf7-form-control wpcf7-text wpcf7-validates-as-required\" aria-required=\"true\" aria-invalid=\"false\" placeholder=\"Nom\" value=\"\" type=\"text\" name=\"your-name\" \/><\/span>\n\t\t<\/p>\n\t<\/div>\n\t<div class=\"col-sm-4\">\n\t\t<p><span class=\"wpcf7-form-control-wrap\" data-name=\"your-email\"><input size=\"40\" maxlength=\"400\" class=\"wpcf7-form-control wpcf7-email wpcf7-validates-as-required wpcf7-text wpcf7-validates-as-email\" aria-required=\"true\" aria-invalid=\"false\" placeholder=\"Email\" value=\"\" type=\"email\" name=\"your-email\" \/><\/span>\n\t\t<\/p>\n\t<\/div>\n\t<div class=\"col-sm-4\">\n\t\t<p><span class=\"wpcf7-form-control-wrap\" data-name=\"tel\"><input size=\"40\" maxlength=\"400\" class=\"wpcf7-form-control wpcf7-tel wpcf7-validates-as-required wpcf7-text wpcf7-validates-as-tel\" aria-required=\"true\" aria-invalid=\"false\" placeholder=\"Tel\u00e8fon\" value=\"\" type=\"tel\" name=\"tel\" \/><\/span>\n\t\t<\/p>\n\t<\/div>\n\t<div class=\"col-sm-12\">\n\t\t<p><span class=\"wpcf7-form-control-wrap\" data-name=\"your-message\"><textarea cols=\"40\" rows=\"4\" maxlength=\"2000\" class=\"wpcf7-form-control wpcf7-textarea\" aria-invalid=\"false\" placeholder=\"Escriu aqu\u00ed la teva petici\u00f3...\" name=\"your-message\"><\/textarea><\/span>\n\t\t<\/p>\n\t<\/div>\n\t<div class=\"legal-container\">\n\t\t<div class=\"aviso-legal\">\n\t\t\t<p><span class=\"wpcf7-form-control-wrap\" data-name=\"acceptance\"><span class=\"wpcf7-form-control wpcf7-acceptance\"><span class=\"wpcf7-list-item\"><input type=\"checkbox\" name=\"acceptance\" value=\"1\" aria-invalid=\"false\" \/><\/span><\/span><\/span>He llegit i accepto la <a rel=\"nofollow\" class=\"aviso-legal-link\" href=\"https:\/\/evajor.com\/aviso-legal\/\" target=\"_blank\">pol\u00edtica de privacitat<\/a>\n\t\t\t<\/p>\n\t\t<\/div>\n\t\t<p><input class=\"wpcf7-form-control wpcf7-submit has-spinner et_pb_contact_submit et_pb_button\" type=\"submit\" value=\"Enviar\" \/>\n\t\t<\/p>\n\t\t<div class=\"new-legal-text\">\n\t\t\t<p><strong>Informaci\u00f3 b\u00e0sica de protecci\u00f3 de dades:<\/strong><br \/>\n<strong>Responsable<\/strong>: Evajor SL, sent la <strong>Finalitat:<\/strong> la resoluci\u00f3 de la teva dubte i l'enviament de les meves publicacions aix\u00ed com correus comercials. <strong>La Legitimaci\u00f3:<\/strong> \u00e9s gr\u00e0cies al teu consentiment. <strong>destinataris<\/strong>: les dades es troben allotjats al nostre servidor, propietat de Hostalia (Telef\u00f3nica Soluciones De Inform\u00e1tica Y Comunicaciones De Espa\u00f1a S A U), ubicat a Europa. podr\u00e0s exercir. <strong>Els teus Drets d'Acc\u00e9s, Rectificaci\u00f3, Limitaci\u00f3 o suprimir<\/strong> teves dades en <a href=\"mailto:info@evajor.com\">info@evajor.com<\/a>. Per a m\u00e9s informaci\u00f3 consulti la nostra <a rel=\"nofollow\" href=\"https:\/\/evajor.com\/ca\/avis-legal\/\/\" target=\"_blank\">pol\u00edtica de privacitat i av\u00eds legal<\/a>\n\t\t\t<\/p>\n\t\t<\/div>\n\t<\/div>\n<\/div>\n<div class=\"hide\" style=\"display:none;\">\n\t<p><span class=\"wpcf7-form-control-wrap\" data-name=\"url-pagina\"><input size=\"40\" maxlength=\"400\" class=\"wpcf7-form-control wpcf7-url wpcf7-text wpcf7-validates-as-url\" aria-invalid=\"false\" value=\"\" type=\"url\" name=\"url-pagina\" \/><\/span>\n\t<\/p>\n<\/div>\n<p><script>\n\tjQuery(\".wpcf7-url\").val(window.location.href);\n<\/script>\n<\/p><p style=\"display: none !important;\" class=\"akismet-fields-container\" data-prefix=\"_wpcf7_ak_\"><label>&#916;<textarea name=\"_wpcf7_ak_hp_textarea\" cols=\"45\" rows=\"8\" maxlength=\"100\"><\/textarea><\/label><input type=\"hidden\" id=\"ak_js_1\" name=\"_wpcf7_ak_js\" value=\"238\"\/><script>document.getElementById( \"ak_js_1\" ).setAttribute( \"value\", ( new Date() ).getTime() );<\/script><\/p><input type='hidden' class='wpcf7-pum' value='{\"closepopup\":false,\"closedelay\":0,\"openpopup\":false,\"openpopup_id\":0}' \/><div class=\"wpcf7-response-output\" aria-hidden=\"true\"><\/div>\n<\/form>\n<\/div>\n<\/div>\n<p>[\/vc_column_text][\/vc_column][\/vc_row]<\/p>\n","protected":false},"excerpt":{"rendered":"<p>[vc_row full_width=&#8221;stretch_row&#8221; parallax=&#8221;content-moving&#8221; parallax_image=&#8221;316&#8243; css=&#8221;.vc_custom_1512371745386{padding-top: 60px !important;padding-bottom: 60px !important;}&#8221;][vc_column][vc_custom_heading text=&#8221;Advocats&#8221; font_container=&#8221;tag:h2|text_align:center|color:%23ffffff&#8221; use_theme_fonts=&#8221;yes&#8221; css_animation=&#8221;fadeInDown&#8221;][vc_separator color=&#8221;green&#8221; el_width=&#8221;20&#8243; css_animation=&#8221;fadeInUp&#8221;][vc_column_text] EVAJOR es compon de professionals que estan a la seva disposici\u00f3, tant telef\u00f2nica com presencialment al despatx professional, amb cita concertada, en les diferents \u00e0rees de pr\u00e0ctica: [\/vc_column_text][\/vc_column][\/vc_row][vc_row full_width=&#8221;stretch_row_content&#8221; equal_height=&#8221;yes&#8221; content_placement=&#8221;middle&#8221;][vc_column parallax=&#8221;content-moving&#8221; parallax_image=&#8221;269&#8243; parallax_speed_bg=&#8221;1&#8243; width=&#8221;1\/2&#8243;][vc_empty_space height=&#8221;450px&#8221;][\/vc_column][vc_column width=&#8221;1\/2&#8243; css=&#8221;.vc_custom_1507135591067{padding-top: 60px !important;padding-right: 5% !important;padding-bottom: 60px !important;padding-left: 5% !important;background-color: #f4f7f8 !important;}&#8221;][vc_column_text] &#8230;<\/p>\n","protected":false},"author":6,"featured_media":2357,"parent":0,"menu_order":0,"comment_status":"closed","ping_status":"closed","template":"","meta":{"_joinchat":[],"footnotes":""},"class_list":["post-711","page","type-page","status-publish","has-post-thumbnail","hentry"],"yoast_head":"<!-- This site is optimized with the Yoast SEO plugin v17.9 - https:\/\/yoast.com\/wordpress\/plugins\/seo\/ -->\n<meta name=\"robots\" content=\"index, follow, max-snippet:-1, max-image-preview:large, max-video-preview:-1\" \/>\n<link rel=\"canonical\" href=\"https:\/\/evajor.com\/ca\/advocats\/\" \/>\n<meta property=\"og:locale\" content=\"ca_ES\" \/>\n<meta property=\"og:type\" content=\"article\" \/>\n<meta property=\"og:title\" content=\"Advocats - Evajor - Abogados &amp; Administradores de Fincas en Barcelona\" \/>\n<meta property=\"og:description\" content=\"[vc_row full_width=&#8221;stretch_row&#8221; parallax=&#8221;content-moving&#8221; parallax_image=&#8221;316&#8243; css=&#8221;.vc_custom_1512371745386{padding-top: 60px !important;padding-bottom: 60px !important;}&#8221;][vc_column][vc_custom_heading text=&#8221;Advocats&#8221; font_container=&#8221;tag:h2|text_align:center|color:%23ffffff&#8221; use_theme_fonts=&#8221;yes&#8221; css_animation=&#8221;fadeInDown&#8221;][vc_separator color=&#8221;green&#8221; el_width=&#8221;20&#8243; css_animation=&#8221;fadeInUp&#8221;][vc_column_text] EVAJOR es compon de professionals que estan a la seva disposici\u00f3, tant telef\u00f2nica com presencialment al despatx professional, amb cita concertada, en les diferents \u00e0rees de pr\u00e0ctica: [\/vc_column_text][\/vc_column][\/vc_row][vc_row full_width=&#8221;stretch_row_content&#8221; equal_height=&#8221;yes&#8221; content_placement=&#8221;middle&#8221;][vc_column parallax=&#8221;content-moving&#8221; parallax_image=&#8221;269&#8243; parallax_speed_bg=&#8221;1&#8243; width=&#8221;1\/2&#8243;][vc_empty_space height=&#8221;450px&#8221;][\/vc_column][vc_column width=&#8221;1\/2&#8243; css=&#8221;.vc_custom_1507135591067{padding-top: 60px !important;padding-right: 5% !important;padding-bottom: 60px !important;padding-left: 5% !important;background-color: #f4f7f8 !important;}&#8221;][vc_column_text] ...\" \/>\n<meta property=\"og:url\" content=\"https:\/\/evajor.com\/ca\/advocats\/\" \/>\n<meta property=\"og:site_name\" content=\"Evajor - Abogados &amp; Administradores de Fincas en Barcelona\" \/>\n<meta property=\"article:modified_time\" content=\"2021-09-01T09:54:33+00:00\" \/>\n<meta property=\"og:image\" content=\"https:\/\/evajor.com\/wp-content\/uploads\/2017\/12\/civil-sucesiones.jpg\" \/>\n\t<meta property=\"og:image:width\" content=\"1000\" \/>\n\t<meta property=\"og:image:height\" content=\"600\" \/>\n\t<meta property=\"og:image:type\" content=\"image\/jpeg\" \/>\n<meta name=\"twitter:card\" content=\"summary_large_image\" \/>\n<meta name=\"twitter:label1\" content=\"Temps estimat de lectura\" \/>\n\t<meta name=\"twitter:data1\" content=\"6 minuts\" \/>\n<script type=\"application\/ld+json\" class=\"yoast-schema-graph\">{\"@context\":\"https:\/\/schema.org\",\"@graph\":[{\"@type\":\"WebSite\",\"@id\":\"https:\/\/evajor.com\/#website\",\"url\":\"https:\/\/evajor.com\/\",\"name\":\"Evajor - Abogados &amp; Administradores de Fincas en Barcelona\",\"description\":\"En Evajor nacimos con la vocaci\\u00f3n de servicio al cliente y, hoy en d\\u00eda, encontrar soluciones a medida es nuestra mejor carta de presentaci\\u00f3n.\",\"potentialAction\":[{\"@type\":\"SearchAction\",\"target\":{\"@type\":\"EntryPoint\",\"urlTemplate\":\"https:\/\/evajor.com\/?s={search_term_string}\"},\"query-input\":\"required name=search_term_string\"}],\"inLanguage\":\"ca\"},{\"@type\":\"ImageObject\",\"@id\":\"https:\/\/evajor.com\/ca\/advocats\/#primaryimage\",\"inLanguage\":\"ca\",\"url\":\"https:\/\/evajor.com\/wp-content\/uploads\/2017\/12\/civil-sucesiones.jpg\",\"contentUrl\":\"https:\/\/evajor.com\/wp-content\/uploads\/2017\/12\/civil-sucesiones.jpg\",\"width\":1000,\"height\":600},{\"@type\":\"WebPage\",\"@id\":\"https:\/\/evajor.com\/ca\/advocats\/#webpage\",\"url\":\"https:\/\/evajor.com\/ca\/advocats\/\",\"name\":\"Advocats - Evajor - Abogados &amp; Administradores de Fincas en Barcelona\",\"isPartOf\":{\"@id\":\"https:\/\/evajor.com\/#website\"},\"primaryImageOfPage\":{\"@id\":\"https:\/\/evajor.com\/ca\/advocats\/#primaryimage\"},\"datePublished\":\"2018-03-05T16:12:08+00:00\",\"dateModified\":\"2021-09-01T09:54:33+00:00\",\"breadcrumb\":{\"@id\":\"https:\/\/evajor.com\/ca\/advocats\/#breadcrumb\"},\"inLanguage\":\"ca\",\"potentialAction\":[{\"@type\":\"ReadAction\",\"target\":[\"https:\/\/evajor.com\/ca\/advocats\/\"]}]},{\"@type\":\"BreadcrumbList\",\"@id\":\"https:\/\/evajor.com\/ca\/advocats\/#breadcrumb\",\"itemListElement\":[{\"@type\":\"ListItem\",\"position\":1,\"name\":\"Portada\",\"item\":\"https:\/\/evajor.com\/ca\/\"},{\"@type\":\"ListItem\",\"position\":2,\"name\":\"Advocats\"}]}]}<\/script>\n<!-- \/ Yoast SEO plugin. -->","yoast_head_json":{"robots":{"index":"index","follow":"follow","max-snippet":"max-snippet:-1","max-image-preview":"max-image-preview:large","max-video-preview":"max-video-preview:-1"},"canonical":"https:\/\/evajor.com\/ca\/advocats\/","og_locale":"ca_ES","og_type":"article","og_title":"Advocats - Evajor - Abogados &amp; Administradores de Fincas en Barcelona","og_description":"[vc_row full_width=&#8221;stretch_row&#8221; parallax=&#8221;content-moving&#8221; parallax_image=&#8221;316&#8243; css=&#8221;.vc_custom_1512371745386{padding-top: 60px !important;padding-bottom: 60px !important;}&#8221;][vc_column][vc_custom_heading text=&#8221;Advocats&#8221; font_container=&#8221;tag:h2|text_align:center|color:%23ffffff&#8221; use_theme_fonts=&#8221;yes&#8221; css_animation=&#8221;fadeInDown&#8221;][vc_separator color=&#8221;green&#8221; el_width=&#8221;20&#8243; css_animation=&#8221;fadeInUp&#8221;][vc_column_text] EVAJOR es compon de professionals que estan a la seva disposici\u00f3, tant telef\u00f2nica com presencialment al despatx professional, amb cita concertada, en les diferents \u00e0rees de pr\u00e0ctica: [\/vc_column_text][\/vc_column][\/vc_row][vc_row full_width=&#8221;stretch_row_content&#8221; equal_height=&#8221;yes&#8221; content_placement=&#8221;middle&#8221;][vc_column parallax=&#8221;content-moving&#8221; parallax_image=&#8221;269&#8243; parallax_speed_bg=&#8221;1&#8243; width=&#8221;1\/2&#8243;][vc_empty_space height=&#8221;450px&#8221;][\/vc_column][vc_column width=&#8221;1\/2&#8243; css=&#8221;.vc_custom_1507135591067{padding-top: 60px !important;padding-right: 5% !important;padding-bottom: 60px !important;padding-left: 5% !important;background-color: #f4f7f8 !important;}&#8221;][vc_column_text] ...","og_url":"https:\/\/evajor.com\/ca\/advocats\/","og_site_name":"Evajor - Abogados &amp; Administradores de Fincas en Barcelona","article_modified_time":"2021-09-01T09:54:33+00:00","og_image":[{"width":1000,"height":600,"url":"https:\/\/evajor.com\/wp-content\/uploads\/2017\/12\/civil-sucesiones.jpg","type":"image\/jpeg"}],"twitter_card":"summary_large_image","twitter_misc":{"Temps estimat de lectura":"6 minuts"},"schema":{"@context":"https:\/\/schema.org","@graph":[{"@type":"WebSite","@id":"https:\/\/evajor.com\/#website","url":"https:\/\/evajor.com\/","name":"Evajor - Abogados &amp; Administradores de Fincas en Barcelona","description":"En Evajor nacimos con la vocaci\u00f3n de servicio al cliente y, hoy en d\u00eda, encontrar soluciones a medida es nuestra mejor carta de presentaci\u00f3n.","potentialAction":[{"@type":"SearchAction","target":{"@type":"EntryPoint","urlTemplate":"https:\/\/evajor.com\/?s={search_term_string}"},"query-input":"required name=search_term_string"}],"inLanguage":"ca"},{"@type":"ImageObject","@id":"https:\/\/evajor.com\/ca\/advocats\/#primaryimage","inLanguage":"ca","url":"https:\/\/evajor.com\/wp-content\/uploads\/2017\/12\/civil-sucesiones.jpg","contentUrl":"https:\/\/evajor.com\/wp-content\/uploads\/2017\/12\/civil-sucesiones.jpg","width":1000,"height":600},{"@type":"WebPage","@id":"https:\/\/evajor.com\/ca\/advocats\/#webpage","url":"https:\/\/evajor.com\/ca\/advocats\/","name":"Advocats - Evajor - Abogados &amp; Administradores de Fincas en Barcelona","isPartOf":{"@id":"https:\/\/evajor.com\/#website"},"primaryImageOfPage":{"@id":"https:\/\/evajor.com\/ca\/advocats\/#primaryimage"},"datePublished":"2018-03-05T16:12:08+00:00","dateModified":"2021-09-01T09:54:33+00:00","breadcrumb":{"@id":"https:\/\/evajor.com\/ca\/advocats\/#breadcrumb"},"inLanguage":"ca","potentialAction":[{"@type":"ReadAction","target":["https:\/\/evajor.com\/ca\/advocats\/"]}]},{"@type":"BreadcrumbList","@id":"https:\/\/evajor.com\/ca\/advocats\/#breadcrumb","itemListElement":[{"@type":"ListItem","position":1,"name":"Portada","item":"https:\/\/evajor.com\/ca\/"},{"@type":"ListItem","position":2,"name":"Advocats"}]}]}},"_links":{"self":[{"href":"https:\/\/evajor.com\/ca\/wp-json\/wp\/v2\/pages\/711\/"}],"collection":[{"href":"https:\/\/evajor.com\/ca\/wp-json\/wp\/v2\/pages\/"}],"about":[{"href":"https:\/\/evajor.com\/ca\/wp-json\/wp\/v2\/types\/page\/"}],"author":[{"embeddable":true,"href":"https:\/\/evajor.com\/ca\/wp-json\/wp\/v2\/users\/6\/"}],"replies":[{"embeddable":true,"href":"https:\/\/evajor.com\/ca\/wp-json\/wp\/v2\/comments\/?post=711"}],"version-history":[{"count":2,"href":"https:\/\/evajor.com\/ca\/wp-json\/wp\/v2\/pages\/711\/revisions\/"}],"predecessor-version":[{"id":4517,"href":"https:\/\/evajor.com\/ca\/wp-json\/wp\/v2\/pages\/711\/revisions\/4517\/"}],"wp:featuredmedia":[{"embeddable":true,"href":"https:\/\/evajor.com\/ca\/wp-json\/wp\/v2\/media\/2357\/"}],"wp:attachment":[{"href":"https:\/\/evajor.com\/ca\/wp-json\/wp\/v2\/media\/?parent=711"}],"curies":[{"name":"wp","href":"https:\/\/api.w.org\/{rel}","templated":true}]}}