{"id":700,"date":"2018-03-05T15:09:11","date_gmt":"2018-03-05T15:09:11","guid":{"rendered":"http:\/\/localhost\/evajorv1\/?page_id=700"},"modified":"2018-03-22T11:21:29","modified_gmt":"2018-03-22T11:21:29","slug":"avis-legal","status":"publish","type":"page","link":"https:\/\/evajor.com\/ca\/avis-legal\/","title":{"rendered":"Av\u00eds Legal"},"content":{"rendered":"<p>[vc_row][vc_column][vc_column_text]<\/p>\n<h3><\/h3>\n<h3>1. Dades identificatives<\/h3>\n<p>En compliment amb el deure informaci\u00f3 recollit en article 10 de la Llei 34\/2002, d&#8217;11 de juliol, de Serveis de la Societat de la Informaci\u00f3 i del Comer\u00e7 Electr\u00f2nic, a continuaci\u00f3 es reflecteixen les seg\u00fcents dades: l&#8217;empresa titular de domini web \u00e9s Evajor SL\u00a0(d&#8217;ara endavant Evajor), amb domicili a aquests efectes en Avinguda Meridiana 310, Entl. H52, Barcelona nombre de C.I.F.:\u00a0B60655735. Correu electr\u00f2nic de contacte: abogados@evajor.com.<\/p>\n<h3>2. Usuaris<\/h3>\n<p>L&#8217;acc\u00e9s i\/o \u00fas d&#8217;aquest portal de Evajor\u00a0atribueix la condici\u00f3 d&#8217;USUARI, que accepta, des d&#8217;aquest acc\u00e9s i\/o \u00fas, les Condicions Generals d&#8217;\u00das aqu\u00ed reflectides. Les citades Condicions seran aplicable independentment de les Condicions Generals de Contractaci\u00f3 que si escau resultin d&#8217;obligat compliment.<\/p>\n<h3>3. \u00das del portal<\/h3>\n<p>www.evajor.com\u00a0proporciona l&#8217;acc\u00e9s a multitud d&#8217;informacions, serveis, programes o dades (d&#8217;ara endavant, \u201cels continguts\u201d) en Internet pertanyents a Evajor\u00a0o als seus llicenciadors als quals l&#8217;USUARI pugui tenir acc\u00e9s. L&#8217;USUARI assumeix la responsabilitat de l&#8217;\u00fas del portal. Aquesta responsabilitat s&#8217;est\u00e9n al registre que an\u00e9s necessari per accedir a determinats serveis o continguts.<br \/>\nEn aquest registre l&#8217;USUARI ser\u00e0 responsable d&#8217;aportar informaci\u00f3 vera\u00e7 i l\u00edcita. Com a conseq\u00fc\u00e8ncia d&#8217;aquest registre, a l&#8217;USUARI se li pot proporcionar una contrasenya de la qual ser\u00e0 responsable,\u00a0comprometent-se a fer un \u00fas diligent i confidencial de la mateixa. L&#8217;USUARI es compromet a fer un \u00fas adequat dels continguts i serveis (com per exemple serveis de xat, f\u00f2rums de discussi\u00f3 o grups de not\u00edcies) que Nom de l&#8217;empresa creadora del lloc web ofereix a trav\u00e9s del seu portal i amb car\u00e0cter enunciatiu per\u00f2 no limitatiu, a no emprar-los para (i) inc\u00f3rrer en activitats il\u00b7l\u00edcites, il\u00b7legals o contr\u00e0ries a la bona fe i a l&#8217;ordre p\u00fablic; (ii) difondre continguts o propaganda de car\u00e0cter racista, xen\u00f2fob, pornogr\u00e0fic-il\u00b7legal, d&#8217;apologia del terrorisme o atemptatori contra els drets humans; (iii) provocar danys en els sistemes f\u00edsics i l\u00f2gics de Nom de l&#8217;empresa creadora del lloc web , dels seus prove\u00efdors o de terceres persones, introduir o difondre a la xarxa virus inform\u00e0tics o qualssevol altres sistemes f\u00edsics o l\u00f2gics que siguin susceptibles de provocar els danys anteriorment esmentats; (iv) intentar accedir i, si escau, utilitzar els comptes de correu electr\u00f2nic d&#8217;altres usuaris i modificar-ho manipular els seus missatges. Nom de l&#8217;empresa creadora del lloc web es reserva el dret de retirar tots aquells comentaris i aportacions que vulnerin el respecte a la dignitat de la persona, que siguin discriminatoris, xen\u00f2fobs, racistes, pornogr\u00e0fics, que atemptin contra la joventut o la inf\u00e0ncia, l&#8217;ordre o la seguretat p\u00fablica o que, al seu judici, no resultessin adequats per a la seva publicaci\u00f3. En qualsevol cas, Evajor\u00a0no ser\u00e0 responsable de les opinions abocades pels usuaris a trav\u00e9s dels f\u00f2rums, xats, o altres eines de participaci\u00f3.<\/p>\n<h3>4. Protecci\u00f3 de dades<\/h3>\n<p>Evajor\u00a0compleix amb les directrius de la Llei Org\u00e0nica 15\/1999 de 13 de desembre de Protecci\u00f3 de Dades de Car\u00e0cter Personal, el Reial decret 1720\/2007 de 21 de desembre pel qual s&#8217;aprova el Reglament de desenvolupament de la Llei Org\u00e0nica i altra normativa vigent a cada moment, i v\u00e9s-la per garantir un correcte \u00fas i tractament de les dades personals de l&#8217;usuari. Per a aix\u00f2, al costat de cada formulari de recapto de dades de car\u00e0cter personal, en els serveis que l&#8217;usuari pugui sol\u00b7licitar a info@evajor.com, far\u00e0 saber a l&#8217;usuari de l&#8217;exist\u00e8ncia i acceptaci\u00f3 de les condicions particulars del tractament de les seves dades en cada cas, informant-li de la responsabilitat del fitxer creat, l&#8217;adre\u00e7a del responsable, la possibilitat d&#8217;exercir els seus drets d&#8217;acc\u00e9s, rectificaci\u00f3, cancel\u00b7laci\u00f3 o oposici\u00f3, la finalitat del tractament i les comunicacions de dades a tercers si escau.<\/p>\n<p>Aix\u00ed mateix, Evajor\u00a0informa que d\u00f3na compliment a la Llei 34\/2002 d&#8217;11 de juliol, de Serveis de la Societat de la Informaci\u00f3 i el Comer\u00e7 Electr\u00f2nic i li sol\u00b7licitar\u00e0 el seu consentiment al tractament del seu correu electr\u00f2nic amb finalitats comercials a cada moment.<br \/>\nEvajor\u00a0per si o com a cession\u00e0ria, \u00e9s titular de tots els drets de propietat intel\u00b7lectual i industrial de la seva p\u00e0gina web, aix\u00ed com dels elements continguts en la mateixa (a t\u00edtol enunciatiu, imatges, so, \u00e0udio, v\u00eddeo, programari o textos; marques o logotips, combinacions de colors, estructura i disseny, selecci\u00f3 de materials usats, programes d&#8217;ordinador necessaris per al seu funcionament, acc\u00e9s i \u00fas, etc.), titularitat de Evajor\u00a0o b\u00e9 dels seus llicenciadors.<\/p>\n<p>Tots els drets reservats. En virtut del que es disposa en els articles 8 i 32.1, par\u00e0graf segon, de la Llei de Propietat Intel\u00b7lectual, queden expressament prohibides la reproducci\u00f3, la distribuci\u00f3 i la comunicaci\u00f3 p\u00fablica, inclosa la seva modalitat de posada a disposici\u00f3, de la totalitat o part dels continguts d&#8217;aquesta p\u00e0gina web, amb finalitats comercials, en qualsevol suport i per qualsevol mitj\u00e0 t\u00e8cnic, sense l&#8217;autoritzaci\u00f3 de Evajor. L&#8217;USUARI es compromet a respectar els drets de Propietat Intel\u00b7lectual i Industrial titularitat de Evajor. Podr\u00e0 visualitzar els elements del portal i fins i tot imprimir-los, copiar-los i emmagatzemar-los en el disc dur del seu ordinador o en qualsevol altre suport f\u00edsic sempre que sigui, \u00fanica i exclusivament, per al seu \u00fas personal i privat. L&#8217;USUARI haur\u00e0 d&#8217;abstenir-se de suprimir, alterar, eludir o manipular qualsevol dispositiu de protecci\u00f3 o sistema de seguretat que estigu\u00e9s instal\u00b7lat en el les p\u00e0gines de Evajor.<\/p>\n<h3>5. Exclusi\u00f3 de garanties i responsabilitat<\/h3>\n<p>Evajor\u00a0no es fa responsable, en cap cas, dels danys i perjudicis de qualsevol naturalesa que poguessin ocasionar, a t\u00edtol enunciatiu: errors o omissions en els continguts, falta de disponibilitat del portal o la transmissi\u00f3 de virus o programes maliciosos o lesius en els continguts, malgrat haver adoptat totes les mesures tecnol\u00f2giques necess\u00e0ries per evitar-ho.<\/p>\n<h3>6. Modificacions<\/h3>\n<p>Evajor\u00a0es reserva el dret d&#8217;efectuar sense previ av\u00eds les modificacions que consideri oportunes al seu portal, podent canviar, suprimir o afegir tant els continguts i serveis que es prestin a trav\u00e9s de la mateixa com la forma en la qual aquests apareguin presentats o localitzats al seu portal.<\/p>\n<h3>7. Enlla\u00e7os<\/h3>\n<p>En el cas que en www.evajor.com\u00a0es disposessin enlla\u00e7os o hiperv\u00edncles feia altres llocs d&#8217;Internet, Evajor\u00a0no exercir\u00e0 cap tipus de control sobre aquests llocs i continguts. En cap cas Evajor\u00a0assumir\u00e0 responsabilitat alguna pels continguts d&#8217;algun enlla\u00e7 pertanyent a un lloc web ali\u00e8, ni garantir\u00e0 la disponibilitat t\u00e8cnica, qualitat, fiabilitat, exactitud, amplitud, veracitat, validesa i\u00a0constitucionalitat de qualsevol material o informaci\u00f3 continguda en cap d&#8217;aquests hiperv\u00edncles o altres llocs d&#8217;Internet.<\/p>\n<p>Igualment la inclusi\u00f3 d&#8217;aquestes connexions externes no implicar\u00e0 cap tipus d&#8217;associaci\u00f3, fusi\u00f3 o participaci\u00f3 amb les entitats connectades.<\/p>\n<h3>8. Dret d&#8217;exclusi\u00f3<\/h3>\n<p>Evajor\u00a0es reserva el dret a denegar o retirar l&#8217;acc\u00e9s a portal i\/o els serveis oferts sense necessitat de preav\u00eds, a inst\u00e0ncia pr\u00f2pia o d&#8217;un tercer, a aquells usuaris que incompleixin les presents Condicions Generals d&#8217;\u00das.<\/p>\n<h3>9.Nul\u00b7litat<\/h3>\n<p>Si qualsevol disposici\u00f3 o contingut d\u2019aquest Av\u00eds Legal fos declarat nul o sense efecte, en tot o en part, mitjan\u00e7ant ressoluci\u00f3 ferme per un Jutjat o Tribunal competents, les restants disposicions conservaran la seva validesa a tots els efectes.<\/p>\n<h3>10.Incompliments<\/h3>\n<p>T\u2019informo que perseguir\u00e9 l\u2019incompliment de les presents condicions, aix\u00ed com qualsevol utilitzaci\u00f3 indeguda d\u2019aquest lloc Web, exercint totes les accions civils, penals i administratives que em puguin correspondre en Dret.<\/p>\n<h3>11. Modificaci\u00f3 de les presents condicions i durada<\/h3>\n<p>Evajor\u00a0podr\u00e0 modificar a qualsevol moment les condicions aqu\u00ed determinades, sent degudament publicades com aqu\u00ed apareixen.<\/p>\n<p>La vig\u00e8ncia de les citades condicions anir\u00e0 en funci\u00f3 de la seva exposici\u00f3 i estaran vigents fins a degudament publicades. que siguin modificades per unes altres.<\/p>\n<h3>12. Legislaci\u00f3 aplicable i jurisdicci\u00f3<\/h3>\n<p>La relaci\u00f3 entre Evajor\u00a0i l&#8217;USUARI es regir\u00e0 per la normativa espanyola vigent i qualsevol controv\u00e8rsia se sotmetr\u00e0 als Jutjats i tribunals de la ciutat de Barcelona.<\/p>\n<h3>[\/vc_column_text][\/vc_column][\/vc_row]<\/h3>\n","protected":false},"excerpt":{"rendered":"<p>[vc_row][vc_column][vc_column_text] 1. Dades identificatives En compliment amb el deure informaci\u00f3 recollit en article 10 de la Llei 34\/2002, d&#8217;11 de juliol, de Serveis de la Societat de la Informaci\u00f3 i del Comer\u00e7 Electr\u00f2nic, a continuaci\u00f3 es reflecteixen les seg\u00fcents dades: l&#8217;empresa titular de domini web \u00e9s Evajor SL\u00a0(d&#8217;ara endavant Evajor), amb domicili a aquests efectes en Avinguda Meridiana 310, Entl. H52, Barcelona nombre de &#8230;<\/p>\n","protected":false},"author":6,"featured_media":0,"parent":0,"menu_order":0,"comment_status":"closed","ping_status":"closed","template":"","meta":{"_joinchat":[],"footnotes":""},"class_list":["post-700","page","type-page","status-publish","hentry"],"yoast_head":"<!-- This site is optimized with the Yoast SEO plugin v17.9 - https:\/\/yoast.com\/wordpress\/plugins\/seo\/ -->\n<meta name=\"robots\" content=\"noindex, nofollow\" \/>\n<meta property=\"og:locale\" content=\"ca_ES\" \/>\n<meta property=\"og:type\" content=\"article\" \/>\n<meta property=\"og:title\" content=\"Av\u00eds Legal - Evajor - Abogados &amp; Administradores de Fincas en Barcelona\" \/>\n<meta property=\"og:description\" content=\"[vc_row][vc_column][vc_column_text] 1. Dades identificatives En compliment amb el deure informaci\u00f3 recollit en article 10 de la Llei 34\/2002, d&#8217;11 de juliol, de Serveis de la Societat de la Informaci\u00f3 i del Comer\u00e7 Electr\u00f2nic, a continuaci\u00f3 es reflecteixen les seg\u00fcents dades: l&#8217;empresa titular de domini web \u00e9s Evajor SL\u00a0(d&#8217;ara endavant Evajor), amb domicili a aquests efectes en Avinguda Meridiana 310, Entl. H52, Barcelona nombre de ...\" \/>\n<meta property=\"og:url\" content=\"https:\/\/evajor.com\/ca\/avis-legal\/\" \/>\n<meta property=\"og:site_name\" content=\"Evajor - Abogados &amp; Administradores de Fincas en Barcelona\" \/>\n<meta property=\"article:modified_time\" content=\"2018-03-22T11:21:29+00:00\" \/>\n<meta name=\"twitter:card\" content=\"summary_large_image\" \/>\n<meta name=\"twitter:label1\" content=\"Temps estimat de lectura\" \/>\n\t<meta name=\"twitter:data1\" content=\"7 minuts\" \/>\n<script type=\"application\/ld+json\" class=\"yoast-schema-graph\">{\"@context\":\"https:\/\/schema.org\",\"@graph\":[{\"@type\":\"WebSite\",\"@id\":\"https:\/\/evajor.com\/#website\",\"url\":\"https:\/\/evajor.com\/\",\"name\":\"Evajor - Abogados &amp; Administradores de Fincas en Barcelona\",\"description\":\"En Evajor nacimos con la vocaci\\u00f3n de servicio al cliente y, hoy en d\\u00eda, encontrar soluciones a medida es nuestra mejor carta de presentaci\\u00f3n.\",\"potentialAction\":[{\"@type\":\"SearchAction\",\"target\":{\"@type\":\"EntryPoint\",\"urlTemplate\":\"https:\/\/evajor.com\/?s={search_term_string}\"},\"query-input\":\"required name=search_term_string\"}],\"inLanguage\":\"ca\"},{\"@type\":\"WebPage\",\"@id\":\"https:\/\/evajor.com\/ca\/avis-legal\/#webpage\",\"url\":\"https:\/\/evajor.com\/ca\/avis-legal\/\",\"name\":\"Av\\u00eds Legal - Evajor - Abogados &amp; Administradores de Fincas en Barcelona\",\"isPartOf\":{\"@id\":\"https:\/\/evajor.com\/#website\"},\"datePublished\":\"2018-03-05T15:09:11+00:00\",\"dateModified\":\"2018-03-22T11:21:29+00:00\",\"breadcrumb\":{\"@id\":\"https:\/\/evajor.com\/ca\/avis-legal\/#breadcrumb\"},\"inLanguage\":\"ca\",\"potentialAction\":[{\"@type\":\"ReadAction\",\"target\":[\"https:\/\/evajor.com\/ca\/avis-legal\/\"]}]},{\"@type\":\"BreadcrumbList\",\"@id\":\"https:\/\/evajor.com\/ca\/avis-legal\/#breadcrumb\",\"itemListElement\":[{\"@type\":\"ListItem\",\"position\":1,\"name\":\"Portada\",\"item\":\"https:\/\/evajor.com\/ca\/\"},{\"@type\":\"ListItem\",\"position\":2,\"name\":\"Av\\u00eds Legal\"}]}]}<\/script>\n<!-- \/ Yoast SEO plugin. -->","yoast_head_json":{"robots":{"index":"noindex","follow":"nofollow"},"og_locale":"ca_ES","og_type":"article","og_title":"Av\u00eds Legal - Evajor - Abogados &amp; Administradores de Fincas en Barcelona","og_description":"[vc_row][vc_column][vc_column_text] 1. Dades identificatives En compliment amb el deure informaci\u00f3 recollit en article 10 de la Llei 34\/2002, d&#8217;11 de juliol, de Serveis de la Societat de la Informaci\u00f3 i del Comer\u00e7 Electr\u00f2nic, a continuaci\u00f3 es reflecteixen les seg\u00fcents dades: l&#8217;empresa titular de domini web \u00e9s Evajor SL\u00a0(d&#8217;ara endavant Evajor), amb domicili a aquests efectes en Avinguda Meridiana 310, Entl. H52, Barcelona nombre de ...","og_url":"https:\/\/evajor.com\/ca\/avis-legal\/","og_site_name":"Evajor - Abogados &amp; Administradores de Fincas en Barcelona","article_modified_time":"2018-03-22T11:21:29+00:00","twitter_card":"summary_large_image","twitter_misc":{"Temps estimat de lectura":"7 minuts"},"schema":{"@context":"https:\/\/schema.org","@graph":[{"@type":"WebSite","@id":"https:\/\/evajor.com\/#website","url":"https:\/\/evajor.com\/","name":"Evajor - Abogados &amp; Administradores de Fincas en Barcelona","description":"En Evajor nacimos con la vocaci\u00f3n de servicio al cliente y, hoy en d\u00eda, encontrar soluciones a medida es nuestra mejor carta de presentaci\u00f3n.","potentialAction":[{"@type":"SearchAction","target":{"@type":"EntryPoint","urlTemplate":"https:\/\/evajor.com\/?s={search_term_string}"},"query-input":"required name=search_term_string"}],"inLanguage":"ca"},{"@type":"WebPage","@id":"https:\/\/evajor.com\/ca\/avis-legal\/#webpage","url":"https:\/\/evajor.com\/ca\/avis-legal\/","name":"Av\u00eds Legal - Evajor - Abogados &amp; Administradores de Fincas en Barcelona","isPartOf":{"@id":"https:\/\/evajor.com\/#website"},"datePublished":"2018-03-05T15:09:11+00:00","dateModified":"2018-03-22T11:21:29+00:00","breadcrumb":{"@id":"https:\/\/evajor.com\/ca\/avis-legal\/#breadcrumb"},"inLanguage":"ca","potentialAction":[{"@type":"ReadAction","target":["https:\/\/evajor.com\/ca\/avis-legal\/"]}]},{"@type":"BreadcrumbList","@id":"https:\/\/evajor.com\/ca\/avis-legal\/#breadcrumb","itemListElement":[{"@type":"ListItem","position":1,"name":"Portada","item":"https:\/\/evajor.com\/ca\/"},{"@type":"ListItem","position":2,"name":"Av\u00eds Legal"}]}]}},"_links":{"self":[{"href":"https:\/\/evajor.com\/ca\/wp-json\/wp\/v2\/pages\/700\/"}],"collection":[{"href":"https:\/\/evajor.com\/ca\/wp-json\/wp\/v2\/pages\/"}],"about":[{"href":"https:\/\/evajor.com\/ca\/wp-json\/wp\/v2\/types\/page\/"}],"author":[{"embeddable":true,"href":"https:\/\/evajor.com\/ca\/wp-json\/wp\/v2\/users\/6\/"}],"replies":[{"embeddable":true,"href":"https:\/\/evajor.com\/ca\/wp-json\/wp\/v2\/comments\/?post=700"}],"version-history":[{"count":0,"href":"https:\/\/evajor.com\/ca\/wp-json\/wp\/v2\/pages\/700\/revisions\/"}],"wp:attachment":[{"href":"https:\/\/evajor.com\/ca\/wp-json\/wp\/v2\/media\/?parent=700"}],"curies":[{"name":"wp","href":"https:\/\/api.w.org\/{rel}","templated":true}]}}