{"version":"1.0","provider_name":"Evajor - Abogados &amp; Administradores de Fincas en Barcelona","provider_url":"https:\/\/evajor.com\/ca\/","author_name":"Andrea","author_url":"https:\/\/evajor.com\/ca\/author\/andrea\/","title":"Suspensi\u00f3 temporal de l'atenci\u00f3 presencial - Evajor - Abogados &amp; Administradores de Fincas en Barcelona","type":"rich","width":600,"height":338,"html":"<blockquote class=\"wp-embedded-content\" data-secret=\"bbpnqRl9Sx\"><a href=\"https:\/\/evajor.com\/ca\/suspensio-temporal-de-latencio-presencial\/\">Suspensi\u00f3 temporal de l&#8217;atenci\u00f3 presencial<\/a><\/blockquote><iframe sandbox=\"allow-scripts\" security=\"restricted\" src=\"https:\/\/evajor.com\/ca\/suspensio-temporal-de-latencio-presencial\/embed\/#?secret=bbpnqRl9Sx\" width=\"600\" height=\"338\" title=\"&#8220;Suspensi\u00f3 temporal de l&#8217;atenci\u00f3 presencial&#8221; &#8212; Evajor - Abogados &amp; Administradores de Fincas en Barcelona\" data-secret=\"bbpnqRl9Sx\" frameborder=\"0\" marginwidth=\"0\" marginheight=\"0\" scrolling=\"no\" class=\"wp-embedded-content\"><\/iframe><script type=\"text\/javascript\">\n\/* <![CDATA[ *\/\n\/*! This file is auto-generated *\/\n!function(d,l){\"use strict\";l.querySelector&&d.addEventListener&&\"undefined\"!=typeof URL&&(d.wp=d.wp||{},d.wp.receiveEmbedMessage||(d.wp.receiveEmbedMessage=function(e){var t=e.data;if((t||t.secret||t.message||t.value)&&!\/[^a-zA-Z0-9]\/.test(t.secret)){for(var s,r,n,a=l.querySelectorAll('iframe[data-secret=\"'+t.secret+'\"]'),o=l.querySelectorAll('blockquote[data-secret=\"'+t.secret+'\"]'),c=new RegExp(\"^https?:$\",\"i\"),i=0;i<o.length;i++)o[i].style.display=\"none\";for(i=0;i<a.length;i++)s=a[i],e.source===s.contentWindow&&(s.removeAttribute(\"style\"),\"height\"===t.message?(1e3<(r=parseInt(t.value,10))?r=1e3:~~r<200&&(r=200),s.height=r):\"link\"===t.message&&(r=new URL(s.getAttribute(\"src\")),n=new URL(t.value),c.test(n.protocol))&&n.host===r.host&&l.activeElement===s&&(d.top.location.href=t.value))}},d.addEventListener(\"message\",d.wp.receiveEmbedMessage,!1),l.addEventListener(\"DOMContentLoaded\",function(){for(var e,t,s=l.querySelectorAll(\"iframe.wp-embedded-content\"),r=0;r<s.length;r++)(t=(e=s[r]).getAttribute(\"data-secret\"))||(t=Math.random().toString(36).substring(2,12),e.src+=\"#?secret=\"+t,e.setAttribute(\"data-secret\",t)),e.contentWindow.postMessage({message:\"ready\",secret:t},\"*\")},!1)))}(window,document);\n\/\/# sourceURL=https:\/\/evajor.com\/wp-includes\/js\/wp-embed.min.js\n\/* ]]> *\/\n<\/script>\n","thumbnail_url":"https:\/\/evajor.com\/wp-content\/uploads\/2020\/10\/FrenaLaPropagacion-1.png","thumbnail_width":1350,"thumbnail_height":650,"description":"Atenent les directrius de les autoritats sanit\u00e0ries, ens veiem en l&#8217;obligaci\u00f3 d&#8217;adoptar les mesures necess\u00e0ries per a prevenir el contagi del Covid-19. Per aix\u00f2, al llarg de les dues pr\u00f2ximes setmanes, l&#8217;atenci\u00f3 i prestaci\u00f3 de serveis ser\u00e0 \u00fanicament telef\u00f2nicament o per mitjans digitals, i nom\u00e9s es podr\u00e0 acudir a l&#8217;oficina si es tracta d&#8217;algun motiu imprescindible sol\u00b7licitant cita pr\u00e8via. El nostre horari ser\u00e0 l&#8217;habitual, ..."}