{"version":"1.0","provider_name":"Evajor - Abogados &amp; Administradores de Fincas en Barcelona","provider_url":"https:\/\/evajor.com\/ca\/","author_name":"Andrea","author_url":"https:\/\/evajor.com\/ca\/author\/andrea\/","title":"Informaci\u00f3 d'inter\u00e8s per a aut\u00f2noms - Evajor - Abogados &amp; Administradores de Fincas en Barcelona","type":"rich","width":600,"height":338,"html":"<blockquote class=\"wp-embedded-content\" data-secret=\"iOrGbl74bO\"><a href=\"https:\/\/evajor.com\/ca\/informacio-dinteres-per-a-autonoms\/\">Informaci\u00f3 d&#8217;inter\u00e8s per a aut\u00f2noms<\/a><\/blockquote><iframe sandbox=\"allow-scripts\" security=\"restricted\" src=\"https:\/\/evajor.com\/ca\/informacio-dinteres-per-a-autonoms\/embed\/#?secret=iOrGbl74bO\" width=\"600\" height=\"338\" title=\"&#8220;Informaci\u00f3 d&#8217;inter\u00e8s per a aut\u00f2noms&#8221; &#8212; Evajor - Abogados &amp; Administradores de Fincas en Barcelona\" data-secret=\"iOrGbl74bO\" frameborder=\"0\" marginwidth=\"0\" marginheight=\"0\" scrolling=\"no\" class=\"wp-embedded-content\"><\/iframe><script type=\"text\/javascript\">\n\/* <![CDATA[ *\/\n\/*! This file is auto-generated *\/\n!function(d,l){\"use strict\";l.querySelector&&d.addEventListener&&\"undefined\"!=typeof URL&&(d.wp=d.wp||{},d.wp.receiveEmbedMessage||(d.wp.receiveEmbedMessage=function(e){var t=e.data;if((t||t.secret||t.message||t.value)&&!\/[^a-zA-Z0-9]\/.test(t.secret)){for(var s,r,n,a=l.querySelectorAll('iframe[data-secret=\"'+t.secret+'\"]'),o=l.querySelectorAll('blockquote[data-secret=\"'+t.secret+'\"]'),c=new RegExp(\"^https?:$\",\"i\"),i=0;i<o.length;i++)o[i].style.display=\"none\";for(i=0;i<a.length;i++)s=a[i],e.source===s.contentWindow&&(s.removeAttribute(\"style\"),\"height\"===t.message?(1e3<(r=parseInt(t.value,10))?r=1e3:~~r<200&&(r=200),s.height=r):\"link\"===t.message&&(r=new URL(s.getAttribute(\"src\")),n=new URL(t.value),c.test(n.protocol))&&n.host===r.host&&l.activeElement===s&&(d.top.location.href=t.value))}},d.addEventListener(\"message\",d.wp.receiveEmbedMessage,!1),l.addEventListener(\"DOMContentLoaded\",function(){for(var e,t,s=l.querySelectorAll(\"iframe.wp-embedded-content\"),r=0;r<s.length;r++)(t=(e=s[r]).getAttribute(\"data-secret\"))||(t=Math.random().toString(36).substring(2,12),e.src+=\"#?secret=\"+t,e.setAttribute(\"data-secret\",t)),e.contentWindow.postMessage({message:\"ready\",secret:t},\"*\")},!1)))}(window,document);\n\/\/# sourceURL=https:\/\/evajor.com\/wp-includes\/js\/wp-embed.min.js\n\/* ]]> *\/\n<\/script>\n","thumbnail_url":"https:\/\/evajor.com\/wp-content\/uploads\/2020\/11\/Autonomos_CAT_1.png","thumbnail_width":849,"thumbnail_height":409,"description":"Emissi\u00f3 de la quota complement\u00e0ria del mes de setembre corresponent a l&#8217;increment dels tipus de cotitzaci\u00f3 aplicat per a treballadors aut\u00f2noms inclosos en el r\u00e8gim especial de treballadors per compte propi o aut\u00f2noms i en el r\u00e8gim especial de la seguretat social dels treballadors de la mar. L&#8217;augment dels tipus de cotitzaci\u00f3 aplicables als treballadors aut\u00f2noms previst per a l&#8217;exercici 2020 en la disposici\u00f3 ..."}